{"id":99,"date":"2023-06-13T20:47:04","date_gmt":"2023-06-13T19:47:04","guid":{"rendered":"https:\/\/turismo.regedouro.com\/?page_id=99"},"modified":"2025-08-20T10:39:32","modified_gmt":"2025-08-20T09:39:32","slug":"alojamento","status":"publish","type":"page","link":"https:\/\/turismo.regedouro.com\/es\/alojamiento\/","title":{"rendered":"Alojamiento"},"content":{"rendered":"<div class=\"row-imagem-inicial row-imagem-inicial__curta\"\r\n     style=\"background-image: var(--image-gradient), url('https:\/\/turismo.regedouro.com\/wp-content\/uploads\/2025\/02\/IMG_9913-1920x1280.jpg')\">\r\n    <div class=\"container\">\r\n        <h1>Alojamento<\/h1>\r\n        \r\n    <\/div>\r\n\r\n<\/div>\r\n\r\n\n\n\n<h1 class=\"wp-block-heading has-text-align-center\">Alojamientos Confortables en el Coraz\u00f3n de la Aldea<\/h1>\n\n\n<div class=\"container-lg  row-com-imagens posicao-imagens-direita row-com-imagens__slider_simples is-slider\">\n    <div class=\"row gx-lg-6\">\n        <div class=\"col-lg-12 align-center texto\">\n            <h2>El Refugio Perfecto<\/h2>\n            <div><p data-start=\"86\" data-end=\"236\">Encuentra el equilibrio ideal entre confort y tranquilidad en S\u00e3o Br\u00e1s do Regedouro, una aldea donde el turismo de aldea se vive de forma aut\u00e9ntica.<\/p>\n<p data-start=\"238\" data-end=\"504\">Ofrecemos encantadores lofts y casas de hasta 2 habitaciones, perfectos para parejas, familias o grupos de amigos. Cada alojamiento combina el encanto r\u00fastico con el confort moderno, brindando una experiencia genuina donde la tradici\u00f3n se fusiona con el bienestar.<\/p>\n<p data-start=\"506\" data-end=\"722\" data-is-last-node=\"\">Elige el espacio que mejor se adapte a ti y d\u00e9janos encargarnos de todos los detalles. Aqu\u00ed, cada estancia es una invitaci\u00f3n a desacelerar, conectar con la esencia del Alentejo y vivir el verdadero turismo aut\u00e9ntico.<\/p>\n<p>&nbsp;<\/p>\n<\/div>\n                    <\/div>\n        \t\t\t<div class=\"col-lg-12 align-center imagens imagens-slider imagens-slider-simples\">\n\t\t\t\t<div class=\"carousel--main\">\n                    <img loading=\"lazy\" decoding=\"async\" width=\"1024\" height=\"683\" src=\"https:\/\/turismo.regedouro.com\/wp-content\/uploads\/2024\/07\/IMG_7926-1024x683.jpg\" class=\"attachment-large size-large\" alt=\"\" srcset=\"https:\/\/turismo.regedouro.com\/wp-content\/uploads\/2024\/07\/IMG_7926-1024x683.jpg 1024w, https:\/\/turismo.regedouro.com\/wp-content\/uploads\/2024\/07\/IMG_7926-300x200.jpg 300w, https:\/\/turismo.regedouro.com\/wp-content\/uploads\/2024\/07\/IMG_7926-480x320.jpg 480w, https:\/\/turismo.regedouro.com\/wp-content\/uploads\/2024\/07\/IMG_7926-720x480.jpg 720w, https:\/\/turismo.regedouro.com\/wp-content\/uploads\/2024\/07\/IMG_7926-1440x960.jpg 1440w, https:\/\/turismo.regedouro.com\/wp-content\/uploads\/2024\/07\/IMG_7926-1920x1280.jpg 1920w, https:\/\/turismo.regedouro.com\/wp-content\/uploads\/2024\/07\/IMG_7926.jpg 2048w\" sizes=\"auto, (max-width: 1024px) 100vw, 1024px\" \/><img loading=\"lazy\" decoding=\"async\" width=\"1024\" height=\"683\" src=\"https:\/\/turismo.regedouro.com\/wp-content\/uploads\/2024\/04\/Copia-de-038-1024x683.jpg\" class=\"attachment-large size-large\" alt=\"\" srcset=\"https:\/\/turismo.regedouro.com\/wp-content\/uploads\/2024\/04\/Copia-de-038-1024x683.jpg 1024w, https:\/\/turismo.regedouro.com\/wp-content\/uploads\/2024\/04\/Copia-de-038-300x200.jpg 300w, https:\/\/turismo.regedouro.com\/wp-content\/uploads\/2024\/04\/Copia-de-038-480x320.jpg 480w, https:\/\/turismo.regedouro.com\/wp-content\/uploads\/2024\/04\/Copia-de-038-720x480.jpg 720w, https:\/\/turismo.regedouro.com\/wp-content\/uploads\/2024\/04\/Copia-de-038-1440x960.jpg 1440w, https:\/\/turismo.regedouro.com\/wp-content\/uploads\/2024\/04\/Copia-de-038-1920x1280.jpg 1920w, https:\/\/turismo.regedouro.com\/wp-content\/uploads\/2024\/04\/Copia-de-038.jpg 2048w\" sizes=\"auto, (max-width: 1024px) 100vw, 1024px\" \/><img loading=\"lazy\" decoding=\"async\" width=\"1024\" height=\"683\" src=\"https:\/\/turismo.regedouro.com\/wp-content\/uploads\/2024\/04\/065-1024x683.jpg\" class=\"attachment-large size-large\" alt=\"\" srcset=\"https:\/\/turismo.regedouro.com\/wp-content\/uploads\/2024\/04\/065-1024x683.jpg 1024w, https:\/\/turismo.regedouro.com\/wp-content\/uploads\/2024\/04\/065-300x200.jpg 300w, https:\/\/turismo.regedouro.com\/wp-content\/uploads\/2024\/04\/065-480x320.jpg 480w, https:\/\/turismo.regedouro.com\/wp-content\/uploads\/2024\/04\/065-720x480.jpg 720w, https:\/\/turismo.regedouro.com\/wp-content\/uploads\/2024\/04\/065-1440x960.jpg 1440w, https:\/\/turismo.regedouro.com\/wp-content\/uploads\/2024\/04\/065-1920x1280.jpg 1920w, https:\/\/turismo.regedouro.com\/wp-content\/uploads\/2024\/04\/065.jpg 2048w\" sizes=\"auto, (max-width: 1024px) 100vw, 1024px\" \/><img loading=\"lazy\" decoding=\"async\" width=\"1024\" height=\"683\" src=\"https:\/\/turismo.regedouro.com\/wp-content\/uploads\/2024\/04\/028-1024x683.jpg\" class=\"attachment-large size-large\" alt=\"\" srcset=\"https:\/\/turismo.regedouro.com\/wp-content\/uploads\/2024\/04\/028-1024x683.jpg 1024w, https:\/\/turismo.regedouro.com\/wp-content\/uploads\/2024\/04\/028-300x200.jpg 300w, https:\/\/turismo.regedouro.com\/wp-content\/uploads\/2024\/04\/028-480x320.jpg 480w, https:\/\/turismo.regedouro.com\/wp-content\/uploads\/2024\/04\/028-720x480.jpg 720w, https:\/\/turismo.regedouro.com\/wp-content\/uploads\/2024\/04\/028-1440x960.jpg 1440w, https:\/\/turismo.regedouro.com\/wp-content\/uploads\/2024\/04\/028-1920x1280.jpg 1920w, https:\/\/turismo.regedouro.com\/wp-content\/uploads\/2024\/04\/028.jpg 2048w\" sizes=\"auto, (max-width: 1024px) 100vw, 1024px\" \/><img loading=\"lazy\" decoding=\"async\" width=\"1024\" height=\"683\" src=\"https:\/\/turismo.regedouro.com\/wp-content\/uploads\/2023\/11\/piscina-do-alojamento-1024x683.jpg\" class=\"attachment-large size-large\" alt=\"Piscina ao amanhecer no alojamento\" srcset=\"https:\/\/turismo.regedouro.com\/wp-content\/uploads\/2023\/11\/piscina-do-alojamento-1024x683.jpg 1024w, https:\/\/turismo.regedouro.com\/wp-content\/uploads\/2023\/11\/piscina-do-alojamento-300x200.jpg 300w, https:\/\/turismo.regedouro.com\/wp-content\/uploads\/2023\/11\/piscina-do-alojamento-480x320.jpg 480w, https:\/\/turismo.regedouro.com\/wp-content\/uploads\/2023\/11\/piscina-do-alojamento-720x480.jpg 720w, https:\/\/turismo.regedouro.com\/wp-content\/uploads\/2023\/11\/piscina-do-alojamento-1440x960.jpg 1440w, https:\/\/turismo.regedouro.com\/wp-content\/uploads\/2023\/11\/piscina-do-alojamento-1920x1280.jpg 1920w, https:\/\/turismo.regedouro.com\/wp-content\/uploads\/2023\/11\/piscina-do-alojamento.jpg 2048w\" sizes=\"auto, (max-width: 1024px) 100vw, 1024px\" \/><img loading=\"lazy\" decoding=\"async\" width=\"683\" height=\"1024\" src=\"https:\/\/turismo.regedouro.com\/wp-content\/uploads\/2024\/11\/IMG_8149-683x1024.jpg\" class=\"attachment-large size-large\" alt=\"\" srcset=\"https:\/\/turismo.regedouro.com\/wp-content\/uploads\/2024\/11\/IMG_8149-683x1024.jpg 683w, https:\/\/turismo.regedouro.com\/wp-content\/uploads\/2024\/11\/IMG_8149-200x300.jpg 200w, https:\/\/turismo.regedouro.com\/wp-content\/uploads\/2024\/11\/IMG_8149-480x720.jpg 480w, https:\/\/turismo.regedouro.com\/wp-content\/uploads\/2024\/11\/IMG_8149-720x1080.jpg 720w, https:\/\/turismo.regedouro.com\/wp-content\/uploads\/2024\/11\/IMG_8149.jpg 1365w\" sizes=\"auto, (max-width: 683px) 100vw, 683px\" \/><img loading=\"lazy\" decoding=\"async\" width=\"1024\" height=\"683\" src=\"https:\/\/turismo.regedouro.com\/wp-content\/uploads\/2024\/04\/010-6-1024x683.jpg\" class=\"attachment-large size-large\" alt=\"\" srcset=\"https:\/\/turismo.regedouro.com\/wp-content\/uploads\/2024\/04\/010-6-1024x683.jpg 1024w, https:\/\/turismo.regedouro.com\/wp-content\/uploads\/2024\/04\/010-6-300x200.jpg 300w, https:\/\/turismo.regedouro.com\/wp-content\/uploads\/2024\/04\/010-6-480x320.jpg 480w, https:\/\/turismo.regedouro.com\/wp-content\/uploads\/2024\/04\/010-6-720x480.jpg 720w, https:\/\/turismo.regedouro.com\/wp-content\/uploads\/2024\/04\/010-6-1440x960.jpg 1440w, https:\/\/turismo.regedouro.com\/wp-content\/uploads\/2024\/04\/010-6-1920x1280.jpg 1920w, https:\/\/turismo.regedouro.com\/wp-content\/uploads\/2024\/04\/010-6.jpg 2048w\" sizes=\"auto, (max-width: 1024px) 100vw, 1024px\" \/><img loading=\"lazy\" decoding=\"async\" width=\"683\" height=\"1024\" src=\"https:\/\/turismo.regedouro.com\/wp-content\/uploads\/2024\/11\/IMG_7997-683x1024.jpg\" class=\"attachment-large size-large\" alt=\"\" srcset=\"https:\/\/turismo.regedouro.com\/wp-content\/uploads\/2024\/11\/IMG_7997-683x1024.jpg 683w, https:\/\/turismo.regedouro.com\/wp-content\/uploads\/2024\/11\/IMG_7997-200x300.jpg 200w, https:\/\/turismo.regedouro.com\/wp-content\/uploads\/2024\/11\/IMG_7997-480x720.jpg 480w, https:\/\/turismo.regedouro.com\/wp-content\/uploads\/2024\/11\/IMG_7997-720x1080.jpg 720w, https:\/\/turismo.regedouro.com\/wp-content\/uploads\/2024\/11\/IMG_7997.jpg 1365w\" sizes=\"auto, (max-width: 683px) 100vw, 683px\" \/><img loading=\"lazy\" decoding=\"async\" width=\"1024\" height=\"683\" src=\"https:\/\/turismo.regedouro.com\/wp-content\/uploads\/2024\/11\/IMG_8042-1024x683.jpg\" class=\"attachment-large size-large\" alt=\"\" srcset=\"https:\/\/turismo.regedouro.com\/wp-content\/uploads\/2024\/11\/IMG_8042-1024x683.jpg 1024w, https:\/\/turismo.regedouro.com\/wp-content\/uploads\/2024\/11\/IMG_8042-300x200.jpg 300w, https:\/\/turismo.regedouro.com\/wp-content\/uploads\/2024\/11\/IMG_8042-480x320.jpg 480w, https:\/\/turismo.regedouro.com\/wp-content\/uploads\/2024\/11\/IMG_8042-720x480.jpg 720w, https:\/\/turismo.regedouro.com\/wp-content\/uploads\/2024\/11\/IMG_8042-1440x960.jpg 1440w, https:\/\/turismo.regedouro.com\/wp-content\/uploads\/2024\/11\/IMG_8042-1920x1280.jpg 1920w, https:\/\/turismo.regedouro.com\/wp-content\/uploads\/2024\/11\/IMG_8042.jpg 2048w\" sizes=\"auto, (max-width: 1024px) 100vw, 1024px\" \/><img loading=\"lazy\" decoding=\"async\" width=\"1024\" height=\"714\" src=\"https:\/\/turismo.regedouro.com\/wp-content\/uploads\/2023\/11\/espaco-esplanada-alojamento-1024x714.jpg\" class=\"attachment-large size-large\" alt=\"Espa\u00e7o da Esplanada com \u00e1rvore milenar\" srcset=\"https:\/\/turismo.regedouro.com\/wp-content\/uploads\/2023\/11\/espaco-esplanada-alojamento-1024x714.jpg 1024w, https:\/\/turismo.regedouro.com\/wp-content\/uploads\/2023\/11\/espaco-esplanada-alojamento-300x209.jpg 300w, https:\/\/turismo.regedouro.com\/wp-content\/uploads\/2023\/11\/espaco-esplanada-alojamento-480x335.jpg 480w, https:\/\/turismo.regedouro.com\/wp-content\/uploads\/2023\/11\/espaco-esplanada-alojamento-720x502.jpg 720w, https:\/\/turismo.regedouro.com\/wp-content\/uploads\/2023\/11\/espaco-esplanada-alojamento-1440x1004.jpg 1440w, https:\/\/turismo.regedouro.com\/wp-content\/uploads\/2023\/11\/espaco-esplanada-alojamento-1920x1338.jpg 1920w\" sizes=\"auto, (max-width: 1024px) 100vw, 1024px\" \/><img loading=\"lazy\" decoding=\"async\" width=\"791\" height=\"1024\" src=\"https:\/\/turismo.regedouro.com\/wp-content\/uploads\/2024\/11\/IMG_8117-791x1024.jpg\" class=\"attachment-large size-large\" alt=\"\" srcset=\"https:\/\/turismo.regedouro.com\/wp-content\/uploads\/2024\/11\/IMG_8117-791x1024.jpg 791w, https:\/\/turismo.regedouro.com\/wp-content\/uploads\/2024\/11\/IMG_8117-232x300.jpg 232w, https:\/\/turismo.regedouro.com\/wp-content\/uploads\/2024\/11\/IMG_8117-480x622.jpg 480w, https:\/\/turismo.regedouro.com\/wp-content\/uploads\/2024\/11\/IMG_8117-720x933.jpg 720w, https:\/\/turismo.regedouro.com\/wp-content\/uploads\/2024\/11\/IMG_8117-1440x1865.jpg 1440w, https:\/\/turismo.regedouro.com\/wp-content\/uploads\/2024\/11\/IMG_8117.jpg 1581w\" sizes=\"auto, (max-width: 791px) 100vw, 791px\" \/><img loading=\"lazy\" decoding=\"async\" width=\"1024\" height=\"462\" src=\"https:\/\/turismo.regedouro.com\/wp-content\/uploads\/2023\/11\/area-de-convivio-alojamento-e1700652820616-1024x462.jpg\" class=\"attachment-large size-large\" alt=\"Viagem Sustent\u00e1vel - Alojamento Rural\" srcset=\"https:\/\/turismo.regedouro.com\/wp-content\/uploads\/2023\/11\/area-de-convivio-alojamento-e1700652820616-1024x462.jpg 1024w, https:\/\/turismo.regedouro.com\/wp-content\/uploads\/2023\/11\/area-de-convivio-alojamento-e1700652820616-300x135.jpg 300w, https:\/\/turismo.regedouro.com\/wp-content\/uploads\/2023\/11\/area-de-convivio-alojamento-e1700652820616-480x217.jpg 480w, https:\/\/turismo.regedouro.com\/wp-content\/uploads\/2023\/11\/area-de-convivio-alojamento-e1700652820616-720x325.jpg 720w, https:\/\/turismo.regedouro.com\/wp-content\/uploads\/2023\/11\/area-de-convivio-alojamento-e1700652820616-1440x650.jpg 1440w, https:\/\/turismo.regedouro.com\/wp-content\/uploads\/2023\/11\/area-de-convivio-alojamento-e1700652820616-1920x867.jpg 1920w, https:\/\/turismo.regedouro.com\/wp-content\/uploads\/2023\/11\/area-de-convivio-alojamento-e1700652820616-768x347.jpg 768w, https:\/\/turismo.regedouro.com\/wp-content\/uploads\/2023\/11\/area-de-convivio-alojamento-e1700652820616-1536x693.jpg 1536w, https:\/\/turismo.regedouro.com\/wp-content\/uploads\/2023\/11\/area-de-convivio-alojamento-e1700652820616-2048x925.jpg 2048w\" sizes=\"auto, (max-width: 1024px) 100vw, 1024px\" \/><img loading=\"lazy\" decoding=\"async\" width=\"1024\" height=\"683\" src=\"https:\/\/turismo.regedouro.com\/wp-content\/uploads\/2023\/06\/DSC09389-1024x683.jpg\" class=\"attachment-large size-large\" alt=\"alojamento - esplanada lateral\" srcset=\"https:\/\/turismo.regedouro.com\/wp-content\/uploads\/2023\/06\/DSC09389-1024x683.jpg 1024w, https:\/\/turismo.regedouro.com\/wp-content\/uploads\/2023\/06\/DSC09389-300x200.jpg 300w, https:\/\/turismo.regedouro.com\/wp-content\/uploads\/2023\/06\/DSC09389-768x512.jpg 768w, https:\/\/turismo.regedouro.com\/wp-content\/uploads\/2023\/06\/DSC09389-1536x1024.jpg 1536w, https:\/\/turismo.regedouro.com\/wp-content\/uploads\/2023\/06\/DSC09389-2048x1365.jpg 2048w\" sizes=\"auto, (max-width: 1024px) 100vw, 1024px\" \/><img loading=\"lazy\" decoding=\"async\" width=\"1024\" height=\"683\" src=\"https:\/\/turismo.regedouro.com\/wp-content\/uploads\/2023\/11\/espaco-esplanada-reg-1024x683.jpg\" class=\"attachment-large size-large\" alt=\"Espa\u00e7o da Esplanada decorado para casamento\" srcset=\"https:\/\/turismo.regedouro.com\/wp-content\/uploads\/2023\/11\/espaco-esplanada-reg-1024x683.jpg 1024w, https:\/\/turismo.regedouro.com\/wp-content\/uploads\/2023\/11\/espaco-esplanada-reg-300x200.jpg 300w, https:\/\/turismo.regedouro.com\/wp-content\/uploads\/2023\/11\/espaco-esplanada-reg-480x320.jpg 480w, https:\/\/turismo.regedouro.com\/wp-content\/uploads\/2023\/11\/espaco-esplanada-reg-720x480.jpg 720w, https:\/\/turismo.regedouro.com\/wp-content\/uploads\/2023\/11\/espaco-esplanada-reg-1440x960.jpg 1440w, https:\/\/turismo.regedouro.com\/wp-content\/uploads\/2023\/11\/espaco-esplanada-reg-1920x1280.jpg 1920w\" sizes=\"auto, (max-width: 1024px) 100vw, 1024px\" \/>\t\t\t\t<\/div>\n\t\t\t<\/div>\n\t\t    <\/div>\n<\/div>\n\n\n<div class=\"container stacked-images posicao-imagens-esquerda\">\r\n    <div class=\"row gx-lg-6\">\r\n        <div class=\"col-md-12 align-center texto\">\r\n            <h2>Piscina &#038; Ocio: Relajaci\u00f3n y Diversi\u00f3n<\/h2>\r\n            <div><p data-start=\"46\" data-end=\"293\">Dise\u00f1ado para brindar momentos de puro descanso, nuestro espacio de ocio te invita a relajarte bajo el sol radiante del Alentejo. La piscina est\u00e1 rodeada de un paisaje verde y sereno, donde la tranquilidad de la aldea se siente en cada chapuz\u00f3n.<\/p>\n<p data-start=\"295\" data-end=\"599\">Pensado para familias, este espacio incluye juegos para ni\u00f1os, garantizando diversi\u00f3n segura mientras los adultos disfrutan del agua o simplemente descansan. La piscina tambi\u00e9n es un punto de encuentro para los hu\u00e9spedes, convirti\u00e9ndose en el escenario perfecto para momentos de convivencia y conexi\u00f3n.<br \/>\nAqu\u00ed, cada detalle invita a vivir el verdadero turismo de aldea, creando recuerdos inolvidables en armon\u00eda con la naturaleza.<\/p>\n<\/div>\r\n                    <\/div>\r\n        <div class=\"col-md-12 imagens imagens-\">\r\n            <img loading=\"lazy\" decoding=\"async\" width=\"720\" height=\"524\" src=\"https:\/\/turismo.regedouro.com\/wp-content\/uploads\/2024\/07\/IMG_8606-720x524.jpg\" class=\"attachment-md size-md\" alt=\"\" srcset=\"https:\/\/turismo.regedouro.com\/wp-content\/uploads\/2024\/07\/IMG_8606-720x524.jpg 720w, https:\/\/turismo.regedouro.com\/wp-content\/uploads\/2024\/07\/IMG_8606-300x218.jpg 300w, https:\/\/turismo.regedouro.com\/wp-content\/uploads\/2024\/07\/IMG_8606-1024x746.jpg 1024w, https:\/\/turismo.regedouro.com\/wp-content\/uploads\/2024\/07\/IMG_8606-480x349.jpg 480w, https:\/\/turismo.regedouro.com\/wp-content\/uploads\/2024\/07\/IMG_8606-1440x1048.jpg 1440w, https:\/\/turismo.regedouro.com\/wp-content\/uploads\/2024\/07\/IMG_8606-1920x1398.jpg 1920w, https:\/\/turismo.regedouro.com\/wp-content\/uploads\/2024\/07\/IMG_8606.jpg 2048w\" sizes=\"auto, (max-width: 720px) 100vw, 720px\" \/><img loading=\"lazy\" decoding=\"async\" width=\"720\" height=\"1080\" src=\"https:\/\/turismo.regedouro.com\/wp-content\/uploads\/2024\/04\/IMG_5766-720x1080.jpg\" class=\"attachment-md size-md\" alt=\"\" srcset=\"https:\/\/turismo.regedouro.com\/wp-content\/uploads\/2024\/04\/IMG_5766-720x1080.jpg 720w, https:\/\/turismo.regedouro.com\/wp-content\/uploads\/2024\/04\/IMG_5766-200x300.jpg 200w, https:\/\/turismo.regedouro.com\/wp-content\/uploads\/2024\/04\/IMG_5766-683x1024.jpg 683w, https:\/\/turismo.regedouro.com\/wp-content\/uploads\/2024\/04\/IMG_5766-480x720.jpg 480w, https:\/\/turismo.regedouro.com\/wp-content\/uploads\/2024\/04\/IMG_5766-1440x2160.jpg 1440w, https:\/\/turismo.regedouro.com\/wp-content\/uploads\/2024\/04\/IMG_5766-1920x2880.jpg 1920w\" sizes=\"auto, (max-width: 720px) 100vw, 720px\" \/><img loading=\"lazy\" decoding=\"async\" width=\"720\" height=\"480\" src=\"https:\/\/turismo.regedouro.com\/wp-content\/uploads\/2025\/02\/IMG_8054-720x480.jpg\" class=\"attachment-md size-md\" alt=\"\" srcset=\"https:\/\/turismo.regedouro.com\/wp-content\/uploads\/2025\/02\/IMG_8054-720x480.jpg 720w, https:\/\/turismo.regedouro.com\/wp-content\/uploads\/2025\/02\/IMG_8054-300x200.jpg 300w, https:\/\/turismo.regedouro.com\/wp-content\/uploads\/2025\/02\/IMG_8054-1024x683.jpg 1024w, https:\/\/turismo.regedouro.com\/wp-content\/uploads\/2025\/02\/IMG_8054-480x320.jpg 480w, https:\/\/turismo.regedouro.com\/wp-content\/uploads\/2025\/02\/IMG_8054-1440x960.jpg 1440w, https:\/\/turismo.regedouro.com\/wp-content\/uploads\/2025\/02\/IMG_8054-1920x1280.jpg 1920w, https:\/\/turismo.regedouro.com\/wp-content\/uploads\/2025\/02\/IMG_8054.jpg 2048w\" sizes=\"auto, (max-width: 720px) 100vw, 720px\" \/>        <\/div>\r\n    <\/div>\r\n<\/div>\n\n\n<p><\/p>\n\n\n\n<h1 class=\"wp-block-heading has-text-align-center\">Nuestros Alojamientos<\/h1>\n\n\n<div class=\"container-lg  row-com-imagens posicao-imagens-direita row-com-imagens__slider_simples is-slider\">\n    <div class=\"row gx-lg-6\">\n        <div class=\"col-lg-12 align-center texto\">\n            <h2>Lofts<\/h2>\n            <div><p><span class=\"selectable-text copyable-text false\">Nuestros Lofts son peque\u00f1as casas acogedoras, compostas para una sala de estar en cuarto, casa de ba\u00f1o y cocina, perfectas para casas o peque\u00f1as familias que desean un retiro tranquilo en medio de la naturaleza. Estos alojamientos pet-friendly ofrecen un refugio ideal para quem procura relajarse en la serenidad de la aldea, sin abrir la mano del confort.<\/span><\/p>\n<p>&nbsp;<\/p>\n<p style=\"text-align: center;\"><img loading=\"lazy\" decoding=\"async\" class=\"alignnone wp-image-262\" src=\"https:\/\/turismo.regedouro.com\/wp-content\/uploads\/2023\/06\/cafeteira-com-xicara-de-cafe-300x300.png\" alt=\"\" width=\"50\" height=\"50\" srcset=\"https:\/\/turismo.regedouro.com\/wp-content\/uploads\/2023\/06\/cafeteira-com-xicara-de-cafe-300x300.png 300w, https:\/\/turismo.regedouro.com\/wp-content\/uploads\/2023\/06\/cafeteira-com-xicara-de-cafe-150x150.png 150w, https:\/\/turismo.regedouro.com\/wp-content\/uploads\/2023\/06\/cafeteira-com-xicara-de-cafe.png 512w\" sizes=\"auto, (max-width: 50px) 100vw, 50px\" \/> <img loading=\"lazy\" decoding=\"async\" class=\"alignnone wp-image-265\" src=\"https:\/\/turismo.regedouro.com\/wp-content\/uploads\/2023\/06\/piscina-300x300.png\" alt=\"\" width=\"50\" height=\"50\" srcset=\"https:\/\/turismo.regedouro.com\/wp-content\/uploads\/2023\/06\/piscina-300x300.png 300w, https:\/\/turismo.regedouro.com\/wp-content\/uploads\/2023\/06\/piscina-150x150.png 150w, https:\/\/turismo.regedouro.com\/wp-content\/uploads\/2023\/06\/piscina.png 512w\" sizes=\"auto, (max-width: 50px) 100vw, 50px\" \/> <img loading=\"lazy\" decoding=\"async\" class=\"alignnone wp-image-266\" src=\"https:\/\/turismo.regedouro.com\/wp-content\/uploads\/2023\/06\/tv-300x300.png\" alt=\"\" width=\"50\" height=\"50\" srcset=\"https:\/\/turismo.regedouro.com\/wp-content\/uploads\/2023\/06\/tv-300x300.png 300w, https:\/\/turismo.regedouro.com\/wp-content\/uploads\/2023\/06\/tv-150x150.png 150w, https:\/\/turismo.regedouro.com\/wp-content\/uploads\/2023\/06\/tv.png 600w\" sizes=\"auto, (max-width: 50px) 100vw, 50px\" \/> <img loading=\"lazy\" decoding=\"async\" class=\"alignnone wp-image-261\" src=\"https:\/\/turismo.regedouro.com\/wp-content\/uploads\/2023\/06\/cafe-da-manha-300x300.png\" alt=\"\" width=\"50\" height=\"50\" srcset=\"https:\/\/turismo.regedouro.com\/wp-content\/uploads\/2023\/06\/cafe-da-manha-300x300.png 300w, https:\/\/turismo.regedouro.com\/wp-content\/uploads\/2023\/06\/cafe-da-manha-150x150.png 150w, https:\/\/turismo.regedouro.com\/wp-content\/uploads\/2023\/06\/cafe-da-manha.png 512w\" sizes=\"auto, (max-width: 50px) 100vw, 50px\" \/> <img loading=\"lazy\" decoding=\"async\" class=\"alignnone wp-image-263\" src=\"https:\/\/turismo.regedouro.com\/wp-content\/uploads\/2023\/06\/cama-300x300.png\" alt=\"\" width=\"50\" height=\"50\" srcset=\"https:\/\/turismo.regedouro.com\/wp-content\/uploads\/2023\/06\/cama-300x300.png 300w, https:\/\/turismo.regedouro.com\/wp-content\/uploads\/2023\/06\/cama-150x150.png 150w, https:\/\/turismo.regedouro.com\/wp-content\/uploads\/2023\/06\/cama.png 512w\" sizes=\"auto, (max-width: 50px) 100vw, 50px\" \/> <img loading=\"lazy\" decoding=\"async\" class=\"alignnone wp-image-264\" src=\"https:\/\/turismo.regedouro.com\/wp-content\/uploads\/2023\/06\/estacionamento-300x300.png\" alt=\"\" width=\"50\" height=\"50\" srcset=\"https:\/\/turismo.regedouro.com\/wp-content\/uploads\/2023\/06\/estacionamento-300x300.png 300w, https:\/\/turismo.regedouro.com\/wp-content\/uploads\/2023\/06\/estacionamento-150x150.png 150w, https:\/\/turismo.regedouro.com\/wp-content\/uploads\/2023\/06\/estacionamento.png 512w\" sizes=\"auto, (max-width: 50px) 100vw, 50px\" \/> <img loading=\"lazy\" decoding=\"async\" class=\"alignnone wp-image-258\" src=\"https:\/\/turismo.regedouro.com\/wp-content\/uploads\/2023\/06\/ar-condicionado-300x300.png\" alt=\"\" width=\"50\" height=\"50\" srcset=\"https:\/\/turismo.regedouro.com\/wp-content\/uploads\/2023\/06\/ar-condicionado-300x300.png 300w, https:\/\/turismo.regedouro.com\/wp-content\/uploads\/2023\/06\/ar-condicionado-150x150.png 150w, https:\/\/turismo.regedouro.com\/wp-content\/uploads\/2023\/06\/ar-condicionado.png 512w\" sizes=\"auto, (max-width: 50px) 100vw, 50px\" \/><\/p>\n<p style=\"text-align: center;\"><img loading=\"lazy\" decoding=\"async\" class=\"alignnone wp-image-259\" src=\"https:\/\/turismo.regedouro.com\/wp-content\/uploads\/2023\/06\/armario-de-cozinha-300x300.png\" alt=\"\" width=\"50\" height=\"50\" srcset=\"https:\/\/turismo.regedouro.com\/wp-content\/uploads\/2023\/06\/armario-de-cozinha-300x300.png 300w, https:\/\/turismo.regedouro.com\/wp-content\/uploads\/2023\/06\/armario-de-cozinha-150x150.png 150w, https:\/\/turismo.regedouro.com\/wp-content\/uploads\/2023\/06\/armario-de-cozinha.png 512w\" sizes=\"auto, (max-width: 50px) 100vw, 50px\" \/> <img loading=\"lazy\" decoding=\"async\" class=\"alignnone wp-image-260\" src=\"https:\/\/turismo.regedouro.com\/wp-content\/uploads\/2023\/06\/banho-300x300.png\" alt=\"\" width=\"50\" height=\"50\" srcset=\"https:\/\/turismo.regedouro.com\/wp-content\/uploads\/2023\/06\/banho-300x300.png 300w, https:\/\/turismo.regedouro.com\/wp-content\/uploads\/2023\/06\/banho-150x150.png 150w, https:\/\/turismo.regedouro.com\/wp-content\/uploads\/2023\/06\/banho.png 512w\" sizes=\"auto, (max-width: 50px) 100vw, 50px\" \/> <img loading=\"lazy\" decoding=\"async\" class=\"alignnone wp-image-256\" src=\"https:\/\/turismo.regedouro.com\/wp-content\/uploads\/2023\/06\/acessibilidade-para-cadeira-de-rodas-300x300.png\" alt=\"\" width=\"50\" height=\"50\" srcset=\"https:\/\/turismo.regedouro.com\/wp-content\/uploads\/2023\/06\/acessibilidade-para-cadeira-de-rodas-300x300.png 300w, https:\/\/turismo.regedouro.com\/wp-content\/uploads\/2023\/06\/acessibilidade-para-cadeira-de-rodas-150x150.png 150w, https:\/\/turismo.regedouro.com\/wp-content\/uploads\/2023\/06\/acessibilidade-para-cadeira-de-rodas.png 512w\" sizes=\"auto, (max-width: 50px) 100vw, 50px\" \/> <img loading=\"lazy\" decoding=\"async\" class=\"alignnone wp-image-257\" src=\"https:\/\/turismo.regedouro.com\/wp-content\/uploads\/2023\/06\/aquecedor-300x300.png\" alt=\"\" width=\"50\" height=\"50\" srcset=\"https:\/\/turismo.regedouro.com\/wp-content\/uploads\/2023\/06\/aquecedor-300x300.png 300w, https:\/\/turismo.regedouro.com\/wp-content\/uploads\/2023\/06\/aquecedor-150x150.png 150w, https:\/\/turismo.regedouro.com\/wp-content\/uploads\/2023\/06\/aquecedor.png 512w\" sizes=\"auto, (max-width: 50px) 100vw, 50px\" \/> <img loading=\"lazy\" decoding=\"async\" class=\"alignnone wp-image-254\" src=\"https:\/\/turismo.regedouro.com\/wp-content\/uploads\/2023\/06\/3347810-300x300.png\" alt=\"\" width=\"50\" height=\"50\" srcset=\"https:\/\/turismo.regedouro.com\/wp-content\/uploads\/2023\/06\/3347810-300x300.png 300w, https:\/\/turismo.regedouro.com\/wp-content\/uploads\/2023\/06\/3347810-150x150.png 150w, https:\/\/turismo.regedouro.com\/wp-content\/uploads\/2023\/06\/3347810.png 512w\" sizes=\"auto, (max-width: 50px) 100vw, 50px\" \/> <img loading=\"lazy\" decoding=\"async\" class=\"alignnone wp-image-253\" src=\"https:\/\/turismo.regedouro.com\/wp-content\/uploads\/2023\/06\/172633_wifi_icon-300x300.png\" alt=\"\" width=\"50\" height=\"50\" srcset=\"https:\/\/turismo.regedouro.com\/wp-content\/uploads\/2023\/06\/172633_wifi_icon-300x300.png 300w, https:\/\/turismo.regedouro.com\/wp-content\/uploads\/2023\/06\/172633_wifi_icon-150x150.png 150w, https:\/\/turismo.regedouro.com\/wp-content\/uploads\/2023\/06\/172633_wifi_icon.png 512w\" sizes=\"auto, (max-width: 50px) 100vw, 50px\" \/> <img loading=\"lazy\" decoding=\"async\" class=\"alignnone wp-image-255\" src=\"https:\/\/turismo.regedouro.com\/wp-content\/uploads\/2023\/06\/3365261-300x300.png\" alt=\"\" width=\"50\" height=\"50\" srcset=\"https:\/\/turismo.regedouro.com\/wp-content\/uploads\/2023\/06\/3365261-300x300.png 300w, https:\/\/turismo.regedouro.com\/wp-content\/uploads\/2023\/06\/3365261-150x150.png 150w, https:\/\/turismo.regedouro.com\/wp-content\/uploads\/2023\/06\/3365261.png 512w\" sizes=\"auto, (max-width: 50px) 100vw, 50px\" \/><\/p>\n<p>&nbsp;<\/p>\n<\/div>\n                    <\/div>\n        \t\t\t<div class=\"col-lg-12 align-center imagens imagens-slider imagens-slider-simples\">\n\t\t\t\t<div class=\"carousel--main\">\n                    <img loading=\"lazy\" decoding=\"async\" width=\"1024\" height=\"683\" src=\"https:\/\/turismo.regedouro.com\/wp-content\/uploads\/2023\/06\/CASA-DO-PLINIO-1024x683.jpg\" class=\"attachment-large size-large\" alt=\"Alojamento - CASA DO PLINIO\" srcset=\"https:\/\/turismo.regedouro.com\/wp-content\/uploads\/2023\/06\/CASA-DO-PLINIO-1024x683.jpg 1024w, https:\/\/turismo.regedouro.com\/wp-content\/uploads\/2023\/06\/CASA-DO-PLINIO-300x200.jpg 300w, https:\/\/turismo.regedouro.com\/wp-content\/uploads\/2023\/06\/CASA-DO-PLINIO-768x512.jpg 768w, https:\/\/turismo.regedouro.com\/wp-content\/uploads\/2023\/06\/CASA-DO-PLINIO-1536x1024.jpg 1536w, https:\/\/turismo.regedouro.com\/wp-content\/uploads\/2023\/06\/CASA-DO-PLINIO-2048x1365.jpg 2048w\" sizes=\"auto, (max-width: 1024px) 100vw, 1024px\" \/><img loading=\"lazy\" decoding=\"async\" width=\"1024\" height=\"683\" src=\"https:\/\/turismo.regedouro.com\/wp-content\/uploads\/2023\/06\/t0-013-1024x683.jpg\" class=\"attachment-large size-large\" alt=\"Alojamento - t0-cozinha completa\" srcset=\"https:\/\/turismo.regedouro.com\/wp-content\/uploads\/2023\/06\/t0-013-1024x683.jpg 1024w, https:\/\/turismo.regedouro.com\/wp-content\/uploads\/2023\/06\/t0-013-300x200.jpg 300w, https:\/\/turismo.regedouro.com\/wp-content\/uploads\/2023\/06\/t0-013-768x512.jpg 768w, https:\/\/turismo.regedouro.com\/wp-content\/uploads\/2023\/06\/t0-013-1536x1024.jpg 1536w, https:\/\/turismo.regedouro.com\/wp-content\/uploads\/2023\/06\/t0-013-2048x1365.jpg 2048w\" sizes=\"auto, (max-width: 1024px) 100vw, 1024px\" \/><img loading=\"lazy\" decoding=\"async\" width=\"1024\" height=\"683\" src=\"https:\/\/turismo.regedouro.com\/wp-content\/uploads\/2023\/06\/t0-012-1024x683.jpg\" class=\"attachment-large size-large\" alt=\"Alojamento - t0-vis\u00e3o-geral\" srcset=\"https:\/\/turismo.regedouro.com\/wp-content\/uploads\/2023\/06\/t0-012-1024x683.jpg 1024w, https:\/\/turismo.regedouro.com\/wp-content\/uploads\/2023\/06\/t0-012-300x200.jpg 300w, https:\/\/turismo.regedouro.com\/wp-content\/uploads\/2023\/06\/t0-012-768x512.jpg 768w, https:\/\/turismo.regedouro.com\/wp-content\/uploads\/2023\/06\/t0-012-1536x1024.jpg 1536w, https:\/\/turismo.regedouro.com\/wp-content\/uploads\/2023\/06\/t0-012-2048x1365.jpg 2048w\" sizes=\"auto, (max-width: 1024px) 100vw, 1024px\" \/><img loading=\"lazy\" decoding=\"async\" width=\"1024\" height=\"683\" src=\"https:\/\/turismo.regedouro.com\/wp-content\/uploads\/2023\/06\/T0-010-1024x683.jpg\" class=\"attachment-large size-large\" alt=\"Alojamento - T0- entrada com cadeiras\" srcset=\"https:\/\/turismo.regedouro.com\/wp-content\/uploads\/2023\/06\/T0-010-1024x683.jpg 1024w, https:\/\/turismo.regedouro.com\/wp-content\/uploads\/2023\/06\/T0-010-300x200.jpg 300w, https:\/\/turismo.regedouro.com\/wp-content\/uploads\/2023\/06\/T0-010-768x512.jpg 768w, https:\/\/turismo.regedouro.com\/wp-content\/uploads\/2023\/06\/T0-010-1536x1024.jpg 1536w, https:\/\/turismo.regedouro.com\/wp-content\/uploads\/2023\/06\/T0-010-2048x1365.jpg 2048w\" sizes=\"auto, (max-width: 1024px) 100vw, 1024px\" \/><img loading=\"lazy\" decoding=\"async\" width=\"984\" height=\"1024\" src=\"https:\/\/turismo.regedouro.com\/wp-content\/uploads\/2023\/06\/T0-009-984x1024.jpg\" class=\"attachment-large size-large\" alt=\"Alojamento - T0-bancada da cozinha\" srcset=\"https:\/\/turismo.regedouro.com\/wp-content\/uploads\/2023\/06\/T0-009-984x1024.jpg 984w, https:\/\/turismo.regedouro.com\/wp-content\/uploads\/2023\/06\/T0-009-288x300.jpg 288w, https:\/\/turismo.regedouro.com\/wp-content\/uploads\/2023\/06\/T0-009-768x799.jpg 768w, https:\/\/turismo.regedouro.com\/wp-content\/uploads\/2023\/06\/T0-009-1476x1536.jpg 1476w, https:\/\/turismo.regedouro.com\/wp-content\/uploads\/2023\/06\/T0-009-1968x2048.jpg 1968w\" sizes=\"auto, (max-width: 984px) 100vw, 984px\" \/><img loading=\"lazy\" decoding=\"async\" width=\"1024\" height=\"683\" src=\"https:\/\/turismo.regedouro.com\/wp-content\/uploads\/2023\/06\/T0-008-1024x683.jpg\" class=\"attachment-large size-large\" alt=\"Alojamento - T0- cooktop cozinha\" srcset=\"https:\/\/turismo.regedouro.com\/wp-content\/uploads\/2023\/06\/T0-008-1024x683.jpg 1024w, https:\/\/turismo.regedouro.com\/wp-content\/uploads\/2023\/06\/T0-008-300x200.jpg 300w, https:\/\/turismo.regedouro.com\/wp-content\/uploads\/2023\/06\/T0-008-768x512.jpg 768w, https:\/\/turismo.regedouro.com\/wp-content\/uploads\/2023\/06\/T0-008-1536x1024.jpg 1536w, https:\/\/turismo.regedouro.com\/wp-content\/uploads\/2023\/06\/T0-008-2048x1365.jpg 2048w\" sizes=\"auto, (max-width: 1024px) 100vw, 1024px\" \/><img loading=\"lazy\" decoding=\"async\" width=\"1024\" height=\"683\" src=\"https:\/\/turismo.regedouro.com\/wp-content\/uploads\/2023\/06\/T0-007-1024x683.jpg\" class=\"attachment-large size-large\" alt=\"Alojamento -T0-bancada com toalha\" srcset=\"https:\/\/turismo.regedouro.com\/wp-content\/uploads\/2023\/06\/T0-007-1024x683.jpg 1024w, https:\/\/turismo.regedouro.com\/wp-content\/uploads\/2023\/06\/T0-007-300x200.jpg 300w, https:\/\/turismo.regedouro.com\/wp-content\/uploads\/2023\/06\/T0-007-768x512.jpg 768w, https:\/\/turismo.regedouro.com\/wp-content\/uploads\/2023\/06\/T0-007-1536x1024.jpg 1536w, https:\/\/turismo.regedouro.com\/wp-content\/uploads\/2023\/06\/T0-007-2048x1366.jpg 2048w\" sizes=\"auto, (max-width: 1024px) 100vw, 1024px\" \/><img loading=\"lazy\" decoding=\"async\" width=\"1024\" height=\"683\" src=\"https:\/\/turismo.regedouro.com\/wp-content\/uploads\/2023\/06\/T0-006-1024x683.jpg\" class=\"attachment-large size-large\" alt=\"Alojamento - T0-Quarto com cabideiro\" srcset=\"https:\/\/turismo.regedouro.com\/wp-content\/uploads\/2023\/06\/T0-006-1024x683.jpg 1024w, https:\/\/turismo.regedouro.com\/wp-content\/uploads\/2023\/06\/T0-006-300x200.jpg 300w, https:\/\/turismo.regedouro.com\/wp-content\/uploads\/2023\/06\/T0-006-768x512.jpg 768w, https:\/\/turismo.regedouro.com\/wp-content\/uploads\/2023\/06\/T0-006-1536x1024.jpg 1536w, https:\/\/turismo.regedouro.com\/wp-content\/uploads\/2023\/06\/T0-006-2048x1365.jpg 2048w\" sizes=\"auto, (max-width: 1024px) 100vw, 1024px\" \/><img loading=\"lazy\" decoding=\"async\" width=\"1024\" height=\"776\" src=\"https:\/\/turismo.regedouro.com\/wp-content\/uploads\/2023\/06\/T0-005-1024x776.jpg\" class=\"attachment-large size-large\" alt=\"Alojamento - T0-espelho do banheiro\" srcset=\"https:\/\/turismo.regedouro.com\/wp-content\/uploads\/2023\/06\/T0-005-1024x776.jpg 1024w, https:\/\/turismo.regedouro.com\/wp-content\/uploads\/2023\/06\/T0-005-300x227.jpg 300w, https:\/\/turismo.regedouro.com\/wp-content\/uploads\/2023\/06\/T0-005-768x582.jpg 768w, https:\/\/turismo.regedouro.com\/wp-content\/uploads\/2023\/06\/T0-005-1536x1165.jpg 1536w, https:\/\/turismo.regedouro.com\/wp-content\/uploads\/2023\/06\/T0-005-2048x1553.jpg 2048w\" sizes=\"auto, (max-width: 1024px) 100vw, 1024px\" \/><img loading=\"lazy\" decoding=\"async\" width=\"1024\" height=\"683\" src=\"https:\/\/turismo.regedouro.com\/wp-content\/uploads\/2023\/06\/T0-004-1024x683.jpg\" class=\"attachment-large size-large\" alt=\"Alojamento - T0- duche do banheiro\" srcset=\"https:\/\/turismo.regedouro.com\/wp-content\/uploads\/2023\/06\/T0-004-1024x683.jpg 1024w, https:\/\/turismo.regedouro.com\/wp-content\/uploads\/2023\/06\/T0-004-300x200.jpg 300w, https:\/\/turismo.regedouro.com\/wp-content\/uploads\/2023\/06\/T0-004-768x512.jpg 768w, https:\/\/turismo.regedouro.com\/wp-content\/uploads\/2023\/06\/T0-004-1536x1024.jpg 1536w, https:\/\/turismo.regedouro.com\/wp-content\/uploads\/2023\/06\/T0-004-2048x1365.jpg 2048w\" sizes=\"auto, (max-width: 1024px) 100vw, 1024px\" \/><img loading=\"lazy\" decoding=\"async\" width=\"1024\" height=\"683\" src=\"https:\/\/turismo.regedouro.com\/wp-content\/uploads\/2023\/06\/T0-003-1024x683.jpg\" class=\"attachment-large size-large\" alt=\"Alojamento - T0-vista do espa\u00e7o da cozinha\" srcset=\"https:\/\/turismo.regedouro.com\/wp-content\/uploads\/2023\/06\/T0-003-1024x683.jpg 1024w, https:\/\/turismo.regedouro.com\/wp-content\/uploads\/2023\/06\/T0-003-300x200.jpg 300w, https:\/\/turismo.regedouro.com\/wp-content\/uploads\/2023\/06\/T0-003-768x512.jpg 768w, https:\/\/turismo.regedouro.com\/wp-content\/uploads\/2023\/06\/T0-003-1536x1024.jpg 1536w, https:\/\/turismo.regedouro.com\/wp-content\/uploads\/2023\/06\/T0-003-2048x1365.jpg 2048w\" sizes=\"auto, (max-width: 1024px) 100vw, 1024px\" \/><img loading=\"lazy\" decoding=\"async\" width=\"1024\" height=\"683\" src=\"https:\/\/turismo.regedouro.com\/wp-content\/uploads\/2023\/06\/T0-002-1024x683.jpg\" class=\"attachment-large size-large\" alt=\"Alojamento - T0-002\" srcset=\"https:\/\/turismo.regedouro.com\/wp-content\/uploads\/2023\/06\/T0-002-1024x683.jpg 1024w, https:\/\/turismo.regedouro.com\/wp-content\/uploads\/2023\/06\/T0-002-300x200.jpg 300w, https:\/\/turismo.regedouro.com\/wp-content\/uploads\/2023\/06\/T0-002-768x512.jpg 768w, https:\/\/turismo.regedouro.com\/wp-content\/uploads\/2023\/06\/T0-002-1536x1024.jpg 1536w, https:\/\/turismo.regedouro.com\/wp-content\/uploads\/2023\/06\/T0-002-2048x1365.jpg 2048w\" sizes=\"auto, (max-width: 1024px) 100vw, 1024px\" \/><img loading=\"lazy\" decoding=\"async\" width=\"1024\" height=\"683\" src=\"https:\/\/turismo.regedouro.com\/wp-content\/uploads\/2023\/06\/t0-001-1024x683.jpg\" class=\"attachment-large size-large\" alt=\"Alojamento - t0-vista do quarto\" srcset=\"https:\/\/turismo.regedouro.com\/wp-content\/uploads\/2023\/06\/t0-001-1024x683.jpg 1024w, https:\/\/turismo.regedouro.com\/wp-content\/uploads\/2023\/06\/t0-001-300x200.jpg 300w, https:\/\/turismo.regedouro.com\/wp-content\/uploads\/2023\/06\/t0-001-768x512.jpg 768w, https:\/\/turismo.regedouro.com\/wp-content\/uploads\/2023\/06\/t0-001-1536x1024.jpg 1536w, https:\/\/turismo.regedouro.com\/wp-content\/uploads\/2023\/06\/t0-001-2048x1365.jpg 2048w\" sizes=\"auto, (max-width: 1024px) 100vw, 1024px\" \/>\t\t\t\t<\/div>\n\t\t\t<\/div>\n\t\t    <\/div>\n<\/div>\n\n\n<div class=\"container-lg  row-com-imagens posicao-imagens-esquerda row-com-imagens__slider_simples is-slider\">\n    <div class=\"row gx-lg-6\">\n        <div class=\"col-lg-12 align-center texto\">\n            <h2>Casas con 1 cuarto<\/h2>\n            <div><p><span class=\"selectable-text copyable-text false\">Os nossos T1 ofrecen el conforto de una casa con 1 cuarto, sala, cocina y casa de ba\u00f1o, ideais para 2 o 3 personas. Estas casas son perfectas para que obtengan una estancia confortable, combinada con la aut\u00e9ntica sensaci\u00f3n de vivir en una aldea alentejana, donde se encuentra una tranquilidad y una tradici\u00f3n.<\/span><\/p>\n<p>&nbsp;<\/p>\n<p style=\"text-align: center;\"><img loading=\"lazy\" decoding=\"async\" class=\"alignnone wp-image-262\" src=\"https:\/\/turismo.regedouro.com\/wp-content\/uploads\/2023\/06\/cafeteira-com-xicara-de-cafe-300x300.png\" alt=\"\" width=\"50\" height=\"50\" srcset=\"https:\/\/turismo.regedouro.com\/wp-content\/uploads\/2023\/06\/cafeteira-com-xicara-de-cafe-300x300.png 300w, https:\/\/turismo.regedouro.com\/wp-content\/uploads\/2023\/06\/cafeteira-com-xicara-de-cafe-150x150.png 150w, https:\/\/turismo.regedouro.com\/wp-content\/uploads\/2023\/06\/cafeteira-com-xicara-de-cafe.png 512w\" sizes=\"auto, (max-width: 50px) 100vw, 50px\" \/> <img loading=\"lazy\" decoding=\"async\" class=\"alignnone wp-image-265\" src=\"https:\/\/turismo.regedouro.com\/wp-content\/uploads\/2023\/06\/piscina-300x300.png\" alt=\"\" width=\"50\" height=\"50\" srcset=\"https:\/\/turismo.regedouro.com\/wp-content\/uploads\/2023\/06\/piscina-300x300.png 300w, https:\/\/turismo.regedouro.com\/wp-content\/uploads\/2023\/06\/piscina-150x150.png 150w, https:\/\/turismo.regedouro.com\/wp-content\/uploads\/2023\/06\/piscina.png 512w\" sizes=\"auto, (max-width: 50px) 100vw, 50px\" \/> <img loading=\"lazy\" decoding=\"async\" class=\"alignnone wp-image-266\" src=\"https:\/\/turismo.regedouro.com\/wp-content\/uploads\/2023\/06\/tv-300x300.png\" alt=\"\" width=\"50\" height=\"50\" srcset=\"https:\/\/turismo.regedouro.com\/wp-content\/uploads\/2023\/06\/tv-300x300.png 300w, https:\/\/turismo.regedouro.com\/wp-content\/uploads\/2023\/06\/tv-150x150.png 150w, https:\/\/turismo.regedouro.com\/wp-content\/uploads\/2023\/06\/tv.png 600w\" sizes=\"auto, (max-width: 50px) 100vw, 50px\" \/> <img loading=\"lazy\" decoding=\"async\" class=\"alignnone wp-image-261\" src=\"https:\/\/turismo.regedouro.com\/wp-content\/uploads\/2023\/06\/cafe-da-manha-300x300.png\" alt=\"\" width=\"50\" height=\"50\" srcset=\"https:\/\/turismo.regedouro.com\/wp-content\/uploads\/2023\/06\/cafe-da-manha-300x300.png 300w, https:\/\/turismo.regedouro.com\/wp-content\/uploads\/2023\/06\/cafe-da-manha-150x150.png 150w, https:\/\/turismo.regedouro.com\/wp-content\/uploads\/2023\/06\/cafe-da-manha.png 512w\" sizes=\"auto, (max-width: 50px) 100vw, 50px\" \/> <img loading=\"lazy\" decoding=\"async\" class=\"alignnone wp-image-263\" src=\"https:\/\/turismo.regedouro.com\/wp-content\/uploads\/2023\/06\/cama-300x300.png\" alt=\"\" width=\"50\" height=\"50\" srcset=\"https:\/\/turismo.regedouro.com\/wp-content\/uploads\/2023\/06\/cama-300x300.png 300w, https:\/\/turismo.regedouro.com\/wp-content\/uploads\/2023\/06\/cama-150x150.png 150w, https:\/\/turismo.regedouro.com\/wp-content\/uploads\/2023\/06\/cama.png 512w\" sizes=\"auto, (max-width: 50px) 100vw, 50px\" \/> <img loading=\"lazy\" decoding=\"async\" class=\"alignnone wp-image-264\" src=\"https:\/\/turismo.regedouro.com\/wp-content\/uploads\/2023\/06\/estacionamento-300x300.png\" alt=\"\" width=\"50\" height=\"50\" srcset=\"https:\/\/turismo.regedouro.com\/wp-content\/uploads\/2023\/06\/estacionamento-300x300.png 300w, https:\/\/turismo.regedouro.com\/wp-content\/uploads\/2023\/06\/estacionamento-150x150.png 150w, https:\/\/turismo.regedouro.com\/wp-content\/uploads\/2023\/06\/estacionamento.png 512w\" sizes=\"auto, (max-width: 50px) 100vw, 50px\" \/> <img loading=\"lazy\" decoding=\"async\" class=\"alignnone wp-image-258\" src=\"https:\/\/turismo.regedouro.com\/wp-content\/uploads\/2023\/06\/ar-condicionado-300x300.png\" alt=\"\" width=\"50\" height=\"50\" srcset=\"https:\/\/turismo.regedouro.com\/wp-content\/uploads\/2023\/06\/ar-condicionado-300x300.png 300w, https:\/\/turismo.regedouro.com\/wp-content\/uploads\/2023\/06\/ar-condicionado-150x150.png 150w, https:\/\/turismo.regedouro.com\/wp-content\/uploads\/2023\/06\/ar-condicionado.png 512w\" sizes=\"auto, (max-width: 50px) 100vw, 50px\" \/><\/p>\n<p style=\"text-align: center;\"><img loading=\"lazy\" decoding=\"async\" class=\"alignnone wp-image-259\" src=\"https:\/\/turismo.regedouro.com\/wp-content\/uploads\/2023\/06\/armario-de-cozinha-300x300.png\" alt=\"\" width=\"50\" height=\"50\" srcset=\"https:\/\/turismo.regedouro.com\/wp-content\/uploads\/2023\/06\/armario-de-cozinha-300x300.png 300w, https:\/\/turismo.regedouro.com\/wp-content\/uploads\/2023\/06\/armario-de-cozinha-150x150.png 150w, https:\/\/turismo.regedouro.com\/wp-content\/uploads\/2023\/06\/armario-de-cozinha.png 512w\" sizes=\"auto, (max-width: 50px) 100vw, 50px\" \/> <img loading=\"lazy\" decoding=\"async\" class=\"alignnone wp-image-260\" src=\"https:\/\/turismo.regedouro.com\/wp-content\/uploads\/2023\/06\/banho-300x300.png\" alt=\"\" width=\"50\" height=\"50\" srcset=\"https:\/\/turismo.regedouro.com\/wp-content\/uploads\/2023\/06\/banho-300x300.png 300w, https:\/\/turismo.regedouro.com\/wp-content\/uploads\/2023\/06\/banho-150x150.png 150w, https:\/\/turismo.regedouro.com\/wp-content\/uploads\/2023\/06\/banho.png 512w\" sizes=\"auto, (max-width: 50px) 100vw, 50px\" \/> <img loading=\"lazy\" decoding=\"async\" class=\"alignnone wp-image-256\" src=\"https:\/\/turismo.regedouro.com\/wp-content\/uploads\/2023\/06\/acessibilidade-para-cadeira-de-rodas-300x300.png\" alt=\"\" width=\"50\" height=\"50\" srcset=\"https:\/\/turismo.regedouro.com\/wp-content\/uploads\/2023\/06\/acessibilidade-para-cadeira-de-rodas-300x300.png 300w, https:\/\/turismo.regedouro.com\/wp-content\/uploads\/2023\/06\/acessibilidade-para-cadeira-de-rodas-150x150.png 150w, https:\/\/turismo.regedouro.com\/wp-content\/uploads\/2023\/06\/acessibilidade-para-cadeira-de-rodas.png 512w\" sizes=\"auto, (max-width: 50px) 100vw, 50px\" \/> <img loading=\"lazy\" decoding=\"async\" class=\"alignnone wp-image-257\" src=\"https:\/\/turismo.regedouro.com\/wp-content\/uploads\/2023\/06\/aquecedor-300x300.png\" alt=\"\" width=\"50\" height=\"50\" srcset=\"https:\/\/turismo.regedouro.com\/wp-content\/uploads\/2023\/06\/aquecedor-300x300.png 300w, https:\/\/turismo.regedouro.com\/wp-content\/uploads\/2023\/06\/aquecedor-150x150.png 150w, https:\/\/turismo.regedouro.com\/wp-content\/uploads\/2023\/06\/aquecedor.png 512w\" sizes=\"auto, (max-width: 50px) 100vw, 50px\" \/> <img loading=\"lazy\" decoding=\"async\" class=\"alignnone wp-image-254\" src=\"https:\/\/turismo.regedouro.com\/wp-content\/uploads\/2023\/06\/3347810-300x300.png\" alt=\"\" width=\"50\" height=\"50\" srcset=\"https:\/\/turismo.regedouro.com\/wp-content\/uploads\/2023\/06\/3347810-300x300.png 300w, https:\/\/turismo.regedouro.com\/wp-content\/uploads\/2023\/06\/3347810-150x150.png 150w, https:\/\/turismo.regedouro.com\/wp-content\/uploads\/2023\/06\/3347810.png 512w\" sizes=\"auto, (max-width: 50px) 100vw, 50px\" \/> <img loading=\"lazy\" decoding=\"async\" class=\"alignnone wp-image-253\" src=\"https:\/\/turismo.regedouro.com\/wp-content\/uploads\/2023\/06\/172633_wifi_icon-300x300.png\" alt=\"\" width=\"50\" height=\"50\" srcset=\"https:\/\/turismo.regedouro.com\/wp-content\/uploads\/2023\/06\/172633_wifi_icon-300x300.png 300w, https:\/\/turismo.regedouro.com\/wp-content\/uploads\/2023\/06\/172633_wifi_icon-150x150.png 150w, https:\/\/turismo.regedouro.com\/wp-content\/uploads\/2023\/06\/172633_wifi_icon.png 512w\" sizes=\"auto, (max-width: 50px) 100vw, 50px\" \/> <img loading=\"lazy\" decoding=\"async\" class=\"alignnone wp-image-255\" src=\"https:\/\/turismo.regedouro.com\/wp-content\/uploads\/2023\/06\/3365261-300x300.png\" alt=\"\" width=\"50\" height=\"50\" srcset=\"https:\/\/turismo.regedouro.com\/wp-content\/uploads\/2023\/06\/3365261-300x300.png 300w, https:\/\/turismo.regedouro.com\/wp-content\/uploads\/2023\/06\/3365261-150x150.png 150w, https:\/\/turismo.regedouro.com\/wp-content\/uploads\/2023\/06\/3365261.png 512w\" sizes=\"auto, (max-width: 50px) 100vw, 50px\" \/><\/p>\n<p>&nbsp;<\/p>\n<\/div>\n                    <\/div>\n        \t\t\t<div class=\"col-lg-12 align-center imagens imagens-slider imagens-slider-simples\">\n\t\t\t\t<div class=\"carousel--main\">\n                    <img loading=\"lazy\" decoding=\"async\" width=\"1024\" height=\"660\" src=\"https:\/\/turismo.regedouro.com\/wp-content\/uploads\/2023\/06\/casa-da-custodia-1024x660.jpg\" class=\"attachment-large size-large\" alt=\"Turismo - casa da cust\u00f3dia - alojamento\" srcset=\"https:\/\/turismo.regedouro.com\/wp-content\/uploads\/2023\/06\/casa-da-custodia-1024x660.jpg 1024w, https:\/\/turismo.regedouro.com\/wp-content\/uploads\/2023\/06\/casa-da-custodia-300x193.jpg 300w, https:\/\/turismo.regedouro.com\/wp-content\/uploads\/2023\/06\/casa-da-custodia-768x495.jpg 768w, https:\/\/turismo.regedouro.com\/wp-content\/uploads\/2023\/06\/casa-da-custodia-1536x991.jpg 1536w, https:\/\/turismo.regedouro.com\/wp-content\/uploads\/2023\/06\/casa-da-custodia-2048x1321.jpg 2048w\" sizes=\"auto, (max-width: 1024px) 100vw, 1024px\" \/><img loading=\"lazy\" decoding=\"async\" width=\"1024\" height=\"683\" src=\"https:\/\/turismo.regedouro.com\/wp-content\/uploads\/2023\/06\/t1-001-1024x683.jpg\" class=\"attachment-large size-large\" alt=\"Alojamento - t1-pia da cozinha\" srcset=\"https:\/\/turismo.regedouro.com\/wp-content\/uploads\/2023\/06\/t1-001-1024x683.jpg 1024w, https:\/\/turismo.regedouro.com\/wp-content\/uploads\/2023\/06\/t1-001-300x200.jpg 300w, https:\/\/turismo.regedouro.com\/wp-content\/uploads\/2023\/06\/t1-001-768x512.jpg 768w, https:\/\/turismo.regedouro.com\/wp-content\/uploads\/2023\/06\/t1-001-1536x1024.jpg 1536w, https:\/\/turismo.regedouro.com\/wp-content\/uploads\/2023\/06\/t1-001-2048x1365.jpg 2048w\" sizes=\"auto, (max-width: 1024px) 100vw, 1024px\" \/><img loading=\"lazy\" decoding=\"async\" width=\"1024\" height=\"683\" src=\"https:\/\/turismo.regedouro.com\/wp-content\/uploads\/2023\/06\/t1-002-1024x683.jpg\" class=\"attachment-large size-large\" alt=\"Alojamento - t1-vista da sala\" srcset=\"https:\/\/turismo.regedouro.com\/wp-content\/uploads\/2023\/06\/t1-002-1024x683.jpg 1024w, https:\/\/turismo.regedouro.com\/wp-content\/uploads\/2023\/06\/t1-002-300x200.jpg 300w, https:\/\/turismo.regedouro.com\/wp-content\/uploads\/2023\/06\/t1-002-768x512.jpg 768w, https:\/\/turismo.regedouro.com\/wp-content\/uploads\/2023\/06\/t1-002-1536x1024.jpg 1536w, https:\/\/turismo.regedouro.com\/wp-content\/uploads\/2023\/06\/t1-002-2048x1365.jpg 2048w\" sizes=\"auto, (max-width: 1024px) 100vw, 1024px\" \/><img loading=\"lazy\" decoding=\"async\" width=\"1024\" height=\"683\" src=\"https:\/\/turismo.regedouro.com\/wp-content\/uploads\/2023\/06\/t1-003-1024x683.jpg\" class=\"attachment-large size-large\" alt=\"Alojamento - t1-quarto com espelho e poltrona\" srcset=\"https:\/\/turismo.regedouro.com\/wp-content\/uploads\/2023\/06\/t1-003-1024x683.jpg 1024w, https:\/\/turismo.regedouro.com\/wp-content\/uploads\/2023\/06\/t1-003-300x200.jpg 300w, https:\/\/turismo.regedouro.com\/wp-content\/uploads\/2023\/06\/t1-003-768x512.jpg 768w, https:\/\/turismo.regedouro.com\/wp-content\/uploads\/2023\/06\/t1-003-1536x1024.jpg 1536w, https:\/\/turismo.regedouro.com\/wp-content\/uploads\/2023\/06\/t1-003-2048x1365.jpg 2048w\" sizes=\"auto, (max-width: 1024px) 100vw, 1024px\" \/><img loading=\"lazy\" decoding=\"async\" width=\"1024\" height=\"683\" src=\"https:\/\/turismo.regedouro.com\/wp-content\/uploads\/2023\/06\/t1-004-1024x683.jpg\" class=\"attachment-large size-large\" alt=\"Alojamento - t1-poltrona verde e lumin\u00e1ria\" srcset=\"https:\/\/turismo.regedouro.com\/wp-content\/uploads\/2023\/06\/t1-004-1024x683.jpg 1024w, https:\/\/turismo.regedouro.com\/wp-content\/uploads\/2023\/06\/t1-004-300x200.jpg 300w, https:\/\/turismo.regedouro.com\/wp-content\/uploads\/2023\/06\/t1-004-768x512.jpg 768w, https:\/\/turismo.regedouro.com\/wp-content\/uploads\/2023\/06\/t1-004-1536x1024.jpg 1536w, https:\/\/turismo.regedouro.com\/wp-content\/uploads\/2023\/06\/t1-004-2048x1365.jpg 2048w\" sizes=\"auto, (max-width: 1024px) 100vw, 1024px\" \/><img loading=\"lazy\" decoding=\"async\" width=\"1024\" height=\"683\" src=\"https:\/\/turismo.regedouro.com\/wp-content\/uploads\/2023\/06\/t1-005-1024x683.jpg\" class=\"attachment-large size-large\" alt=\"Alojamento - t1-Sof\u00e1 e mesa\" srcset=\"https:\/\/turismo.regedouro.com\/wp-content\/uploads\/2023\/06\/t1-005-1024x683.jpg 1024w, https:\/\/turismo.regedouro.com\/wp-content\/uploads\/2023\/06\/t1-005-300x200.jpg 300w, https:\/\/turismo.regedouro.com\/wp-content\/uploads\/2023\/06\/t1-005-768x512.jpg 768w, https:\/\/turismo.regedouro.com\/wp-content\/uploads\/2023\/06\/t1-005-1536x1024.jpg 1536w, https:\/\/turismo.regedouro.com\/wp-content\/uploads\/2023\/06\/t1-005-2048x1365.jpg 2048w\" sizes=\"auto, (max-width: 1024px) 100vw, 1024px\" \/><img loading=\"lazy\" decoding=\"async\" width=\"1024\" height=\"683\" src=\"https:\/\/turismo.regedouro.com\/wp-content\/uploads\/2023\/06\/t1-006-1024x683.jpg\" class=\"attachment-large size-large\" alt=\"Alojamento - t1-tv e cozinha\" srcset=\"https:\/\/turismo.regedouro.com\/wp-content\/uploads\/2023\/06\/t1-006-1024x683.jpg 1024w, https:\/\/turismo.regedouro.com\/wp-content\/uploads\/2023\/06\/t1-006-300x200.jpg 300w, https:\/\/turismo.regedouro.com\/wp-content\/uploads\/2023\/06\/t1-006-768x512.jpg 768w, https:\/\/turismo.regedouro.com\/wp-content\/uploads\/2023\/06\/t1-006-1536x1024.jpg 1536w, https:\/\/turismo.regedouro.com\/wp-content\/uploads\/2023\/06\/t1-006-2048x1365.jpg 2048w\" sizes=\"auto, (max-width: 1024px) 100vw, 1024px\" \/><img loading=\"lazy\" decoding=\"async\" width=\"1024\" height=\"683\" src=\"https:\/\/turismo.regedouro.com\/wp-content\/uploads\/2023\/06\/t1-007-1024x683.jpg\" class=\"attachment-large size-large\" alt=\"Alojamento - t1-quarto com lumin\u00e1ria boho\" srcset=\"https:\/\/turismo.regedouro.com\/wp-content\/uploads\/2023\/06\/t1-007-1024x683.jpg 1024w, https:\/\/turismo.regedouro.com\/wp-content\/uploads\/2023\/06\/t1-007-300x200.jpg 300w, https:\/\/turismo.regedouro.com\/wp-content\/uploads\/2023\/06\/t1-007-768x512.jpg 768w, https:\/\/turismo.regedouro.com\/wp-content\/uploads\/2023\/06\/t1-007-1536x1024.jpg 1536w, https:\/\/turismo.regedouro.com\/wp-content\/uploads\/2023\/06\/t1-007-2048x1365.jpg 2048w\" sizes=\"auto, (max-width: 1024px) 100vw, 1024px\" \/><img loading=\"lazy\" decoding=\"async\" width=\"1024\" height=\"683\" src=\"https:\/\/turismo.regedouro.com\/wp-content\/uploads\/2023\/06\/t1-008-1024x683.jpg\" class=\"attachment-large size-large\" alt=\"Alojamento - t1-quarto\" srcset=\"https:\/\/turismo.regedouro.com\/wp-content\/uploads\/2023\/06\/t1-008-1024x683.jpg 1024w, https:\/\/turismo.regedouro.com\/wp-content\/uploads\/2023\/06\/t1-008-300x200.jpg 300w, https:\/\/turismo.regedouro.com\/wp-content\/uploads\/2023\/06\/t1-008-768x512.jpg 768w, https:\/\/turismo.regedouro.com\/wp-content\/uploads\/2023\/06\/t1-008-1536x1024.jpg 1536w, https:\/\/turismo.regedouro.com\/wp-content\/uploads\/2023\/06\/t1-008-2048x1365.jpg 2048w\" sizes=\"auto, (max-width: 1024px) 100vw, 1024px\" \/><img loading=\"lazy\" decoding=\"async\" width=\"1024\" height=\"683\" src=\"https:\/\/turismo.regedouro.com\/wp-content\/uploads\/2023\/06\/t1-010-1024x683.jpg\" class=\"attachment-large size-large\" alt=\"Alojamento - t1-area externa\" srcset=\"https:\/\/turismo.regedouro.com\/wp-content\/uploads\/2023\/06\/t1-010-1024x683.jpg 1024w, https:\/\/turismo.regedouro.com\/wp-content\/uploads\/2023\/06\/t1-010-300x200.jpg 300w, https:\/\/turismo.regedouro.com\/wp-content\/uploads\/2023\/06\/t1-010-768x512.jpg 768w, https:\/\/turismo.regedouro.com\/wp-content\/uploads\/2023\/06\/t1-010-1536x1024.jpg 1536w, https:\/\/turismo.regedouro.com\/wp-content\/uploads\/2023\/06\/t1-010-2048x1365.jpg 2048w\" sizes=\"auto, (max-width: 1024px) 100vw, 1024px\" \/><img loading=\"lazy\" decoding=\"async\" width=\"1024\" height=\"683\" src=\"https:\/\/turismo.regedouro.com\/wp-content\/uploads\/2023\/06\/t1-011-1024x683.jpg\" class=\"attachment-large size-large\" alt=\"Alojamento - t1-Cozinha equipada\" srcset=\"https:\/\/turismo.regedouro.com\/wp-content\/uploads\/2023\/06\/t1-011-1024x683.jpg 1024w, https:\/\/turismo.regedouro.com\/wp-content\/uploads\/2023\/06\/t1-011-300x200.jpg 300w, https:\/\/turismo.regedouro.com\/wp-content\/uploads\/2023\/06\/t1-011-768x512.jpg 768w, https:\/\/turismo.regedouro.com\/wp-content\/uploads\/2023\/06\/t1-011-1536x1024.jpg 1536w, https:\/\/turismo.regedouro.com\/wp-content\/uploads\/2023\/06\/t1-011-2048x1365.jpg 2048w\" sizes=\"auto, (max-width: 1024px) 100vw, 1024px\" \/><img loading=\"lazy\" decoding=\"async\" width=\"1024\" height=\"683\" src=\"https:\/\/turismo.regedouro.com\/wp-content\/uploads\/2023\/06\/t1-012-1024x683.jpg\" class=\"attachment-large size-large\" alt=\"Alojamento - t1-cozinha lateral\" srcset=\"https:\/\/turismo.regedouro.com\/wp-content\/uploads\/2023\/06\/t1-012-1024x683.jpg 1024w, https:\/\/turismo.regedouro.com\/wp-content\/uploads\/2023\/06\/t1-012-300x200.jpg 300w, https:\/\/turismo.regedouro.com\/wp-content\/uploads\/2023\/06\/t1-012-768x512.jpg 768w, https:\/\/turismo.regedouro.com\/wp-content\/uploads\/2023\/06\/t1-012-1536x1024.jpg 1536w, https:\/\/turismo.regedouro.com\/wp-content\/uploads\/2023\/06\/t1-012-2048x1365.jpg 2048w\" sizes=\"auto, (max-width: 1024px) 100vw, 1024px\" \/><img loading=\"lazy\" decoding=\"async\" width=\"1024\" height=\"683\" src=\"https:\/\/turismo.regedouro.com\/wp-content\/uploads\/2023\/06\/t1-013-1024x683.jpg\" class=\"attachment-large size-large\" alt=\"Alojamento - t1-vis\u00e3o sala completa\" srcset=\"https:\/\/turismo.regedouro.com\/wp-content\/uploads\/2023\/06\/t1-013-1024x683.jpg 1024w, https:\/\/turismo.regedouro.com\/wp-content\/uploads\/2023\/06\/t1-013-300x200.jpg 300w, https:\/\/turismo.regedouro.com\/wp-content\/uploads\/2023\/06\/t1-013-768x512.jpg 768w, https:\/\/turismo.regedouro.com\/wp-content\/uploads\/2023\/06\/t1-013-1536x1024.jpg 1536w, https:\/\/turismo.regedouro.com\/wp-content\/uploads\/2023\/06\/t1-013-2048x1365.jpg 2048w\" sizes=\"auto, (max-width: 1024px) 100vw, 1024px\" \/><img loading=\"lazy\" decoding=\"async\" width=\"1024\" height=\"683\" src=\"https:\/\/turismo.regedouro.com\/wp-content\/uploads\/2023\/06\/t1-014-1024x683.jpg\" class=\"attachment-large size-large\" alt=\"Alojamento - t1-014\" srcset=\"https:\/\/turismo.regedouro.com\/wp-content\/uploads\/2023\/06\/t1-014-1024x683.jpg 1024w, https:\/\/turismo.regedouro.com\/wp-content\/uploads\/2023\/06\/t1-014-300x200.jpg 300w, https:\/\/turismo.regedouro.com\/wp-content\/uploads\/2023\/06\/t1-014-768x512.jpg 768w, https:\/\/turismo.regedouro.com\/wp-content\/uploads\/2023\/06\/t1-014-1536x1024.jpg 1536w, https:\/\/turismo.regedouro.com\/wp-content\/uploads\/2023\/06\/t1-014-2048x1365.jpg 2048w\" sizes=\"auto, (max-width: 1024px) 100vw, 1024px\" \/><img loading=\"lazy\" decoding=\"async\" width=\"1024\" height=\"683\" src=\"https:\/\/turismo.regedouro.com\/wp-content\/uploads\/2023\/06\/t1-015-1024x683.jpg\" class=\"attachment-large size-large\" alt=\"Alojamento - t1-quarto detalhe em macrame\" srcset=\"https:\/\/turismo.regedouro.com\/wp-content\/uploads\/2023\/06\/t1-015-1024x683.jpg 1024w, https:\/\/turismo.regedouro.com\/wp-content\/uploads\/2023\/06\/t1-015-300x200.jpg 300w, https:\/\/turismo.regedouro.com\/wp-content\/uploads\/2023\/06\/t1-015-768x512.jpg 768w, https:\/\/turismo.regedouro.com\/wp-content\/uploads\/2023\/06\/t1-015-1536x1024.jpg 1536w, https:\/\/turismo.regedouro.com\/wp-content\/uploads\/2023\/06\/t1-015-2048x1365.jpg 2048w\" sizes=\"auto, (max-width: 1024px) 100vw, 1024px\" \/><img loading=\"lazy\" decoding=\"async\" width=\"1024\" height=\"683\" src=\"https:\/\/turismo.regedouro.com\/wp-content\/uploads\/2023\/06\/t1-017-1024x683.jpg\" class=\"attachment-large size-large\" alt=\"Alojamento - t1-017\" srcset=\"https:\/\/turismo.regedouro.com\/wp-content\/uploads\/2023\/06\/t1-017-1024x683.jpg 1024w, https:\/\/turismo.regedouro.com\/wp-content\/uploads\/2023\/06\/t1-017-300x200.jpg 300w, https:\/\/turismo.regedouro.com\/wp-content\/uploads\/2023\/06\/t1-017-768x512.jpg 768w, https:\/\/turismo.regedouro.com\/wp-content\/uploads\/2023\/06\/t1-017-1536x1024.jpg 1536w, https:\/\/turismo.regedouro.com\/wp-content\/uploads\/2023\/06\/t1-017-2048x1365.jpg 2048w\" sizes=\"auto, (max-width: 1024px) 100vw, 1024px\" \/><img loading=\"lazy\" decoding=\"async\" width=\"1024\" height=\"683\" src=\"https:\/\/turismo.regedouro.com\/wp-content\/uploads\/2023\/06\/t1-021-1024x683.jpg\" class=\"attachment-large size-large\" alt=\"Alojamento - t1-bancada da cozinha\" srcset=\"https:\/\/turismo.regedouro.com\/wp-content\/uploads\/2023\/06\/t1-021-1024x683.jpg 1024w, https:\/\/turismo.regedouro.com\/wp-content\/uploads\/2023\/06\/t1-021-300x200.jpg 300w, https:\/\/turismo.regedouro.com\/wp-content\/uploads\/2023\/06\/t1-021-768x512.jpg 768w, https:\/\/turismo.regedouro.com\/wp-content\/uploads\/2023\/06\/t1-021-1536x1024.jpg 1536w, https:\/\/turismo.regedouro.com\/wp-content\/uploads\/2023\/06\/t1-021-2048x1365.jpg 2048w\" sizes=\"auto, (max-width: 1024px) 100vw, 1024px\" \/><img loading=\"lazy\" decoding=\"async\" width=\"1024\" height=\"683\" src=\"https:\/\/turismo.regedouro.com\/wp-content\/uploads\/2023\/06\/t1-022-1024x683.jpg\" class=\"attachment-large size-large\" alt=\"Alojamento - t1-area comum com cadeiras\" srcset=\"https:\/\/turismo.regedouro.com\/wp-content\/uploads\/2023\/06\/t1-022-1024x683.jpg 1024w, https:\/\/turismo.regedouro.com\/wp-content\/uploads\/2023\/06\/t1-022-300x200.jpg 300w, https:\/\/turismo.regedouro.com\/wp-content\/uploads\/2023\/06\/t1-022-768x512.jpg 768w, https:\/\/turismo.regedouro.com\/wp-content\/uploads\/2023\/06\/t1-022-1536x1024.jpg 1536w, https:\/\/turismo.regedouro.com\/wp-content\/uploads\/2023\/06\/t1-022-2048x1365.jpg 2048w\" sizes=\"auto, (max-width: 1024px) 100vw, 1024px\" \/><img loading=\"lazy\" decoding=\"async\" width=\"1024\" height=\"683\" src=\"https:\/\/turismo.regedouro.com\/wp-content\/uploads\/2023\/06\/t1-023-1024x683.jpg\" class=\"attachment-large size-large\" alt=\"Alojamento - t1-banheiro\" srcset=\"https:\/\/turismo.regedouro.com\/wp-content\/uploads\/2023\/06\/t1-023-1024x683.jpg 1024w, https:\/\/turismo.regedouro.com\/wp-content\/uploads\/2023\/06\/t1-023-300x200.jpg 300w, https:\/\/turismo.regedouro.com\/wp-content\/uploads\/2023\/06\/t1-023-768x512.jpg 768w, https:\/\/turismo.regedouro.com\/wp-content\/uploads\/2023\/06\/t1-023-1536x1024.jpg 1536w, https:\/\/turismo.regedouro.com\/wp-content\/uploads\/2023\/06\/t1-023-2048x1365.jpg 2048w\" sizes=\"auto, (max-width: 1024px) 100vw, 1024px\" \/><img loading=\"lazy\" decoding=\"async\" width=\"1024\" height=\"683\" src=\"https:\/\/turismo.regedouro.com\/wp-content\/uploads\/2023\/06\/t1-024-1024x683.jpg\" class=\"attachment-large size-large\" alt=\"Alojamento - t1-pia com torneira e planta\" srcset=\"https:\/\/turismo.regedouro.com\/wp-content\/uploads\/2023\/06\/t1-024-1024x683.jpg 1024w, https:\/\/turismo.regedouro.com\/wp-content\/uploads\/2023\/06\/t1-024-300x200.jpg 300w, https:\/\/turismo.regedouro.com\/wp-content\/uploads\/2023\/06\/t1-024-768x512.jpg 768w, https:\/\/turismo.regedouro.com\/wp-content\/uploads\/2023\/06\/t1-024-1536x1024.jpg 1536w, https:\/\/turismo.regedouro.com\/wp-content\/uploads\/2023\/06\/t1-024-2048x1365.jpg 2048w\" sizes=\"auto, (max-width: 1024px) 100vw, 1024px\" \/><img loading=\"lazy\" decoding=\"async\" width=\"1024\" height=\"683\" src=\"https:\/\/turismo.regedouro.com\/wp-content\/uploads\/2023\/06\/t1-025-1024x683.jpg\" class=\"attachment-large size-large\" alt=\"Alojamento - t1- quarto com macrame e cabideiro\" srcset=\"https:\/\/turismo.regedouro.com\/wp-content\/uploads\/2023\/06\/t1-025-1024x683.jpg 1024w, https:\/\/turismo.regedouro.com\/wp-content\/uploads\/2023\/06\/t1-025-300x200.jpg 300w, https:\/\/turismo.regedouro.com\/wp-content\/uploads\/2023\/06\/t1-025-768x512.jpg 768w, https:\/\/turismo.regedouro.com\/wp-content\/uploads\/2023\/06\/t1-025-1536x1024.jpg 1536w, https:\/\/turismo.regedouro.com\/wp-content\/uploads\/2023\/06\/t1-025-2048x1365.jpg 2048w\" sizes=\"auto, (max-width: 1024px) 100vw, 1024px\" \/><img loading=\"lazy\" decoding=\"async\" width=\"1024\" height=\"683\" src=\"https:\/\/turismo.regedouro.com\/wp-content\/uploads\/2023\/06\/t1-026-1024x683.jpg\" class=\"attachment-large size-large\" alt=\"Alojamento - t1-vista completa da sala com mesa\" srcset=\"https:\/\/turismo.regedouro.com\/wp-content\/uploads\/2023\/06\/t1-026-1024x683.jpg 1024w, https:\/\/turismo.regedouro.com\/wp-content\/uploads\/2023\/06\/t1-026-300x200.jpg 300w, https:\/\/turismo.regedouro.com\/wp-content\/uploads\/2023\/06\/t1-026-768x512.jpg 768w, https:\/\/turismo.regedouro.com\/wp-content\/uploads\/2023\/06\/t1-026-1536x1024.jpg 1536w, https:\/\/turismo.regedouro.com\/wp-content\/uploads\/2023\/06\/t1-026-2048x1365.jpg 2048w\" sizes=\"auto, (max-width: 1024px) 100vw, 1024px\" \/><img loading=\"lazy\" decoding=\"async\" width=\"1024\" height=\"683\" src=\"https:\/\/turismo.regedouro.com\/wp-content\/uploads\/2023\/06\/t1-027-1024x683.jpg\" class=\"attachment-large size-large\" alt=\"Alojamento - t1- sala e cozinha\" srcset=\"https:\/\/turismo.regedouro.com\/wp-content\/uploads\/2023\/06\/t1-027-1024x683.jpg 1024w, https:\/\/turismo.regedouro.com\/wp-content\/uploads\/2023\/06\/t1-027-300x200.jpg 300w, https:\/\/turismo.regedouro.com\/wp-content\/uploads\/2023\/06\/t1-027-768x512.jpg 768w, https:\/\/turismo.regedouro.com\/wp-content\/uploads\/2023\/06\/t1-027-1536x1024.jpg 1536w, https:\/\/turismo.regedouro.com\/wp-content\/uploads\/2023\/06\/t1-027-2048x1365.jpg 2048w\" sizes=\"auto, (max-width: 1024px) 100vw, 1024px\" \/><img loading=\"lazy\" decoding=\"async\" width=\"1024\" height=\"683\" src=\"https:\/\/turismo.regedouro.com\/wp-content\/uploads\/2023\/06\/t1-028-1024x683.jpg\" class=\"attachment-large size-large\" alt=\"Alojamento - t1-quarto com cabideiro\" srcset=\"https:\/\/turismo.regedouro.com\/wp-content\/uploads\/2023\/06\/t1-028-1024x683.jpg 1024w, https:\/\/turismo.regedouro.com\/wp-content\/uploads\/2023\/06\/t1-028-300x200.jpg 300w, https:\/\/turismo.regedouro.com\/wp-content\/uploads\/2023\/06\/t1-028-768x512.jpg 768w, https:\/\/turismo.regedouro.com\/wp-content\/uploads\/2023\/06\/t1-028-1536x1024.jpg 1536w, https:\/\/turismo.regedouro.com\/wp-content\/uploads\/2023\/06\/t1-028-2048x1365.jpg 2048w\" sizes=\"auto, (max-width: 1024px) 100vw, 1024px\" \/><img loading=\"lazy\" decoding=\"async\" width=\"1024\" height=\"683\" src=\"https:\/\/turismo.regedouro.com\/wp-content\/uploads\/2023\/06\/t1-029-1024x683.jpg\" class=\"attachment-large size-large\" alt=\"Alojamento - t1- sala com poltrona bord\u00f4\" srcset=\"https:\/\/turismo.regedouro.com\/wp-content\/uploads\/2023\/06\/t1-029-1024x683.jpg 1024w, https:\/\/turismo.regedouro.com\/wp-content\/uploads\/2023\/06\/t1-029-300x200.jpg 300w, https:\/\/turismo.regedouro.com\/wp-content\/uploads\/2023\/06\/t1-029-768x512.jpg 768w, https:\/\/turismo.regedouro.com\/wp-content\/uploads\/2023\/06\/t1-029-1536x1024.jpg 1536w, https:\/\/turismo.regedouro.com\/wp-content\/uploads\/2023\/06\/t1-029-2048x1365.jpg 2048w\" sizes=\"auto, (max-width: 1024px) 100vw, 1024px\" \/><img loading=\"lazy\" decoding=\"async\" width=\"1024\" height=\"683\" src=\"https:\/\/turismo.regedouro.com\/wp-content\/uploads\/2023\/06\/t1-030-1024x683.jpg\" class=\"attachment-large size-large\" alt=\"Alojamento - t1-030\" srcset=\"https:\/\/turismo.regedouro.com\/wp-content\/uploads\/2023\/06\/t1-030-1024x683.jpg 1024w, https:\/\/turismo.regedouro.com\/wp-content\/uploads\/2023\/06\/t1-030-300x200.jpg 300w, https:\/\/turismo.regedouro.com\/wp-content\/uploads\/2023\/06\/t1-030-768x512.jpg 768w, https:\/\/turismo.regedouro.com\/wp-content\/uploads\/2023\/06\/t1-030-1536x1024.jpg 1536w, https:\/\/turismo.regedouro.com\/wp-content\/uploads\/2023\/06\/t1-030-2048x1365.jpg 2048w\" sizes=\"auto, (max-width: 1024px) 100vw, 1024px\" \/><img loading=\"lazy\" decoding=\"async\" width=\"1024\" height=\"683\" src=\"https:\/\/turismo.regedouro.com\/wp-content\/uploads\/2023\/06\/t1.020-1024x683.jpg\" class=\"attachment-large size-large\" alt=\"Alojamento - t1-020\" srcset=\"https:\/\/turismo.regedouro.com\/wp-content\/uploads\/2023\/06\/t1.020-1024x683.jpg 1024w, https:\/\/turismo.regedouro.com\/wp-content\/uploads\/2023\/06\/t1.020-300x200.jpg 300w, https:\/\/turismo.regedouro.com\/wp-content\/uploads\/2023\/06\/t1.020-768x512.jpg 768w, https:\/\/turismo.regedouro.com\/wp-content\/uploads\/2023\/06\/t1.020-1536x1024.jpg 1536w, https:\/\/turismo.regedouro.com\/wp-content\/uploads\/2023\/06\/t1.020-2048x1365.jpg 2048w\" sizes=\"auto, (max-width: 1024px) 100vw, 1024px\" \/>\t\t\t\t<\/div>\n\t\t\t<\/div>\n\t\t    <\/div>\n<\/div>\n\n\n<div class=\"container-lg  row-com-imagens posicao-imagens-direita row-com-imagens__slider_simples is-slider\">\n    <div class=\"row gx-lg-6\">\n        <div class=\"col-lg-12 align-center texto\">\n            <h2>Casas con 2 cuartos<\/h2>\n            <div><p><span class=\"selectable-text copyable-text false\">Os nossos T2 s\u00e3o a escolha perfeita para quem valoriza espacio y conforto. Con 2 cuartos, sala, cocina y casa de ba\u00f1o, estas casas son ideales para 3 o 4 personas, ofreciendo un ambiente ideal para familias o grupos de amigos que desean explorar o turismo rural. Aqu\u00ed, sustentabilidade e tradi\u00e7\u00e3o regional andam de m\u00e3os dadas, brindando una experiencia aut\u00e9ntica en pleno Alentejo.<\/span><\/p>\n<p>&nbsp;<\/p>\n<p style=\"text-align: center;\"><img loading=\"lazy\" decoding=\"async\" class=\"alignnone wp-image-262\" src=\"https:\/\/turismo.regedouro.com\/wp-content\/uploads\/2023\/06\/cafeteira-com-xicara-de-cafe-300x300.png\" alt=\"\" width=\"50\" height=\"50\" srcset=\"https:\/\/turismo.regedouro.com\/wp-content\/uploads\/2023\/06\/cafeteira-com-xicara-de-cafe-300x300.png 300w, https:\/\/turismo.regedouro.com\/wp-content\/uploads\/2023\/06\/cafeteira-com-xicara-de-cafe-150x150.png 150w, https:\/\/turismo.regedouro.com\/wp-content\/uploads\/2023\/06\/cafeteira-com-xicara-de-cafe.png 512w\" sizes=\"auto, (max-width: 50px) 100vw, 50px\" \/> <img loading=\"lazy\" decoding=\"async\" class=\"alignnone wp-image-265\" src=\"https:\/\/turismo.regedouro.com\/wp-content\/uploads\/2023\/06\/piscina-300x300.png\" alt=\"\" width=\"50\" height=\"50\" srcset=\"https:\/\/turismo.regedouro.com\/wp-content\/uploads\/2023\/06\/piscina-300x300.png 300w, https:\/\/turismo.regedouro.com\/wp-content\/uploads\/2023\/06\/piscina-150x150.png 150w, https:\/\/turismo.regedouro.com\/wp-content\/uploads\/2023\/06\/piscina.png 512w\" sizes=\"auto, (max-width: 50px) 100vw, 50px\" \/> <img loading=\"lazy\" decoding=\"async\" class=\"alignnone wp-image-266\" src=\"https:\/\/turismo.regedouro.com\/wp-content\/uploads\/2023\/06\/tv-300x300.png\" alt=\"\" width=\"50\" height=\"50\" srcset=\"https:\/\/turismo.regedouro.com\/wp-content\/uploads\/2023\/06\/tv-300x300.png 300w, https:\/\/turismo.regedouro.com\/wp-content\/uploads\/2023\/06\/tv-150x150.png 150w, https:\/\/turismo.regedouro.com\/wp-content\/uploads\/2023\/06\/tv.png 600w\" sizes=\"auto, (max-width: 50px) 100vw, 50px\" \/> <img loading=\"lazy\" decoding=\"async\" class=\"alignnone wp-image-261\" src=\"https:\/\/turismo.regedouro.com\/wp-content\/uploads\/2023\/06\/cafe-da-manha-300x300.png\" alt=\"\" width=\"50\" height=\"50\" srcset=\"https:\/\/turismo.regedouro.com\/wp-content\/uploads\/2023\/06\/cafe-da-manha-300x300.png 300w, https:\/\/turismo.regedouro.com\/wp-content\/uploads\/2023\/06\/cafe-da-manha-150x150.png 150w, https:\/\/turismo.regedouro.com\/wp-content\/uploads\/2023\/06\/cafe-da-manha.png 512w\" sizes=\"auto, (max-width: 50px) 100vw, 50px\" \/> <img loading=\"lazy\" decoding=\"async\" class=\"alignnone wp-image-263\" src=\"https:\/\/turismo.regedouro.com\/wp-content\/uploads\/2023\/06\/cama-300x300.png\" alt=\"\" width=\"50\" height=\"50\" srcset=\"https:\/\/turismo.regedouro.com\/wp-content\/uploads\/2023\/06\/cama-300x300.png 300w, https:\/\/turismo.regedouro.com\/wp-content\/uploads\/2023\/06\/cama-150x150.png 150w, https:\/\/turismo.regedouro.com\/wp-content\/uploads\/2023\/06\/cama.png 512w\" sizes=\"auto, (max-width: 50px) 100vw, 50px\" \/> <img loading=\"lazy\" decoding=\"async\" class=\"alignnone wp-image-264\" src=\"https:\/\/turismo.regedouro.com\/wp-content\/uploads\/2023\/06\/estacionamento-300x300.png\" alt=\"\" width=\"50\" height=\"50\" srcset=\"https:\/\/turismo.regedouro.com\/wp-content\/uploads\/2023\/06\/estacionamento-300x300.png 300w, https:\/\/turismo.regedouro.com\/wp-content\/uploads\/2023\/06\/estacionamento-150x150.png 150w, https:\/\/turismo.regedouro.com\/wp-content\/uploads\/2023\/06\/estacionamento.png 512w\" sizes=\"auto, (max-width: 50px) 100vw, 50px\" \/> <img loading=\"lazy\" decoding=\"async\" class=\"alignnone wp-image-258\" src=\"https:\/\/turismo.regedouro.com\/wp-content\/uploads\/2023\/06\/ar-condicionado-300x300.png\" alt=\"\" width=\"50\" height=\"50\" srcset=\"https:\/\/turismo.regedouro.com\/wp-content\/uploads\/2023\/06\/ar-condicionado-300x300.png 300w, https:\/\/turismo.regedouro.com\/wp-content\/uploads\/2023\/06\/ar-condicionado-150x150.png 150w, https:\/\/turismo.regedouro.com\/wp-content\/uploads\/2023\/06\/ar-condicionado.png 512w\" sizes=\"auto, (max-width: 50px) 100vw, 50px\" \/><\/p>\n<p style=\"text-align: center;\"><img loading=\"lazy\" decoding=\"async\" class=\"alignnone wp-image-259\" src=\"https:\/\/turismo.regedouro.com\/wp-content\/uploads\/2023\/06\/armario-de-cozinha-300x300.png\" alt=\"\" width=\"50\" height=\"50\" srcset=\"https:\/\/turismo.regedouro.com\/wp-content\/uploads\/2023\/06\/armario-de-cozinha-300x300.png 300w, https:\/\/turismo.regedouro.com\/wp-content\/uploads\/2023\/06\/armario-de-cozinha-150x150.png 150w, https:\/\/turismo.regedouro.com\/wp-content\/uploads\/2023\/06\/armario-de-cozinha.png 512w\" sizes=\"auto, (max-width: 50px) 100vw, 50px\" \/> <img loading=\"lazy\" decoding=\"async\" class=\"alignnone wp-image-260\" src=\"https:\/\/turismo.regedouro.com\/wp-content\/uploads\/2023\/06\/banho-300x300.png\" alt=\"\" width=\"50\" height=\"50\" srcset=\"https:\/\/turismo.regedouro.com\/wp-content\/uploads\/2023\/06\/banho-300x300.png 300w, https:\/\/turismo.regedouro.com\/wp-content\/uploads\/2023\/06\/banho-150x150.png 150w, https:\/\/turismo.regedouro.com\/wp-content\/uploads\/2023\/06\/banho.png 512w\" sizes=\"auto, (max-width: 50px) 100vw, 50px\" \/> <img loading=\"lazy\" decoding=\"async\" class=\"alignnone wp-image-256\" src=\"https:\/\/turismo.regedouro.com\/wp-content\/uploads\/2023\/06\/acessibilidade-para-cadeira-de-rodas-300x300.png\" alt=\"\" width=\"50\" height=\"50\" srcset=\"https:\/\/turismo.regedouro.com\/wp-content\/uploads\/2023\/06\/acessibilidade-para-cadeira-de-rodas-300x300.png 300w, https:\/\/turismo.regedouro.com\/wp-content\/uploads\/2023\/06\/acessibilidade-para-cadeira-de-rodas-150x150.png 150w, https:\/\/turismo.regedouro.com\/wp-content\/uploads\/2023\/06\/acessibilidade-para-cadeira-de-rodas.png 512w\" sizes=\"auto, (max-width: 50px) 100vw, 50px\" \/> <img loading=\"lazy\" decoding=\"async\" class=\"alignnone wp-image-257\" src=\"https:\/\/turismo.regedouro.com\/wp-content\/uploads\/2023\/06\/aquecedor-300x300.png\" alt=\"\" width=\"50\" height=\"50\" srcset=\"https:\/\/turismo.regedouro.com\/wp-content\/uploads\/2023\/06\/aquecedor-300x300.png 300w, https:\/\/turismo.regedouro.com\/wp-content\/uploads\/2023\/06\/aquecedor-150x150.png 150w, https:\/\/turismo.regedouro.com\/wp-content\/uploads\/2023\/06\/aquecedor.png 512w\" sizes=\"auto, (max-width: 50px) 100vw, 50px\" \/> <img loading=\"lazy\" decoding=\"async\" class=\"alignnone wp-image-254\" src=\"https:\/\/turismo.regedouro.com\/wp-content\/uploads\/2023\/06\/3347810-300x300.png\" alt=\"\" width=\"50\" height=\"50\" srcset=\"https:\/\/turismo.regedouro.com\/wp-content\/uploads\/2023\/06\/3347810-300x300.png 300w, https:\/\/turismo.regedouro.com\/wp-content\/uploads\/2023\/06\/3347810-150x150.png 150w, https:\/\/turismo.regedouro.com\/wp-content\/uploads\/2023\/06\/3347810.png 512w\" sizes=\"auto, (max-width: 50px) 100vw, 50px\" \/> <img loading=\"lazy\" decoding=\"async\" class=\"alignnone wp-image-253\" src=\"https:\/\/turismo.regedouro.com\/wp-content\/uploads\/2023\/06\/172633_wifi_icon-300x300.png\" alt=\"\" width=\"50\" height=\"50\" srcset=\"https:\/\/turismo.regedouro.com\/wp-content\/uploads\/2023\/06\/172633_wifi_icon-300x300.png 300w, https:\/\/turismo.regedouro.com\/wp-content\/uploads\/2023\/06\/172633_wifi_icon-150x150.png 150w, https:\/\/turismo.regedouro.com\/wp-content\/uploads\/2023\/06\/172633_wifi_icon.png 512w\" sizes=\"auto, (max-width: 50px) 100vw, 50px\" \/> <img loading=\"lazy\" decoding=\"async\" class=\"alignnone wp-image-255\" src=\"https:\/\/turismo.regedouro.com\/wp-content\/uploads\/2023\/06\/3365261-300x300.png\" alt=\"\" width=\"50\" height=\"50\" srcset=\"https:\/\/turismo.regedouro.com\/wp-content\/uploads\/2023\/06\/3365261-300x300.png 300w, https:\/\/turismo.regedouro.com\/wp-content\/uploads\/2023\/06\/3365261-150x150.png 150w, https:\/\/turismo.regedouro.com\/wp-content\/uploads\/2023\/06\/3365261.png 512w\" sizes=\"auto, (max-width: 50px) 100vw, 50px\" \/><\/p>\n<p>&nbsp;<\/p>\n<\/div>\n                    <\/div>\n        \t\t\t<div class=\"col-lg-12 align-center imagens imagens-slider imagens-slider-simples\">\n\t\t\t\t<div class=\"carousel--main\">\n                    <img loading=\"lazy\" decoding=\"async\" width=\"1024\" height=\"683\" src=\"https:\/\/turismo.regedouro.com\/wp-content\/uploads\/2023\/06\/t2-005-1024x683.jpg\" class=\"attachment-large size-large\" alt=\"Alojamento com conforto e tranquilidade\" srcset=\"https:\/\/turismo.regedouro.com\/wp-content\/uploads\/2023\/06\/t2-005-1024x683.jpg 1024w, https:\/\/turismo.regedouro.com\/wp-content\/uploads\/2023\/06\/t2-005-300x200.jpg 300w, https:\/\/turismo.regedouro.com\/wp-content\/uploads\/2023\/06\/t2-005-768x512.jpg 768w, https:\/\/turismo.regedouro.com\/wp-content\/uploads\/2023\/06\/t2-005-1536x1024.jpg 1536w, https:\/\/turismo.regedouro.com\/wp-content\/uploads\/2023\/06\/t2-005-2048x1365.jpg 2048w\" sizes=\"auto, (max-width: 1024px) 100vw, 1024px\" \/><img loading=\"lazy\" decoding=\"async\" width=\"683\" height=\"1024\" src=\"https:\/\/turismo.regedouro.com\/wp-content\/uploads\/2023\/06\/t2-001-683x1024.jpg\" class=\"attachment-large size-large\" alt=\"Alojamento - t2-poltrona verde com lumin\u00e1ria em madeira\" srcset=\"https:\/\/turismo.regedouro.com\/wp-content\/uploads\/2023\/06\/t2-001-683x1024.jpg 683w, https:\/\/turismo.regedouro.com\/wp-content\/uploads\/2023\/06\/t2-001-200x300.jpg 200w, https:\/\/turismo.regedouro.com\/wp-content\/uploads\/2023\/06\/t2-001-768x1152.jpg 768w, https:\/\/turismo.regedouro.com\/wp-content\/uploads\/2023\/06\/t2-001-1024x1536.jpg 1024w, https:\/\/turismo.regedouro.com\/wp-content\/uploads\/2023\/06\/t2-001-1365x2048.jpg 1365w, https:\/\/turismo.regedouro.com\/wp-content\/uploads\/2023\/06\/t2-001-scaled.jpg 1707w\" sizes=\"auto, (max-width: 683px) 100vw, 683px\" \/><img loading=\"lazy\" decoding=\"async\" width=\"1024\" height=\"718\" src=\"https:\/\/turismo.regedouro.com\/wp-content\/uploads\/2023\/06\/casa-do-posto-medico-1024x718.jpg\" class=\"attachment-large size-large\" alt=\"Alojamento - casa do posto m\u00e9dico\" srcset=\"https:\/\/turismo.regedouro.com\/wp-content\/uploads\/2023\/06\/casa-do-posto-medico-1024x718.jpg 1024w, https:\/\/turismo.regedouro.com\/wp-content\/uploads\/2023\/06\/casa-do-posto-medico-300x210.jpg 300w, https:\/\/turismo.regedouro.com\/wp-content\/uploads\/2023\/06\/casa-do-posto-medico-768x539.jpg 768w, https:\/\/turismo.regedouro.com\/wp-content\/uploads\/2023\/06\/casa-do-posto-medico-1536x1078.jpg 1536w, https:\/\/turismo.regedouro.com\/wp-content\/uploads\/2023\/06\/casa-do-posto-medico-2048x1437.jpg 2048w\" sizes=\"auto, (max-width: 1024px) 100vw, 1024px\" \/><img loading=\"lazy\" decoding=\"async\" width=\"1024\" height=\"683\" src=\"https:\/\/turismo.regedouro.com\/wp-content\/uploads\/2023\/06\/t2-002-1024x683.jpg\" class=\"attachment-large size-large\" alt=\"Alojamento - t2- balc\u00e3o cozinha com vaso de planta\" srcset=\"https:\/\/turismo.regedouro.com\/wp-content\/uploads\/2023\/06\/t2-002-1024x683.jpg 1024w, https:\/\/turismo.regedouro.com\/wp-content\/uploads\/2023\/06\/t2-002-300x200.jpg 300w, https:\/\/turismo.regedouro.com\/wp-content\/uploads\/2023\/06\/t2-002-768x512.jpg 768w, https:\/\/turismo.regedouro.com\/wp-content\/uploads\/2023\/06\/t2-002-1536x1024.jpg 1536w, https:\/\/turismo.regedouro.com\/wp-content\/uploads\/2023\/06\/t2-002-2048x1365.jpg 2048w\" sizes=\"auto, (max-width: 1024px) 100vw, 1024px\" \/><img loading=\"lazy\" decoding=\"async\" width=\"1024\" height=\"683\" src=\"https:\/\/turismo.regedouro.com\/wp-content\/uploads\/2023\/06\/t2-003-1024x683.jpg\" class=\"attachment-large size-large\" alt=\"Alojamento - t2-quarto\" srcset=\"https:\/\/turismo.regedouro.com\/wp-content\/uploads\/2023\/06\/t2-003-1024x683.jpg 1024w, https:\/\/turismo.regedouro.com\/wp-content\/uploads\/2023\/06\/t2-003-300x200.jpg 300w, https:\/\/turismo.regedouro.com\/wp-content\/uploads\/2023\/06\/t2-003-768x512.jpg 768w, https:\/\/turismo.regedouro.com\/wp-content\/uploads\/2023\/06\/t2-003-1536x1024.jpg 1536w, https:\/\/turismo.regedouro.com\/wp-content\/uploads\/2023\/06\/t2-003-2048x1365.jpg 2048w\" sizes=\"auto, (max-width: 1024px) 100vw, 1024px\" \/><img loading=\"lazy\" decoding=\"async\" width=\"1024\" height=\"683\" src=\"https:\/\/turismo.regedouro.com\/wp-content\/uploads\/2023\/06\/t2-004-1024x683.jpg\" class=\"attachment-large size-large\" alt=\"Alojamento - t2-vis\u00e3o do quarto com 2 camas\" srcset=\"https:\/\/turismo.regedouro.com\/wp-content\/uploads\/2023\/06\/t2-004-1024x683.jpg 1024w, https:\/\/turismo.regedouro.com\/wp-content\/uploads\/2023\/06\/t2-004-300x200.jpg 300w, https:\/\/turismo.regedouro.com\/wp-content\/uploads\/2023\/06\/t2-004-768x512.jpg 768w, https:\/\/turismo.regedouro.com\/wp-content\/uploads\/2023\/06\/t2-004-1536x1024.jpg 1536w, https:\/\/turismo.regedouro.com\/wp-content\/uploads\/2023\/06\/t2-004-2048x1365.jpg 2048w\" sizes=\"auto, (max-width: 1024px) 100vw, 1024px\" \/><img loading=\"lazy\" decoding=\"async\" width=\"1024\" height=\"683\" src=\"https:\/\/turismo.regedouro.com\/wp-content\/uploads\/2023\/06\/t2-006-1024x683.jpg\" class=\"attachment-large size-large\" alt=\"Alojamento - t2-sala da casa Joana\" srcset=\"https:\/\/turismo.regedouro.com\/wp-content\/uploads\/2023\/06\/t2-006-1024x683.jpg 1024w, https:\/\/turismo.regedouro.com\/wp-content\/uploads\/2023\/06\/t2-006-300x200.jpg 300w, https:\/\/turismo.regedouro.com\/wp-content\/uploads\/2023\/06\/t2-006-768x512.jpg 768w, https:\/\/turismo.regedouro.com\/wp-content\/uploads\/2023\/06\/t2-006-1536x1024.jpg 1536w, https:\/\/turismo.regedouro.com\/wp-content\/uploads\/2023\/06\/t2-006-2048x1365.jpg 2048w\" sizes=\"auto, (max-width: 1024px) 100vw, 1024px\" \/><img loading=\"lazy\" decoding=\"async\" width=\"1024\" height=\"683\" src=\"https:\/\/turismo.regedouro.com\/wp-content\/uploads\/2023\/06\/t2-007-1024x683.jpg\" class=\"attachment-large size-large\" alt=\"Alojamento - t2-quarto com detalhes na parede\" srcset=\"https:\/\/turismo.regedouro.com\/wp-content\/uploads\/2023\/06\/t2-007-1024x683.jpg 1024w, https:\/\/turismo.regedouro.com\/wp-content\/uploads\/2023\/06\/t2-007-300x200.jpg 300w, https:\/\/turismo.regedouro.com\/wp-content\/uploads\/2023\/06\/t2-007-768x512.jpg 768w, https:\/\/turismo.regedouro.com\/wp-content\/uploads\/2023\/06\/t2-007-1536x1024.jpg 1536w, https:\/\/turismo.regedouro.com\/wp-content\/uploads\/2023\/06\/t2-007-2048x1365.jpg 2048w\" sizes=\"auto, (max-width: 1024px) 100vw, 1024px\" \/><img loading=\"lazy\" decoding=\"async\" width=\"1024\" height=\"683\" src=\"https:\/\/turismo.regedouro.com\/wp-content\/uploads\/2023\/06\/t2-008-1024x683.jpg\" class=\"attachment-large size-large\" alt=\"Alojamento - t2-quarto com detalhes na parede perto\" srcset=\"https:\/\/turismo.regedouro.com\/wp-content\/uploads\/2023\/06\/t2-008-1024x683.jpg 1024w, https:\/\/turismo.regedouro.com\/wp-content\/uploads\/2023\/06\/t2-008-300x200.jpg 300w, https:\/\/turismo.regedouro.com\/wp-content\/uploads\/2023\/06\/t2-008-768x512.jpg 768w, https:\/\/turismo.regedouro.com\/wp-content\/uploads\/2023\/06\/t2-008-1536x1024.jpg 1536w, https:\/\/turismo.regedouro.com\/wp-content\/uploads\/2023\/06\/t2-008-2048x1365.jpg 2048w\" sizes=\"auto, (max-width: 1024px) 100vw, 1024px\" \/><img loading=\"lazy\" decoding=\"async\" width=\"1024\" height=\"683\" src=\"https:\/\/turismo.regedouro.com\/wp-content\/uploads\/2023\/06\/t2-009-1024x683.jpg\" class=\"attachment-large size-large\" alt=\"Alojamento - t2-sala-cozinha\" srcset=\"https:\/\/turismo.regedouro.com\/wp-content\/uploads\/2023\/06\/t2-009-1024x683.jpg 1024w, https:\/\/turismo.regedouro.com\/wp-content\/uploads\/2023\/06\/t2-009-300x200.jpg 300w, https:\/\/turismo.regedouro.com\/wp-content\/uploads\/2023\/06\/t2-009-768x512.jpg 768w, https:\/\/turismo.regedouro.com\/wp-content\/uploads\/2023\/06\/t2-009-1536x1024.jpg 1536w, https:\/\/turismo.regedouro.com\/wp-content\/uploads\/2023\/06\/t2-009-2048x1365.jpg 2048w\" sizes=\"auto, (max-width: 1024px) 100vw, 1024px\" \/><img loading=\"lazy\" decoding=\"async\" width=\"1024\" height=\"683\" src=\"https:\/\/turismo.regedouro.com\/wp-content\/uploads\/2023\/06\/t2-010-1024x683.jpg\" class=\"attachment-large size-large\" alt=\"Alojamento - t2-cozinha e cadeira\" srcset=\"https:\/\/turismo.regedouro.com\/wp-content\/uploads\/2023\/06\/t2-010-1024x683.jpg 1024w, https:\/\/turismo.regedouro.com\/wp-content\/uploads\/2023\/06\/t2-010-300x200.jpg 300w, https:\/\/turismo.regedouro.com\/wp-content\/uploads\/2023\/06\/t2-010-768x512.jpg 768w, https:\/\/turismo.regedouro.com\/wp-content\/uploads\/2023\/06\/t2-010-1536x1024.jpg 1536w, https:\/\/turismo.regedouro.com\/wp-content\/uploads\/2023\/06\/t2-010-2048x1365.jpg 2048w\" sizes=\"auto, (max-width: 1024px) 100vw, 1024px\" \/><img loading=\"lazy\" decoding=\"async\" width=\"1024\" height=\"683\" src=\"https:\/\/turismo.regedouro.com\/wp-content\/uploads\/2023\/06\/t2-011-1024x683.jpg\" class=\"attachment-large size-large\" alt=\"Alojamento - t2-011\" srcset=\"https:\/\/turismo.regedouro.com\/wp-content\/uploads\/2023\/06\/t2-011-1024x683.jpg 1024w, https:\/\/turismo.regedouro.com\/wp-content\/uploads\/2023\/06\/t2-011-300x200.jpg 300w, https:\/\/turismo.regedouro.com\/wp-content\/uploads\/2023\/06\/t2-011-768x512.jpg 768w, https:\/\/turismo.regedouro.com\/wp-content\/uploads\/2023\/06\/t2-011-1536x1024.jpg 1536w, https:\/\/turismo.regedouro.com\/wp-content\/uploads\/2023\/06\/t2-011-2048x1365.jpg 2048w\" sizes=\"auto, (max-width: 1024px) 100vw, 1024px\" \/>\t\t\t\t<\/div>\n\t\t\t<\/div>\n\t\t    <\/div>\n<\/div>","protected":false},"excerpt":{"rendered":"<p>Alojamientos Confortables en el Coraz\u00f3n de la Aldea Nuestros Alojamientos<\/p>\n","protected":false},"author":1,"featured_media":385,"parent":0,"menu_order":0,"comment_status":"closed","ping_status":"closed","template":"","meta":{"_acf_changed":false,"_joinchat":[],"footnotes":""},"class_list":["post-99","page","type-page","status-publish","has-post-thumbnail"],"acf":[],"yoast_head":"<!-- This site is optimized with the Yoast SEO plugin v27.4 - https:\/\/yoast.com\/product\/yoast-seo-wordpress\/ -->\n<title>Alojamiento - S\u00e3o Br\u00e1s do Regedouro<\/title>\n<meta name=\"description\" content=\"Alojamiento con confort y tranquilidad. Nuestro alojamiento es perfecto para disfrutar de un descanso de la vida cotidiana.\" \/>\n<meta name=\"robots\" content=\"index, follow, max-snippet:-1, max-image-preview:large, max-video-preview:-1\" \/>\n<link rel=\"canonical\" href=\"https:\/\/turismo.regedouro.com\/alojamento\/\" \/>\n<meta property=\"og:locale\" content=\"es_ES\" \/>\n<meta property=\"og:type\" content=\"article\" \/>\n<meta property=\"og:title\" content=\"[:pt]Alojamento[:en]Alojamento[:es]Alojamiento[:] - S\u00e3o Br\u00e1s do Regedouro\" \/>\n<meta property=\"og:description\" content=\"Alojamiento con confort y tranquilidad. Nuestro alojamiento es perfecto para disfrutar de un descanso de la vida cotidiana.\" \/>\n<meta property=\"og:url\" content=\"https:\/\/turismo.regedouro.com\/alojamento\/\" \/>\n<meta property=\"og:site_name\" content=\"S\u00e3o Br\u00e1s do Regedouro\" \/>\n<meta property=\"article:publisher\" content=\"https:\/\/www.facebook.com\/saobrasdoregedouro\" \/>\n<meta property=\"article:modified_time\" content=\"2025-08-20T09:39:32+00:00\" \/>\n<meta property=\"og:image\" content=\"https:\/\/turismo.regedouro.com\/wp-content\/uploads\/2023\/06\/t2-005-scaled.jpg\" \/>\n\t<meta property=\"og:image:width\" content=\"2560\" \/>\n\t<meta property=\"og:image:height\" content=\"1707\" \/>\n\t<meta property=\"og:image:type\" content=\"image\/jpeg\" \/>\n<meta name=\"twitter:card\" content=\"summary_large_image\" \/>\n<meta name=\"twitter:label1\" content=\"Tiempo de lectura\" \/>\n\t<meta name=\"twitter:data1\" content=\"1 minuto\" \/>\n<script type=\"application\/ld+json\" class=\"yoast-schema-graph\">{\"@context\":\"https:\\\/\\\/schema.org\",\"@graph\":[{\"@type\":\"WebPage\",\"@id\":\"https:\\\/\\\/turismo.regedouro.com\\\/alojamento\\\/\",\"url\":\"https:\\\/\\\/turismo.regedouro.com\\\/alojamento\\\/\",\"name\":\"[:pt]Alojamento[:en]Alojamento[:es]Alojamiento[:] - S\u00e3o Br\u00e1s do Regedouro\",\"isPartOf\":{\"@id\":\"https:\\\/\\\/turismo.regedouro.com\\\/#website\"},\"primaryImageOfPage\":{\"@id\":\"https:\\\/\\\/turismo.regedouro.com\\\/alojamento\\\/#primaryimage\"},\"image\":{\"@id\":\"https:\\\/\\\/turismo.regedouro.com\\\/alojamento\\\/#primaryimage\"},\"thumbnailUrl\":\"https:\\\/\\\/turismo.regedouro.com\\\/wp-content\\\/uploads\\\/2023\\\/06\\\/t2-005-scaled.jpg\",\"datePublished\":\"2023-06-13T19:47:04+00:00\",\"dateModified\":\"2025-08-20T09:39:32+00:00\",\"description\":\"Alojamiento con confort y tranquilidad. Nuestro alojamiento es perfecto para disfrutar de un descanso de la vida cotidiana.\",\"breadcrumb\":{\"@id\":\"https:\\\/\\\/turismo.regedouro.com\\\/alojamento\\\/#breadcrumb\"},\"inLanguage\":\"es\",\"potentialAction\":[{\"@type\":\"ReadAction\",\"target\":[\"https:\\\/\\\/turismo.regedouro.com\\\/alojamento\\\/\"]}]},{\"@type\":\"ImageObject\",\"inLanguage\":\"es\",\"@id\":\"https:\\\/\\\/turismo.regedouro.com\\\/alojamento\\\/#primaryimage\",\"url\":\"https:\\\/\\\/turismo.regedouro.com\\\/wp-content\\\/uploads\\\/2023\\\/06\\\/t2-005-scaled.jpg\",\"contentUrl\":\"https:\\\/\\\/turismo.regedouro.com\\\/wp-content\\\/uploads\\\/2023\\\/06\\\/t2-005-scaled.jpg\",\"width\":2560,\"height\":1707,\"caption\":\"Alojamento com conforto e tranquilidade\"},{\"@type\":\"BreadcrumbList\",\"@id\":\"https:\\\/\\\/turismo.regedouro.com\\\/alojamento\\\/#breadcrumb\",\"itemListElement\":[{\"@type\":\"ListItem\",\"position\":1,\"name\":\"Home\",\"item\":\"https:\\\/\\\/turismo.regedouro.com\\\/es\\\/\"},{\"@type\":\"ListItem\",\"position\":2,\"name\":\"Alojamento\"}]},{\"@type\":\"WebSite\",\"@id\":\"https:\\\/\\\/turismo.regedouro.com\\\/#website\",\"url\":\"https:\\\/\\\/turismo.regedouro.com\\\/\",\"name\":\"S\u00e3o Br\u00e1s do Regedouro - Turismo na Aldeia\",\"description\":\"Turismo na Aldeia\",\"publisher\":{\"@id\":\"https:\\\/\\\/turismo.regedouro.com\\\/#organization\"},\"potentialAction\":[{\"@type\":\"SearchAction\",\"target\":{\"@type\":\"EntryPoint\",\"urlTemplate\":\"https:\\\/\\\/turismo.regedouro.com\\\/?s={search_term_string}\"},\"query-input\":{\"@type\":\"PropertyValueSpecification\",\"valueRequired\":true,\"valueName\":\"search_term_string\"}}],\"inLanguage\":\"es\"},{\"@type\":\"Organization\",\"@id\":\"https:\\\/\\\/turismo.regedouro.com\\\/#organization\",\"name\":\"S\u00e3o Br\u00e1s do Regedouro - Turismo na Aldeia\",\"url\":\"https:\\\/\\\/turismo.regedouro.com\\\/\",\"logo\":{\"@type\":\"ImageObject\",\"inLanguage\":\"es\",\"@id\":\"https:\\\/\\\/turismo.regedouro.com\\\/#\\\/schema\\\/logo\\\/image\\\/\",\"url\":\"https:\\\/\\\/turismo.regedouro.com\\\/wp-content\\\/uploads\\\/2023\\\/06\\\/cropped-Horizontal_Azul-1.png\",\"contentUrl\":\"https:\\\/\\\/turismo.regedouro.com\\\/wp-content\\\/uploads\\\/2023\\\/06\\\/cropped-Horizontal_Azul-1.png\",\"width\":512,\"height\":512,\"caption\":\"S\u00e3o Br\u00e1s do Regedouro - Turismo na Aldeia\"},\"image\":{\"@id\":\"https:\\\/\\\/turismo.regedouro.com\\\/#\\\/schema\\\/logo\\\/image\\\/\"},\"sameAs\":[\"https:\\\/\\\/www.facebook.com\\\/saobrasdoregedouro\",\"https:\\\/\\\/www.instagram.com\\\/saobrasdoregedouro\\\/\"]}]}<\/script>\n<!-- \/ Yoast SEO plugin. -->","yoast_head_json":{"title":"[:pt]Alojamento[:en]Alojamento[:es]Alojamiento[:] - S\u00e3o Br\u00e1s do Regedouro","description":"Alojamiento con confort y tranquilidad. Nuestro alojamiento es perfecto para disfrutar de un descanso de la vida cotidiana.","robots":{"index":"index","follow":"follow","max-snippet":"max-snippet:-1","max-image-preview":"max-image-preview:large","max-video-preview":"max-video-preview:-1"},"canonical":"https:\/\/turismo.regedouro.com\/alojamento\/","og_locale":"es_ES","og_type":"article","og_title":"[:pt]Alojamento[:en]Alojamento[:es]Alojamiento[:] - S\u00e3o Br\u00e1s do Regedouro","og_description":"Alojamiento con confort y tranquilidad. Nuestro alojamiento es perfecto para disfrutar de un descanso de la vida cotidiana.","og_url":"https:\/\/turismo.regedouro.com\/alojamento\/","og_site_name":"S\u00e3o Br\u00e1s do Regedouro","article_publisher":"https:\/\/www.facebook.com\/saobrasdoregedouro","article_modified_time":"2025-08-20T09:39:32+00:00","og_image":[{"width":2560,"height":1707,"url":"https:\/\/turismo.regedouro.com\/wp-content\/uploads\/2023\/06\/t2-005-scaled.jpg","type":"image\/jpeg"}],"twitter_card":"summary_large_image","twitter_misc":{"Tiempo de lectura":"1 minuto"},"schema":{"@context":"https:\/\/schema.org","@graph":[{"@type":"WebPage","@id":"https:\/\/turismo.regedouro.com\/alojamento\/","url":"https:\/\/turismo.regedouro.com\/alojamento\/","name":"[:pt]Alojamento[:en]Alojamento[:es]Alojamiento[:] - S\u00e3o Br\u00e1s do Regedouro","isPartOf":{"@id":"https:\/\/turismo.regedouro.com\/#website"},"primaryImageOfPage":{"@id":"https:\/\/turismo.regedouro.com\/alojamento\/#primaryimage"},"image":{"@id":"https:\/\/turismo.regedouro.com\/alojamento\/#primaryimage"},"thumbnailUrl":"https:\/\/turismo.regedouro.com\/wp-content\/uploads\/2023\/06\/t2-005-scaled.jpg","datePublished":"2023-06-13T19:47:04+00:00","dateModified":"2025-08-20T09:39:32+00:00","description":"Alojamiento con confort y tranquilidad. Nuestro alojamiento es perfecto para disfrutar de un descanso de la vida cotidiana.","breadcrumb":{"@id":"https:\/\/turismo.regedouro.com\/alojamento\/#breadcrumb"},"inLanguage":"es","potentialAction":[{"@type":"ReadAction","target":["https:\/\/turismo.regedouro.com\/alojamento\/"]}]},{"@type":"ImageObject","inLanguage":"es","@id":"https:\/\/turismo.regedouro.com\/alojamento\/#primaryimage","url":"https:\/\/turismo.regedouro.com\/wp-content\/uploads\/2023\/06\/t2-005-scaled.jpg","contentUrl":"https:\/\/turismo.regedouro.com\/wp-content\/uploads\/2023\/06\/t2-005-scaled.jpg","width":2560,"height":1707,"caption":"Alojamento com conforto e tranquilidade"},{"@type":"BreadcrumbList","@id":"https:\/\/turismo.regedouro.com\/alojamento\/#breadcrumb","itemListElement":[{"@type":"ListItem","position":1,"name":"Home","item":"https:\/\/turismo.regedouro.com\/es\/"},{"@type":"ListItem","position":2,"name":"Alojamento"}]},{"@type":"WebSite","@id":"https:\/\/turismo.regedouro.com\/#website","url":"https:\/\/turismo.regedouro.com\/","name":"S\u00e3o Br\u00e1s do Regedouro - Turismo na Aldeia","description":"Turismo na Aldeia","publisher":{"@id":"https:\/\/turismo.regedouro.com\/#organization"},"potentialAction":[{"@type":"SearchAction","target":{"@type":"EntryPoint","urlTemplate":"https:\/\/turismo.regedouro.com\/?s={search_term_string}"},"query-input":{"@type":"PropertyValueSpecification","valueRequired":true,"valueName":"search_term_string"}}],"inLanguage":"es"},{"@type":"Organization","@id":"https:\/\/turismo.regedouro.com\/#organization","name":"S\u00e3o Br\u00e1s do Regedouro - Turismo na Aldeia","url":"https:\/\/turismo.regedouro.com\/","logo":{"@type":"ImageObject","inLanguage":"es","@id":"https:\/\/turismo.regedouro.com\/#\/schema\/logo\/image\/","url":"https:\/\/turismo.regedouro.com\/wp-content\/uploads\/2023\/06\/cropped-Horizontal_Azul-1.png","contentUrl":"https:\/\/turismo.regedouro.com\/wp-content\/uploads\/2023\/06\/cropped-Horizontal_Azul-1.png","width":512,"height":512,"caption":"S\u00e3o Br\u00e1s do Regedouro - Turismo na Aldeia"},"image":{"@id":"https:\/\/turismo.regedouro.com\/#\/schema\/logo\/image\/"},"sameAs":["https:\/\/www.facebook.com\/saobrasdoregedouro","https:\/\/www.instagram.com\/saobrasdoregedouro\/"]}]}},"_links":{"self":[{"href":"https:\/\/turismo.regedouro.com\/es\/wp-json\/wp\/v2\/pages\/99","targetHints":{"allow":["GET"]}}],"collection":[{"href":"https:\/\/turismo.regedouro.com\/es\/wp-json\/wp\/v2\/pages"}],"about":[{"href":"https:\/\/turismo.regedouro.com\/es\/wp-json\/wp\/v2\/types\/page"}],"author":[{"embeddable":true,"href":"https:\/\/turismo.regedouro.com\/es\/wp-json\/wp\/v2\/users\/1"}],"replies":[{"embeddable":true,"href":"https:\/\/turismo.regedouro.com\/es\/wp-json\/wp\/v2\/comments?post=99"}],"version-history":[{"count":189,"href":"https:\/\/turismo.regedouro.com\/es\/wp-json\/wp\/v2\/pages\/99\/revisions"}],"predecessor-version":[{"id":2408,"href":"https:\/\/turismo.regedouro.com\/es\/wp-json\/wp\/v2\/pages\/99\/revisions\/2408"}],"wp:featuredmedia":[{"embeddable":true,"href":"https:\/\/turismo.regedouro.com\/es\/wp-json\/wp\/v2\/media\/385"}],"wp:attachment":[{"href":"https:\/\/turismo.regedouro.com\/es\/wp-json\/wp\/v2\/media?parent=99"}],"curies":[{"name":"wp","href":"https:\/\/api.w.org\/{rel}","templated":true}]}}