{"id":2,"date":"2023-06-12T11:25:08","date_gmt":"2023-06-12T10:25:08","guid":{"rendered":"https:\/\/turismo.regedouro.com\/?page_id=2"},"modified":"2025-02-17T14:56:34","modified_gmt":"2025-02-17T14:56:34","slug":"aldeia","status":"publish","type":"page","link":"https:\/\/turismo.regedouro.com\/es\/pueblo\/","title":{"rendered":"Pueblo"},"content":{"rendered":"<div class=\"row-imagem-inicial row-imagem-inicial__curta\"\r\n     style=\"background-image: var(--image-gradient), url('https:\/\/turismo.regedouro.com\/wp-content\/uploads\/2024\/08\/IMG_8122-1920x1302.jpg')\">\r\n    <div class=\"container\">\r\n        <h1>Una Aldea Alentejana<\/h1>\r\n        \r\n    <\/div>\r\n\r\n<\/div>\r\n\r\n\n\n\n<h1 class=\"wp-block-heading has-text-align-center\">\u00a1Descubre la encantadora historia de la Aldea!<\/h1>\n\n\n<div class=\"container-lg  row-com-imagens posicao-imagens-direita row-com-imagens__slider_simples is-slider\">\n    <div class=\"row gx-lg-6\">\n        <div class=\"col-lg-12 align-center texto\">\n            <h2>Tradici\u00f3n y Autenticidad en el Coraz\u00f3n del Alentejo<\/h2>\n            <div><p data-start=\"113\" data-end=\"479\">A pocos kil\u00f3metros de \u00c9vora, ciudad declarada Patrimonio Mundial por la UNESCO, se encuentra S\u00e3o Br\u00e1s do Regedouro, una aldea donde el turismo de aldea se entrelaza con la autenticidad del turismo rural. Aqu\u00ed, cada rinc\u00f3n preserva la esencia del Alentejo, ofreciendo una experiencia que valora la tradici\u00f3n, la naturaleza y el ritmo pausado de la vida en el campo.<\/p>\n<p data-start=\"481\" data-end=\"885\" data-is-last-node=\"\">Descubre el verdadero esp\u00edritu de la regi\u00f3n interactuando con los habitantes locales, explorando costumbres ancestrales y sintiendo el calor de la hospitalidad alentejana. Todo esto sin renunciar al confort moderno, en un entorno que invita a la serenidad y al bienestar. En S\u00e3o Br\u00e1s do Regedouro, cada visita es un regreso a las ra\u00edces, donde la simplicidad se convierte en algo verdaderamente especial.<\/p>\n<\/div>\n                    <\/div>\n        \t\t\t<div class=\"col-lg-12 align-center imagens imagens-slider imagens-slider-simples\">\n\t\t\t\t<div class=\"carousel--main\">\n                    <img loading=\"lazy\" decoding=\"async\" width=\"1024\" height=\"591\" src=\"https:\/\/turismo.regedouro.com\/wp-content\/uploads\/2025\/02\/fotografiasuperioraldeia-1024x591.jpg\" class=\"attachment-large size-large\" alt=\"\" srcset=\"https:\/\/turismo.regedouro.com\/wp-content\/uploads\/2025\/02\/fotografiasuperioraldeia-1024x591.jpg 1024w, https:\/\/turismo.regedouro.com\/wp-content\/uploads\/2025\/02\/fotografiasuperioraldeia-300x173.jpg 300w, https:\/\/turismo.regedouro.com\/wp-content\/uploads\/2025\/02\/fotografiasuperioraldeia-480x277.jpg 480w, https:\/\/turismo.regedouro.com\/wp-content\/uploads\/2025\/02\/fotografiasuperioraldeia-720x416.jpg 720w, https:\/\/turismo.regedouro.com\/wp-content\/uploads\/2025\/02\/fotografiasuperioraldeia-1440x831.jpg 1440w, https:\/\/turismo.regedouro.com\/wp-content\/uploads\/2025\/02\/fotografiasuperioraldeia-1920x1109.jpg 1920w\" sizes=\"auto, (max-width: 1024px) 100vw, 1024px\" \/><img loading=\"lazy\" decoding=\"async\" width=\"960\" height=\"1024\" src=\"https:\/\/turismo.regedouro.com\/wp-content\/uploads\/2023\/06\/Copia-de-008-editadas-960x1024.jpg\" class=\"attachment-large size-large\" alt=\"Aldeia - igreja\" srcset=\"https:\/\/turismo.regedouro.com\/wp-content\/uploads\/2023\/06\/Copia-de-008-editadas-960x1024.jpg 960w, https:\/\/turismo.regedouro.com\/wp-content\/uploads\/2023\/06\/Copia-de-008-editadas-281x300.jpg 281w, https:\/\/turismo.regedouro.com\/wp-content\/uploads\/2023\/06\/Copia-de-008-editadas-768x819.jpg 768w, https:\/\/turismo.regedouro.com\/wp-content\/uploads\/2023\/06\/Copia-de-008-editadas-1441x1536.jpg 1441w, https:\/\/turismo.regedouro.com\/wp-content\/uploads\/2023\/06\/Copia-de-008-editadas-1921x2048.jpg 1921w\" sizes=\"auto, (max-width: 960px) 100vw, 960px\" \/><img loading=\"lazy\" decoding=\"async\" width=\"1024\" height=\"683\" src=\"https:\/\/turismo.regedouro.com\/wp-content\/uploads\/2024\/11\/IMG_8042-1024x683.jpg\" class=\"attachment-large size-large\" alt=\"\" srcset=\"https:\/\/turismo.regedouro.com\/wp-content\/uploads\/2024\/11\/IMG_8042-1024x683.jpg 1024w, https:\/\/turismo.regedouro.com\/wp-content\/uploads\/2024\/11\/IMG_8042-300x200.jpg 300w, https:\/\/turismo.regedouro.com\/wp-content\/uploads\/2024\/11\/IMG_8042-480x320.jpg 480w, https:\/\/turismo.regedouro.com\/wp-content\/uploads\/2024\/11\/IMG_8042-720x480.jpg 720w, https:\/\/turismo.regedouro.com\/wp-content\/uploads\/2024\/11\/IMG_8042-1440x960.jpg 1440w, https:\/\/turismo.regedouro.com\/wp-content\/uploads\/2024\/11\/IMG_8042-1920x1280.jpg 1920w, https:\/\/turismo.regedouro.com\/wp-content\/uploads\/2024\/11\/IMG_8042.jpg 2048w\" sizes=\"auto, (max-width: 1024px) 100vw, 1024px\" \/><img loading=\"lazy\" decoding=\"async\" width=\"1024\" height=\"683\" src=\"https:\/\/turismo.regedouro.com\/wp-content\/uploads\/2023\/11\/cada-dona-maria-1024x683.jpg\" class=\"attachment-large size-large\" alt=\"Conforto na Aldeia - Casa azul com porta bord\u00f4\" srcset=\"https:\/\/turismo.regedouro.com\/wp-content\/uploads\/2023\/11\/cada-dona-maria-1024x683.jpg 1024w, https:\/\/turismo.regedouro.com\/wp-content\/uploads\/2023\/11\/cada-dona-maria-300x200.jpg 300w, https:\/\/turismo.regedouro.com\/wp-content\/uploads\/2023\/11\/cada-dona-maria-480x320.jpg 480w, https:\/\/turismo.regedouro.com\/wp-content\/uploads\/2023\/11\/cada-dona-maria-720x480.jpg 720w, https:\/\/turismo.regedouro.com\/wp-content\/uploads\/2023\/11\/cada-dona-maria-1440x960.jpg 1440w, https:\/\/turismo.regedouro.com\/wp-content\/uploads\/2023\/11\/cada-dona-maria-1920x1280.jpg 1920w\" sizes=\"auto, (max-width: 1024px) 100vw, 1024px\" \/><img loading=\"lazy\" decoding=\"async\" width=\"1024\" height=\"695\" src=\"https:\/\/turismo.regedouro.com\/wp-content\/uploads\/2024\/08\/IMG_8122-1024x695.jpg\" class=\"attachment-large size-large\" alt=\"\" srcset=\"https:\/\/turismo.regedouro.com\/wp-content\/uploads\/2024\/08\/IMG_8122-1024x695.jpg 1024w, https:\/\/turismo.regedouro.com\/wp-content\/uploads\/2024\/08\/IMG_8122-300x203.jpg 300w, https:\/\/turismo.regedouro.com\/wp-content\/uploads\/2024\/08\/IMG_8122-480x326.jpg 480w, https:\/\/turismo.regedouro.com\/wp-content\/uploads\/2024\/08\/IMG_8122-720x488.jpg 720w, https:\/\/turismo.regedouro.com\/wp-content\/uploads\/2024\/08\/IMG_8122-1440x977.jpg 1440w, https:\/\/turismo.regedouro.com\/wp-content\/uploads\/2024\/08\/IMG_8122-1920x1302.jpg 1920w, https:\/\/turismo.regedouro.com\/wp-content\/uploads\/2024\/08\/IMG_8122.jpg 2048w\" sizes=\"auto, (max-width: 1024px) 100vw, 1024px\" \/><img loading=\"lazy\" decoding=\"async\" width=\"1024\" height=\"762\" src=\"https:\/\/turismo.regedouro.com\/wp-content\/uploads\/2023\/11\/entrada-aldeia-1024x762.jpg\" class=\"attachment-large size-large\" alt=\"Turismo rural - Conforto na Aldeia - Entrada da Aldeia\" srcset=\"https:\/\/turismo.regedouro.com\/wp-content\/uploads\/2023\/11\/entrada-aldeia-1024x762.jpg 1024w, https:\/\/turismo.regedouro.com\/wp-content\/uploads\/2023\/11\/entrada-aldeia-300x223.jpg 300w, https:\/\/turismo.regedouro.com\/wp-content\/uploads\/2023\/11\/entrada-aldeia-480x357.jpg 480w, https:\/\/turismo.regedouro.com\/wp-content\/uploads\/2023\/11\/entrada-aldeia-720x535.jpg 720w, https:\/\/turismo.regedouro.com\/wp-content\/uploads\/2023\/11\/entrada-aldeia-1440x1071.jpg 1440w, https:\/\/turismo.regedouro.com\/wp-content\/uploads\/2023\/11\/entrada-aldeia-1920x1428.jpg 1920w\" sizes=\"auto, (max-width: 1024px) 100vw, 1024px\" \/><img loading=\"lazy\" decoding=\"async\" width=\"1024\" height=\"756\" src=\"https:\/\/turismo.regedouro.com\/wp-content\/uploads\/2023\/06\/009editada-1024x756.jpg\" class=\"attachment-large size-large\" alt=\"Aldeia - cabana\" srcset=\"https:\/\/turismo.regedouro.com\/wp-content\/uploads\/2023\/06\/009editada-1024x756.jpg 1024w, https:\/\/turismo.regedouro.com\/wp-content\/uploads\/2023\/06\/009editada-300x221.jpg 300w, https:\/\/turismo.regedouro.com\/wp-content\/uploads\/2023\/06\/009editada-768x567.jpg 768w, https:\/\/turismo.regedouro.com\/wp-content\/uploads\/2023\/06\/009editada-1536x1134.jpg 1536w, https:\/\/turismo.regedouro.com\/wp-content\/uploads\/2023\/06\/009editada-2048x1511.jpg 2048w\" sizes=\"auto, (max-width: 1024px) 100vw, 1024px\" \/>\t\t\t\t<\/div>\n\t\t\t<\/div>\n\t\t    <\/div>\n<\/div>\n\n\n<div class=\"container-lg  row-com-imagens posicao-imagens-esquerda row-com-imagens__slider_simples is-slider\">\n    <div class=\"row gx-lg-6\">\n        <div class=\"col-lg-12 align-center texto\">\n            <h2>Nuestra Gente<\/h2>\n            <div><p data-start=\"21\" data-end=\"252\">En la aldea, los habitantes son el coraz\u00f3n y el alma del lugar. Guardianes de las tradiciones y costumbres alentejanas, han sido esenciales en su revitalizaci\u00f3n y siguen formando parte activa de la vida cotidiana de la comunidad.<\/p>\n<p data-start=\"254\" data-end=\"575\" data-is-last-node=\"\">Algunos trabajan en el alojamiento, acogiendo a cada visitante con sonrisas, historias y la genuina hospitalidad alentejana. Aqu\u00ed, el turismo de aldea cobra vida a trav\u00e9s de la convivencia aut\u00e9ntica con quienes conocen y aman este lugar, haciendo de cada estancia una experiencia \u00fanica, c\u00e1lida y verdaderamente acogedora.<\/p>\n<\/div>\n                    <\/div>\n        \t\t\t<div class=\"col-lg-12 align-center imagens imagens-slider imagens-slider-simples\">\n\t\t\t\t<div class=\"carousel--main\">\n                    <img loading=\"lazy\" decoding=\"async\" width=\"1024\" height=\"846\" src=\"https:\/\/turismo.regedouro.com\/wp-content\/uploads\/2023\/06\/IMG_7092-scaled-e1687358989420-1024x846.jpeg\" class=\"attachment-large size-large\" alt=\"provis\u00f3ria\" srcset=\"https:\/\/turismo.regedouro.com\/wp-content\/uploads\/2023\/06\/IMG_7092-scaled-e1687358989420-1024x846.jpeg 1024w, https:\/\/turismo.regedouro.com\/wp-content\/uploads\/2023\/06\/IMG_7092-scaled-e1687358989420-300x248.jpeg 300w, https:\/\/turismo.regedouro.com\/wp-content\/uploads\/2023\/06\/IMG_7092-scaled-e1687358989420-768x635.jpeg 768w, https:\/\/turismo.regedouro.com\/wp-content\/uploads\/2023\/06\/IMG_7092-scaled-e1687358989420-1536x1270.jpeg 1536w, https:\/\/turismo.regedouro.com\/wp-content\/uploads\/2023\/06\/IMG_7092-scaled-e1687358989420.jpeg 1920w\" sizes=\"auto, (max-width: 1024px) 100vw, 1024px\" \/><img loading=\"lazy\" decoding=\"async\" width=\"1024\" height=\"618\" src=\"https:\/\/turismo.regedouro.com\/wp-content\/uploads\/2023\/06\/IMG_7174-scaled-e1688565136321-1024x618.jpeg\" class=\"attachment-large size-large\" alt=\"\" srcset=\"https:\/\/turismo.regedouro.com\/wp-content\/uploads\/2023\/06\/IMG_7174-scaled-e1688565136321-1024x618.jpeg 1024w, https:\/\/turismo.regedouro.com\/wp-content\/uploads\/2023\/06\/IMG_7174-scaled-e1688565136321-300x181.jpeg 300w, https:\/\/turismo.regedouro.com\/wp-content\/uploads\/2023\/06\/IMG_7174-scaled-e1688565136321-768x463.jpeg 768w, https:\/\/turismo.regedouro.com\/wp-content\/uploads\/2023\/06\/IMG_7174-scaled-e1688565136321-1536x926.jpeg 1536w, https:\/\/turismo.regedouro.com\/wp-content\/uploads\/2023\/06\/IMG_7174-scaled-e1688565136321.jpeg 1920w\" sizes=\"auto, (max-width: 1024px) 100vw, 1024px\" \/><img loading=\"lazy\" decoding=\"async\" width=\"1024\" height=\"532\" src=\"https:\/\/turismo.regedouro.com\/wp-content\/uploads\/2023\/06\/baguinho-e-esposa-e1688565280762-1024x532.jpg\" class=\"attachment-large size-large\" alt=\"\" srcset=\"https:\/\/turismo.regedouro.com\/wp-content\/uploads\/2023\/06\/baguinho-e-esposa-e1688565280762-1024x532.jpg 1024w, https:\/\/turismo.regedouro.com\/wp-content\/uploads\/2023\/06\/baguinho-e-esposa-e1688565280762-300x156.jpg 300w, https:\/\/turismo.regedouro.com\/wp-content\/uploads\/2023\/06\/baguinho-e-esposa-e1688565280762-768x399.jpg 768w, https:\/\/turismo.regedouro.com\/wp-content\/uploads\/2023\/06\/baguinho-e-esposa-e1688565280762.jpg 1364w\" sizes=\"auto, (max-width: 1024px) 100vw, 1024px\" \/><img loading=\"lazy\" decoding=\"async\" width=\"1024\" height=\"683\" src=\"https:\/\/turismo.regedouro.com\/wp-content\/uploads\/2023\/07\/DSC3958-scaled-e1689265263162-1024x683.jpg\" class=\"attachment-large size-large\" alt=\"\" srcset=\"https:\/\/turismo.regedouro.com\/wp-content\/uploads\/2023\/07\/DSC3958-scaled-e1689265263162-1024x683.jpg 1024w, https:\/\/turismo.regedouro.com\/wp-content\/uploads\/2023\/07\/DSC3958-scaled-e1689265263162-300x200.jpg 300w, https:\/\/turismo.regedouro.com\/wp-content\/uploads\/2023\/07\/DSC3958-scaled-e1689265263162-480x320.jpg 480w, https:\/\/turismo.regedouro.com\/wp-content\/uploads\/2023\/07\/DSC3958-scaled-e1689265263162-720x480.jpg 720w, https:\/\/turismo.regedouro.com\/wp-content\/uploads\/2023\/07\/DSC3958-scaled-e1689265263162-1440x961.jpg 1440w, https:\/\/turismo.regedouro.com\/wp-content\/uploads\/2023\/07\/DSC3958-scaled-e1689265263162-1920x1281.jpg 1920w, https:\/\/turismo.regedouro.com\/wp-content\/uploads\/2023\/07\/DSC3958-scaled-e1689265263162-768x512.jpg 768w, https:\/\/turismo.regedouro.com\/wp-content\/uploads\/2023\/07\/DSC3958-scaled-e1689265263162-1536x1025.jpg 1536w, https:\/\/turismo.regedouro.com\/wp-content\/uploads\/2023\/07\/DSC3958-scaled-e1689265263162-2048x1366.jpg 2048w\" sizes=\"auto, (max-width: 1024px) 100vw, 1024px\" \/><img loading=\"lazy\" decoding=\"async\" width=\"1024\" height=\"652\" src=\"https:\/\/turismo.regedouro.com\/wp-content\/uploads\/2023\/06\/IMG_6994-scaled-e1688565231226-1024x652.jpeg\" class=\"attachment-large size-large\" alt=\"\" srcset=\"https:\/\/turismo.regedouro.com\/wp-content\/uploads\/2023\/06\/IMG_6994-scaled-e1688565231226-1024x652.jpeg 1024w, https:\/\/turismo.regedouro.com\/wp-content\/uploads\/2023\/06\/IMG_6994-scaled-e1688565231226-300x191.jpeg 300w, https:\/\/turismo.regedouro.com\/wp-content\/uploads\/2023\/06\/IMG_6994-scaled-e1688565231226-768x489.jpeg 768w, https:\/\/turismo.regedouro.com\/wp-content\/uploads\/2023\/06\/IMG_6994-scaled-e1688565231226-1536x978.jpeg 1536w, https:\/\/turismo.regedouro.com\/wp-content\/uploads\/2023\/06\/IMG_6994-scaled-e1688565231226.jpeg 1920w\" sizes=\"auto, (max-width: 1024px) 100vw, 1024px\" \/><img loading=\"lazy\" decoding=\"async\" width=\"1024\" height=\"639\" src=\"https:\/\/turismo.regedouro.com\/wp-content\/uploads\/2023\/07\/IMG_2496-scaled-e1688580974239-1024x639.jpg\" class=\"attachment-large size-large\" alt=\"\" srcset=\"https:\/\/turismo.regedouro.com\/wp-content\/uploads\/2023\/07\/IMG_2496-scaled-e1688580974239-1024x639.jpg 1024w, https:\/\/turismo.regedouro.com\/wp-content\/uploads\/2023\/07\/IMG_2496-scaled-e1688580974239-300x187.jpg 300w, https:\/\/turismo.regedouro.com\/wp-content\/uploads\/2023\/07\/IMG_2496-scaled-e1688580974239-768x479.jpg 768w, https:\/\/turismo.regedouro.com\/wp-content\/uploads\/2023\/07\/IMG_2496-scaled-e1688580974239-1536x958.jpg 1536w, https:\/\/turismo.regedouro.com\/wp-content\/uploads\/2023\/07\/IMG_2496-scaled-e1688580974239.jpg 1702w\" sizes=\"auto, (max-width: 1024px) 100vw, 1024px\" \/><img loading=\"lazy\" decoding=\"async\" width=\"768\" height=\"1024\" src=\"https:\/\/turismo.regedouro.com\/wp-content\/uploads\/2023\/06\/IMG-20201101-WA0010-768x1024.jpg\" class=\"attachment-large size-large\" alt=\"\" srcset=\"https:\/\/turismo.regedouro.com\/wp-content\/uploads\/2023\/06\/IMG-20201101-WA0010-768x1024.jpg 768w, https:\/\/turismo.regedouro.com\/wp-content\/uploads\/2023\/06\/IMG-20201101-WA0010-225x300.jpg 225w, https:\/\/turismo.regedouro.com\/wp-content\/uploads\/2023\/06\/IMG-20201101-WA0010-1152x1536.jpg 1152w, https:\/\/turismo.regedouro.com\/wp-content\/uploads\/2023\/06\/IMG-20201101-WA0010.jpg 1440w\" sizes=\"auto, (max-width: 768px) 100vw, 768px\" \/><img loading=\"lazy\" decoding=\"async\" width=\"1024\" height=\"640\" src=\"https:\/\/turismo.regedouro.com\/wp-content\/uploads\/2023\/07\/IMG_2469-scaled-e1688580534939-1024x640.jpg\" class=\"attachment-large size-large\" alt=\"\" srcset=\"https:\/\/turismo.regedouro.com\/wp-content\/uploads\/2023\/07\/IMG_2469-scaled-e1688580534939-1024x640.jpg 1024w, https:\/\/turismo.regedouro.com\/wp-content\/uploads\/2023\/07\/IMG_2469-scaled-e1688580534939-300x187.jpg 300w, https:\/\/turismo.regedouro.com\/wp-content\/uploads\/2023\/07\/IMG_2469-scaled-e1688580534939-768x480.jpg 768w, https:\/\/turismo.regedouro.com\/wp-content\/uploads\/2023\/07\/IMG_2469-scaled-e1688580534939-1536x959.jpg 1536w, https:\/\/turismo.regedouro.com\/wp-content\/uploads\/2023\/07\/IMG_2469-scaled-e1688580534939.jpg 1702w\" sizes=\"auto, (max-width: 1024px) 100vw, 1024px\" \/><img loading=\"lazy\" decoding=\"async\" width=\"1024\" height=\"649\" src=\"https:\/\/turismo.regedouro.com\/wp-content\/uploads\/2023\/07\/DSC3939-scaled-e1689265201685-1024x649.jpg\" class=\"attachment-large size-large\" alt=\"\" srcset=\"https:\/\/turismo.regedouro.com\/wp-content\/uploads\/2023\/07\/DSC3939-scaled-e1689265201685-1024x649.jpg 1024w, https:\/\/turismo.regedouro.com\/wp-content\/uploads\/2023\/07\/DSC3939-scaled-e1689265201685-300x190.jpg 300w, https:\/\/turismo.regedouro.com\/wp-content\/uploads\/2023\/07\/DSC3939-scaled-e1689265201685-480x304.jpg 480w, https:\/\/turismo.regedouro.com\/wp-content\/uploads\/2023\/07\/DSC3939-scaled-e1689265201685-720x456.jpg 720w, https:\/\/turismo.regedouro.com\/wp-content\/uploads\/2023\/07\/DSC3939-scaled-e1689265201685-1440x913.jpg 1440w, https:\/\/turismo.regedouro.com\/wp-content\/uploads\/2023\/07\/DSC3939-scaled-e1689265201685-1920x1217.jpg 1920w, https:\/\/turismo.regedouro.com\/wp-content\/uploads\/2023\/07\/DSC3939-scaled-e1689265201685-768x487.jpg 768w, https:\/\/turismo.regedouro.com\/wp-content\/uploads\/2023\/07\/DSC3939-scaled-e1689265201685-1536x973.jpg 1536w, https:\/\/turismo.regedouro.com\/wp-content\/uploads\/2023\/07\/DSC3939-scaled-e1689265201685-2048x1298.jpg 2048w\" sizes=\"auto, (max-width: 1024px) 100vw, 1024px\" \/><img loading=\"lazy\" decoding=\"async\" width=\"1024\" height=\"733\" src=\"https:\/\/turismo.regedouro.com\/wp-content\/uploads\/2023\/07\/DSC3951-scaled-e1689265289613-1024x733.jpg\" class=\"attachment-large size-large\" alt=\"\" srcset=\"https:\/\/turismo.regedouro.com\/wp-content\/uploads\/2023\/07\/DSC3951-scaled-e1689265289613-1024x733.jpg 1024w, https:\/\/turismo.regedouro.com\/wp-content\/uploads\/2023\/07\/DSC3951-scaled-e1689265289613-300x215.jpg 300w, https:\/\/turismo.regedouro.com\/wp-content\/uploads\/2023\/07\/DSC3951-scaled-e1689265289613-480x344.jpg 480w, https:\/\/turismo.regedouro.com\/wp-content\/uploads\/2023\/07\/DSC3951-scaled-e1689265289613-720x515.jpg 720w, https:\/\/turismo.regedouro.com\/wp-content\/uploads\/2023\/07\/DSC3951-scaled-e1689265289613-1440x1031.jpg 1440w, https:\/\/turismo.regedouro.com\/wp-content\/uploads\/2023\/07\/DSC3951-scaled-e1689265289613-1920x1374.jpg 1920w, https:\/\/turismo.regedouro.com\/wp-content\/uploads\/2023\/07\/DSC3951-scaled-e1689265289613-768x550.jpg 768w, https:\/\/turismo.regedouro.com\/wp-content\/uploads\/2023\/07\/DSC3951-scaled-e1689265289613-1536x1100.jpg 1536w, https:\/\/turismo.regedouro.com\/wp-content\/uploads\/2023\/07\/DSC3951-scaled-e1689265289613-2048x1466.jpg 2048w\" sizes=\"auto, (max-width: 1024px) 100vw, 1024px\" \/>\t\t\t\t<\/div>\n\t\t\t<\/div>\n\t\t    <\/div>\n<\/div>\n\n\n<div class=\"container-lg  row-com-imagens posicao-imagens-direita row-com-imagens__slider_simples is-slider\">\n    <div class=\"row gx-lg-6\">\n        <div class=\"col-lg-12 align-center texto\">\n            <h2>Un Sue\u00f1o Transformado en Turismo de Aldea<\/h2>\n            <div><p data-start=\"73\" data-end=\"470\">El proyecto de rehabilitaci\u00f3n de S\u00e3o Br\u00e1s do Regedouro naci\u00f3 de un simple viaje en familia, donde un padre y sus hijos descubrieron esta peque\u00f1a aldea y se enamoraron de la autenticidad de su gente y del ritmo sereno de la vida rural. Vieron aqu\u00ed m\u00e1s que un refugio: una oportunidad para revitalizar la aldea, crear empleo para sus habitantes y compartir este lugar especial con el mundo.<\/p>\n<p data-start=\"441\" data-end=\"746\">As\u00ed naci\u00f3 S\u00e3o Br\u00e1s do Regedouro \u2013 Turismo en la Aldea, un proyecto que honra a la comunidad y la cultura local. Con la recuperaci\u00f3n de 15 casas tradicionales y la creaci\u00f3n de espacios de ocio, el alojamiento invita a visitantes y aldeanos a compartir momentos, historias y la tranquilidad del lugar.<\/p>\n<p data-start=\"748\" data-end=\"914\" data-is-last-node=\"\">M\u00e1s que un destino, este es un compromiso genuino con el turismo sostenible, la preservaci\u00f3n de la identidad alentejana y la celebraci\u00f3n de un modo de vida aut\u00e9ntico.<\/p>\n<\/div>\n                    <\/div>\n        \t\t\t<div class=\"col-lg-12 align-center imagens imagens-slider imagens-slider-simples\">\n\t\t\t\t<div class=\"carousel--main\">\n                    <img loading=\"lazy\" decoding=\"async\" width=\"1024\" height=\"576\" src=\"https:\/\/turismo.regedouro.com\/wp-content\/uploads\/2023\/06\/20181114_123049-1024x576.jpg\" class=\"attachment-large size-large\" alt=\"Casa da talha e do tanque antes da reforma\" srcset=\"https:\/\/turismo.regedouro.com\/wp-content\/uploads\/2023\/06\/20181114_123049-1024x576.jpg 1024w, https:\/\/turismo.regedouro.com\/wp-content\/uploads\/2023\/06\/20181114_123049-300x169.jpg 300w, https:\/\/turismo.regedouro.com\/wp-content\/uploads\/2023\/06\/20181114_123049-768x432.jpg 768w, https:\/\/turismo.regedouro.com\/wp-content\/uploads\/2023\/06\/20181114_123049-1536x864.jpg 1536w, https:\/\/turismo.regedouro.com\/wp-content\/uploads\/2023\/06\/20181114_123049-2048x1152.jpg 2048w\" sizes=\"auto, (max-width: 1024px) 100vw, 1024px\" \/><img loading=\"lazy\" decoding=\"async\" width=\"1024\" height=\"683\" src=\"https:\/\/turismo.regedouro.com\/wp-content\/uploads\/2023\/07\/Copia-de-038-1024x683.jpg\" class=\"attachment-large size-large\" alt=\"Vista area de conv\u00edvio da aldeia\" srcset=\"https:\/\/turismo.regedouro.com\/wp-content\/uploads\/2023\/07\/Copia-de-038-1024x683.jpg 1024w, https:\/\/turismo.regedouro.com\/wp-content\/uploads\/2023\/07\/Copia-de-038-300x200.jpg 300w, https:\/\/turismo.regedouro.com\/wp-content\/uploads\/2023\/07\/Copia-de-038-480x320.jpg 480w, https:\/\/turismo.regedouro.com\/wp-content\/uploads\/2023\/07\/Copia-de-038-720x480.jpg 720w, https:\/\/turismo.regedouro.com\/wp-content\/uploads\/2023\/07\/Copia-de-038-1440x960.jpg 1440w, https:\/\/turismo.regedouro.com\/wp-content\/uploads\/2023\/07\/Copia-de-038-1920x1280.jpg 1920w, https:\/\/turismo.regedouro.com\/wp-content\/uploads\/2023\/07\/Copia-de-038-scaled-e1691763608579.jpg 2000w\" sizes=\"auto, (max-width: 1024px) 100vw, 1024px\" \/><img loading=\"lazy\" decoding=\"async\" width=\"1024\" height=\"768\" src=\"https:\/\/turismo.regedouro.com\/wp-content\/uploads\/2023\/06\/IMG_20190802_092431-1024x768.jpg\" class=\"attachment-large size-large\" alt=\"tanque pr\u00e9 reforma\" srcset=\"https:\/\/turismo.regedouro.com\/wp-content\/uploads\/2023\/06\/IMG_20190802_092431-1024x768.jpg 1024w, https:\/\/turismo.regedouro.com\/wp-content\/uploads\/2023\/06\/IMG_20190802_092431-300x225.jpg 300w, https:\/\/turismo.regedouro.com\/wp-content\/uploads\/2023\/06\/IMG_20190802_092431-768x576.jpg 768w, https:\/\/turismo.regedouro.com\/wp-content\/uploads\/2023\/06\/IMG_20190802_092431-1536x1152.jpg 1536w, https:\/\/turismo.regedouro.com\/wp-content\/uploads\/2023\/06\/IMG_20190802_092431-2048x1536.jpg 2048w\" sizes=\"auto, (max-width: 1024px) 100vw, 1024px\" \/><img loading=\"lazy\" decoding=\"async\" width=\"1024\" height=\"683\" src=\"https:\/\/turismo.regedouro.com\/wp-content\/uploads\/2023\/07\/DSC04553-1024x683.jpg\" class=\"attachment-large size-large\" alt=\"vista do tanque com menina a ler\" srcset=\"https:\/\/turismo.regedouro.com\/wp-content\/uploads\/2023\/07\/DSC04553-1024x683.jpg 1024w, https:\/\/turismo.regedouro.com\/wp-content\/uploads\/2023\/07\/DSC04553-300x200.jpg 300w, https:\/\/turismo.regedouro.com\/wp-content\/uploads\/2023\/07\/DSC04553-480x320.jpg 480w, https:\/\/turismo.regedouro.com\/wp-content\/uploads\/2023\/07\/DSC04553-720x480.jpg 720w, https:\/\/turismo.regedouro.com\/wp-content\/uploads\/2023\/07\/DSC04553-1440x960.jpg 1440w, https:\/\/turismo.regedouro.com\/wp-content\/uploads\/2023\/07\/DSC04553-1920x1280.jpg 1920w, https:\/\/turismo.regedouro.com\/wp-content\/uploads\/2023\/07\/DSC04553-scaled-e1691763669960.jpg 2000w\" sizes=\"auto, (max-width: 1024px) 100vw, 1024px\" \/><img loading=\"lazy\" decoding=\"async\" width=\"1024\" height=\"768\" src=\"https:\/\/turismo.regedouro.com\/wp-content\/uploads\/2023\/06\/20190209_081015-1024x768.jpg\" class=\"attachment-large size-large\" alt=\"casa sapateiro em reforma\" srcset=\"https:\/\/turismo.regedouro.com\/wp-content\/uploads\/2023\/06\/20190209_081015-1024x768.jpg 1024w, https:\/\/turismo.regedouro.com\/wp-content\/uploads\/2023\/06\/20190209_081015-300x225.jpg 300w, https:\/\/turismo.regedouro.com\/wp-content\/uploads\/2023\/06\/20190209_081015-768x576.jpg 768w, https:\/\/turismo.regedouro.com\/wp-content\/uploads\/2023\/06\/20190209_081015-1536x1152.jpg 1536w, https:\/\/turismo.regedouro.com\/wp-content\/uploads\/2023\/06\/20190209_081015-2048x1536.jpg 2048w\" sizes=\"auto, (max-width: 1024px) 100vw, 1024px\" \/><img loading=\"lazy\" decoding=\"async\" width=\"1024\" height=\"683\" src=\"https:\/\/turismo.regedouro.com\/wp-content\/uploads\/2023\/07\/003-9-1024x683.jpg\" class=\"attachment-large size-large\" alt=\"Casa sapateiro atual\" srcset=\"https:\/\/turismo.regedouro.com\/wp-content\/uploads\/2023\/07\/003-9-1024x683.jpg 1024w, https:\/\/turismo.regedouro.com\/wp-content\/uploads\/2023\/07\/003-9-300x200.jpg 300w, https:\/\/turismo.regedouro.com\/wp-content\/uploads\/2023\/07\/003-9-480x320.jpg 480w, https:\/\/turismo.regedouro.com\/wp-content\/uploads\/2023\/07\/003-9-720x480.jpg 720w, https:\/\/turismo.regedouro.com\/wp-content\/uploads\/2023\/07\/003-9-1440x960.jpg 1440w, https:\/\/turismo.regedouro.com\/wp-content\/uploads\/2023\/07\/003-9-1920x1280.jpg 1920w, https:\/\/turismo.regedouro.com\/wp-content\/uploads\/2023\/07\/003-9-scaled-e1691763637789.jpg 2000w\" sizes=\"auto, (max-width: 1024px) 100vw, 1024px\" \/><img loading=\"lazy\" decoding=\"async\" width=\"1024\" height=\"576\" src=\"https:\/\/turismo.regedouro.com\/wp-content\/uploads\/2023\/06\/20170416_175624-1024x576.jpg\" class=\"attachment-large size-large\" alt=\"Reforma na Aldeia\" srcset=\"https:\/\/turismo.regedouro.com\/wp-content\/uploads\/2023\/06\/20170416_175624-1024x576.jpg 1024w, https:\/\/turismo.regedouro.com\/wp-content\/uploads\/2023\/06\/20170416_175624-300x169.jpg 300w, https:\/\/turismo.regedouro.com\/wp-content\/uploads\/2023\/06\/20170416_175624-768x432.jpg 768w, https:\/\/turismo.regedouro.com\/wp-content\/uploads\/2023\/06\/20170416_175624-1536x864.jpg 1536w, https:\/\/turismo.regedouro.com\/wp-content\/uploads\/2023\/06\/20170416_175624-2048x1152.jpg 2048w\" sizes=\"auto, (max-width: 1024px) 100vw, 1024px\" \/><img loading=\"lazy\" decoding=\"async\" width=\"1024\" height=\"575\" src=\"https:\/\/turismo.regedouro.com\/wp-content\/uploads\/2023\/06\/DSCF0039-1024x575.jpg\" class=\"attachment-large size-large\" alt=\"Reforma na Aldeia casas\" srcset=\"https:\/\/turismo.regedouro.com\/wp-content\/uploads\/2023\/06\/DSCF0039-1024x575.jpg 1024w, https:\/\/turismo.regedouro.com\/wp-content\/uploads\/2023\/06\/DSCF0039-300x169.jpg 300w, https:\/\/turismo.regedouro.com\/wp-content\/uploads\/2023\/06\/DSCF0039-768x432.jpg 768w, https:\/\/turismo.regedouro.com\/wp-content\/uploads\/2023\/06\/DSCF0039-1536x863.jpg 1536w, https:\/\/turismo.regedouro.com\/wp-content\/uploads\/2023\/06\/DSCF0039-2048x1151.jpg 2048w\" sizes=\"auto, (max-width: 1024px) 100vw, 1024px\" \/><img loading=\"lazy\" decoding=\"async\" width=\"1024\" height=\"575\" src=\"https:\/\/turismo.regedouro.com\/wp-content\/uploads\/2023\/06\/DSCF1641-1024x575.jpg\" class=\"attachment-large size-large\" alt=\"Reforma na Aldeia posto m\u00e9dico\" srcset=\"https:\/\/turismo.regedouro.com\/wp-content\/uploads\/2023\/06\/DSCF1641-1024x575.jpg 1024w, https:\/\/turismo.regedouro.com\/wp-content\/uploads\/2023\/06\/DSCF1641-300x169.jpg 300w, https:\/\/turismo.regedouro.com\/wp-content\/uploads\/2023\/06\/DSCF1641-768x432.jpg 768w, https:\/\/turismo.regedouro.com\/wp-content\/uploads\/2023\/06\/DSCF1641-1536x863.jpg 1536w, https:\/\/turismo.regedouro.com\/wp-content\/uploads\/2023\/06\/DSCF1641-2048x1151.jpg 2048w\" sizes=\"auto, (max-width: 1024px) 100vw, 1024px\" \/><img loading=\"lazy\" decoding=\"async\" width=\"1024\" height=\"575\" src=\"https:\/\/turismo.regedouro.com\/wp-content\/uploads\/2023\/06\/DSCF1825-1024x575.jpg\" class=\"attachment-large size-large\" alt=\"Reforma na Aldeia casa azul\" srcset=\"https:\/\/turismo.regedouro.com\/wp-content\/uploads\/2023\/06\/DSCF1825-1024x575.jpg 1024w, https:\/\/turismo.regedouro.com\/wp-content\/uploads\/2023\/06\/DSCF1825-300x169.jpg 300w, https:\/\/turismo.regedouro.com\/wp-content\/uploads\/2023\/06\/DSCF1825-768x432.jpg 768w, https:\/\/turismo.regedouro.com\/wp-content\/uploads\/2023\/06\/DSCF1825-1536x863.jpg 1536w, https:\/\/turismo.regedouro.com\/wp-content\/uploads\/2023\/06\/DSCF1825-2048x1151.jpg 2048w\" sizes=\"auto, (max-width: 1024px) 100vw, 1024px\" \/><img loading=\"lazy\" decoding=\"async\" width=\"1024\" height=\"575\" src=\"https:\/\/turismo.regedouro.com\/wp-content\/uploads\/2023\/06\/DSCF4400-1024x575.jpg\" class=\"attachment-large size-large\" alt=\"restaura\u00e7\u00e3o do forno\" srcset=\"https:\/\/turismo.regedouro.com\/wp-content\/uploads\/2023\/06\/DSCF4400-1024x575.jpg 1024w, https:\/\/turismo.regedouro.com\/wp-content\/uploads\/2023\/06\/DSCF4400-300x169.jpg 300w, https:\/\/turismo.regedouro.com\/wp-content\/uploads\/2023\/06\/DSCF4400-768x432.jpg 768w, https:\/\/turismo.regedouro.com\/wp-content\/uploads\/2023\/06\/DSCF4400-1536x863.jpg 1536w, https:\/\/turismo.regedouro.com\/wp-content\/uploads\/2023\/06\/DSCF4400-2048x1151.jpg 2048w\" sizes=\"auto, (max-width: 1024px) 100vw, 1024px\" \/><img loading=\"lazy\" decoding=\"async\" width=\"1024\" height=\"683\" src=\"https:\/\/turismo.regedouro.com\/wp-content\/uploads\/2023\/06\/IMG_4345-1024x683.jpg\" class=\"attachment-large size-large\" alt=\"Casas em Reforma na aldeia\" srcset=\"https:\/\/turismo.regedouro.com\/wp-content\/uploads\/2023\/06\/IMG_4345-1024x683.jpg 1024w, https:\/\/turismo.regedouro.com\/wp-content\/uploads\/2023\/06\/IMG_4345-300x200.jpg 300w, https:\/\/turismo.regedouro.com\/wp-content\/uploads\/2023\/06\/IMG_4345-768x512.jpg 768w, https:\/\/turismo.regedouro.com\/wp-content\/uploads\/2023\/06\/IMG_4345-1536x1024.jpg 1536w, https:\/\/turismo.regedouro.com\/wp-content\/uploads\/2023\/06\/IMG_4345-2048x1365.jpg 2048w\" sizes=\"auto, (max-width: 1024px) 100vw, 1024px\" \/><img loading=\"lazy\" decoding=\"async\" width=\"1024\" height=\"683\" src=\"https:\/\/turismo.regedouro.com\/wp-content\/uploads\/2023\/06\/IMG_3090-1024x683.jpg\" class=\"attachment-large size-large\" alt=\"Galp\u00e3o em reforma\" srcset=\"https:\/\/turismo.regedouro.com\/wp-content\/uploads\/2023\/06\/IMG_3090-1024x683.jpg 1024w, https:\/\/turismo.regedouro.com\/wp-content\/uploads\/2023\/06\/IMG_3090-300x200.jpg 300w, https:\/\/turismo.regedouro.com\/wp-content\/uploads\/2023\/06\/IMG_3090-768x512.jpg 768w, https:\/\/turismo.regedouro.com\/wp-content\/uploads\/2023\/06\/IMG_3090-1536x1024.jpg 1536w, https:\/\/turismo.regedouro.com\/wp-content\/uploads\/2023\/06\/IMG_3090-2048x1365.jpg 2048w\" sizes=\"auto, (max-width: 1024px) 100vw, 1024px\" \/><img loading=\"lazy\" decoding=\"async\" width=\"1024\" height=\"576\" src=\"https:\/\/turismo.regedouro.com\/wp-content\/uploads\/2023\/06\/20181124_121343-1024x576.jpg\" class=\"attachment-large size-large\" alt=\"restaura\u00e7\u00e3o da casa forno\" srcset=\"https:\/\/turismo.regedouro.com\/wp-content\/uploads\/2023\/06\/20181124_121343-1024x576.jpg 1024w, https:\/\/turismo.regedouro.com\/wp-content\/uploads\/2023\/06\/20181124_121343-300x169.jpg 300w, https:\/\/turismo.regedouro.com\/wp-content\/uploads\/2023\/06\/20181124_121343-768x432.jpg 768w, https:\/\/turismo.regedouro.com\/wp-content\/uploads\/2023\/06\/20181124_121343-1536x864.jpg 1536w, https:\/\/turismo.regedouro.com\/wp-content\/uploads\/2023\/06\/20181124_121343-2048x1152.jpg 2048w\" sizes=\"auto, (max-width: 1024px) 100vw, 1024px\" \/><img loading=\"lazy\" decoding=\"async\" width=\"1024\" height=\"575\" src=\"https:\/\/turismo.regedouro.com\/wp-content\/uploads\/2023\/06\/DSCF4421-1024x575.jpg\" class=\"attachment-large size-large\" alt=\"Casas durante a reforma\" srcset=\"https:\/\/turismo.regedouro.com\/wp-content\/uploads\/2023\/06\/DSCF4421-1024x575.jpg 1024w, https:\/\/turismo.regedouro.com\/wp-content\/uploads\/2023\/06\/DSCF4421-300x169.jpg 300w, https:\/\/turismo.regedouro.com\/wp-content\/uploads\/2023\/06\/DSCF4421-768x432.jpg 768w, https:\/\/turismo.regedouro.com\/wp-content\/uploads\/2023\/06\/DSCF4421-1536x863.jpg 1536w, https:\/\/turismo.regedouro.com\/wp-content\/uploads\/2023\/06\/DSCF4421-2048x1151.jpg 2048w\" sizes=\"auto, (max-width: 1024px) 100vw, 1024px\" \/>\t\t\t\t<\/div>\n\t\t\t<\/div>\n\t\t    <\/div>\n<\/div>","protected":false},"excerpt":{"rendered":"<p>\u00a1Descubre la encantadora historia de la Aldea!<\/p>\n","protected":false},"author":1,"featured_media":88,"parent":0,"menu_order":0,"comment_status":"closed","ping_status":"closed","template":"","meta":{"_acf_changed":false,"_joinchat":[],"footnotes":""},"class_list":["post-2","page","type-page","status-publish","has-post-thumbnail"],"acf":[],"yoast_head":"<!-- This site is optimized with the Yoast SEO plugin v27.4 - https:\/\/yoast.com\/product\/yoast-seo-wordpress\/ -->\n<title>Conforto na Aldeia - S\u00e3o Br\u00e1s do Regedouro<\/title>\n<meta name=\"description\" content=\"Visita uma aldeia no cora\u00e7\u00e3o do alentejo que une o conforto a tradi\u00e7\u00e3o e valoriza\u00e7\u00e3o regional desta \u00e1rea t\u00e3o rica em hist\u00f3ria.\" \/>\n<meta name=\"robots\" content=\"index, follow, max-snippet:-1, max-image-preview:large, max-video-preview:-1\" \/>\n<link rel=\"canonical\" href=\"https:\/\/turismo.regedouro.com\/aldeia\/\" \/>\n<meta property=\"og:locale\" content=\"es_ES\" \/>\n<meta property=\"og:type\" content=\"article\" \/>\n<meta property=\"og:title\" content=\"S\u00e3o Br\u00e1s do Regedouro - Aldeia\" \/>\n<meta property=\"og:description\" content=\"Visita uma aldeia no cora\u00e7\u00e3o do alentejo que une o conforto a tradi\u00e7\u00e3o e valoriza\u00e7\u00e3o regional desta \u00e1rea t\u00e3o rica em hist\u00f3ria.\" \/>\n<meta property=\"og:url\" content=\"https:\/\/turismo.regedouro.com\/aldeia\/\" \/>\n<meta property=\"og:site_name\" content=\"S\u00e3o Br\u00e1s do Regedouro\" \/>\n<meta property=\"article:publisher\" content=\"https:\/\/www.facebook.com\/saobrasdoregedouro\" \/>\n<meta property=\"article:modified_time\" content=\"2025-02-17T14:56:34+00:00\" \/>\n<meta property=\"og:image\" content=\"https:\/\/turismo.regedouro.com\/wp-content\/uploads\/2023\/06\/t2-005-scaled.jpg\" \/>\n\t<meta property=\"og:image:width\" content=\"2560\" \/>\n\t<meta property=\"og:image:height\" content=\"1707\" \/>\n\t<meta property=\"og:image:type\" content=\"image\/jpeg\" \/>\n<meta name=\"twitter:card\" content=\"summary_large_image\" \/>\n<meta name=\"twitter:label1\" content=\"Tiempo de lectura\" \/>\n\t<meta name=\"twitter:data1\" content=\"1 minuto\" \/>\n<script type=\"application\/ld+json\" class=\"yoast-schema-graph\">{\"@context\":\"https:\\\/\\\/schema.org\",\"@graph\":[{\"@type\":\"WebPage\",\"@id\":\"https:\\\/\\\/turismo.regedouro.com\\\/aldeia\\\/\",\"url\":\"https:\\\/\\\/turismo.regedouro.com\\\/aldeia\\\/\",\"name\":\"Conforto na Aldeia - S\u00e3o Br\u00e1s do Regedouro\",\"isPartOf\":{\"@id\":\"https:\\\/\\\/turismo.regedouro.com\\\/#website\"},\"primaryImageOfPage\":{\"@id\":\"https:\\\/\\\/turismo.regedouro.com\\\/aldeia\\\/#primaryimage\"},\"image\":{\"@id\":\"https:\\\/\\\/turismo.regedouro.com\\\/aldeia\\\/#primaryimage\"},\"thumbnailUrl\":\"https:\\\/\\\/turismo.regedouro.com\\\/wp-content\\\/uploads\\\/2023\\\/06\\\/IMG_3811.png\",\"datePublished\":\"2023-06-12T10:25:08+00:00\",\"dateModified\":\"2025-02-17T14:56:34+00:00\",\"description\":\"Visita uma aldeia no cora\u00e7\u00e3o do alentejo que une o conforto a tradi\u00e7\u00e3o e valoriza\u00e7\u00e3o regional desta \u00e1rea t\u00e3o rica em hist\u00f3ria.\",\"breadcrumb\":{\"@id\":\"https:\\\/\\\/turismo.regedouro.com\\\/aldeia\\\/#breadcrumb\"},\"inLanguage\":\"es\",\"potentialAction\":[{\"@type\":\"ReadAction\",\"target\":[\"https:\\\/\\\/turismo.regedouro.com\\\/aldeia\\\/\"]}]},{\"@type\":\"ImageObject\",\"inLanguage\":\"es\",\"@id\":\"https:\\\/\\\/turismo.regedouro.com\\\/aldeia\\\/#primaryimage\",\"url\":\"https:\\\/\\\/turismo.regedouro.com\\\/wp-content\\\/uploads\\\/2023\\\/06\\\/IMG_3811.png\",\"contentUrl\":\"https:\\\/\\\/turismo.regedouro.com\\\/wp-content\\\/uploads\\\/2023\\\/06\\\/IMG_3811.png\",\"width\":2047,\"height\":2048,\"caption\":\"Conforto na Aldeia\"},{\"@type\":\"BreadcrumbList\",\"@id\":\"https:\\\/\\\/turismo.regedouro.com\\\/aldeia\\\/#breadcrumb\",\"itemListElement\":[{\"@type\":\"ListItem\",\"position\":1,\"name\":\"Home\",\"item\":\"https:\\\/\\\/turismo.regedouro.com\\\/es\\\/\"},{\"@type\":\"ListItem\",\"position\":2,\"name\":\"Aldeia\"}]},{\"@type\":\"WebSite\",\"@id\":\"https:\\\/\\\/turismo.regedouro.com\\\/#website\",\"url\":\"https:\\\/\\\/turismo.regedouro.com\\\/\",\"name\":\"S\u00e3o Br\u00e1s do Regedouro - Turismo na Aldeia\",\"description\":\"Turismo na Aldeia\",\"publisher\":{\"@id\":\"https:\\\/\\\/turismo.regedouro.com\\\/#organization\"},\"potentialAction\":[{\"@type\":\"SearchAction\",\"target\":{\"@type\":\"EntryPoint\",\"urlTemplate\":\"https:\\\/\\\/turismo.regedouro.com\\\/?s={search_term_string}\"},\"query-input\":{\"@type\":\"PropertyValueSpecification\",\"valueRequired\":true,\"valueName\":\"search_term_string\"}}],\"inLanguage\":\"es\"},{\"@type\":\"Organization\",\"@id\":\"https:\\\/\\\/turismo.regedouro.com\\\/#organization\",\"name\":\"S\u00e3o Br\u00e1s do Regedouro - Turismo na Aldeia\",\"url\":\"https:\\\/\\\/turismo.regedouro.com\\\/\",\"logo\":{\"@type\":\"ImageObject\",\"inLanguage\":\"es\",\"@id\":\"https:\\\/\\\/turismo.regedouro.com\\\/#\\\/schema\\\/logo\\\/image\\\/\",\"url\":\"https:\\\/\\\/turismo.regedouro.com\\\/wp-content\\\/uploads\\\/2023\\\/06\\\/cropped-Horizontal_Azul-1.png\",\"contentUrl\":\"https:\\\/\\\/turismo.regedouro.com\\\/wp-content\\\/uploads\\\/2023\\\/06\\\/cropped-Horizontal_Azul-1.png\",\"width\":512,\"height\":512,\"caption\":\"S\u00e3o Br\u00e1s do Regedouro - Turismo na Aldeia\"},\"image\":{\"@id\":\"https:\\\/\\\/turismo.regedouro.com\\\/#\\\/schema\\\/logo\\\/image\\\/\"},\"sameAs\":[\"https:\\\/\\\/www.facebook.com\\\/saobrasdoregedouro\",\"https:\\\/\\\/www.instagram.com\\\/saobrasdoregedouro\\\/\"]}]}<\/script>\n<!-- \/ Yoast SEO plugin. -->","yoast_head_json":{"title":"Conforto na Aldeia - S\u00e3o Br\u00e1s do Regedouro","description":"Visita uma aldeia no cora\u00e7\u00e3o do alentejo que une o conforto a tradi\u00e7\u00e3o e valoriza\u00e7\u00e3o regional desta \u00e1rea t\u00e3o rica em hist\u00f3ria.","robots":{"index":"index","follow":"follow","max-snippet":"max-snippet:-1","max-image-preview":"max-image-preview:large","max-video-preview":"max-video-preview:-1"},"canonical":"https:\/\/turismo.regedouro.com\/aldeia\/","og_locale":"es_ES","og_type":"article","og_title":"S\u00e3o Br\u00e1s do Regedouro - Aldeia","og_description":"Visita uma aldeia no cora\u00e7\u00e3o do alentejo que une o conforto a tradi\u00e7\u00e3o e valoriza\u00e7\u00e3o regional desta \u00e1rea t\u00e3o rica em hist\u00f3ria.","og_url":"https:\/\/turismo.regedouro.com\/aldeia\/","og_site_name":"S\u00e3o Br\u00e1s do Regedouro","article_publisher":"https:\/\/www.facebook.com\/saobrasdoregedouro","article_modified_time":"2025-02-17T14:56:34+00:00","og_image":[{"width":2560,"height":1707,"url":"https:\/\/turismo.regedouro.com\/wp-content\/uploads\/2023\/06\/t2-005-scaled.jpg","type":"image\/jpeg"}],"twitter_card":"summary_large_image","twitter_misc":{"Tiempo de lectura":"1 minuto"},"schema":{"@context":"https:\/\/schema.org","@graph":[{"@type":"WebPage","@id":"https:\/\/turismo.regedouro.com\/aldeia\/","url":"https:\/\/turismo.regedouro.com\/aldeia\/","name":"Conforto na Aldeia - S\u00e3o Br\u00e1s do Regedouro","isPartOf":{"@id":"https:\/\/turismo.regedouro.com\/#website"},"primaryImageOfPage":{"@id":"https:\/\/turismo.regedouro.com\/aldeia\/#primaryimage"},"image":{"@id":"https:\/\/turismo.regedouro.com\/aldeia\/#primaryimage"},"thumbnailUrl":"https:\/\/turismo.regedouro.com\/wp-content\/uploads\/2023\/06\/IMG_3811.png","datePublished":"2023-06-12T10:25:08+00:00","dateModified":"2025-02-17T14:56:34+00:00","description":"Visita uma aldeia no cora\u00e7\u00e3o do alentejo que une o conforto a tradi\u00e7\u00e3o e valoriza\u00e7\u00e3o regional desta \u00e1rea t\u00e3o rica em hist\u00f3ria.","breadcrumb":{"@id":"https:\/\/turismo.regedouro.com\/aldeia\/#breadcrumb"},"inLanguage":"es","potentialAction":[{"@type":"ReadAction","target":["https:\/\/turismo.regedouro.com\/aldeia\/"]}]},{"@type":"ImageObject","inLanguage":"es","@id":"https:\/\/turismo.regedouro.com\/aldeia\/#primaryimage","url":"https:\/\/turismo.regedouro.com\/wp-content\/uploads\/2023\/06\/IMG_3811.png","contentUrl":"https:\/\/turismo.regedouro.com\/wp-content\/uploads\/2023\/06\/IMG_3811.png","width":2047,"height":2048,"caption":"Conforto na Aldeia"},{"@type":"BreadcrumbList","@id":"https:\/\/turismo.regedouro.com\/aldeia\/#breadcrumb","itemListElement":[{"@type":"ListItem","position":1,"name":"Home","item":"https:\/\/turismo.regedouro.com\/es\/"},{"@type":"ListItem","position":2,"name":"Aldeia"}]},{"@type":"WebSite","@id":"https:\/\/turismo.regedouro.com\/#website","url":"https:\/\/turismo.regedouro.com\/","name":"S\u00e3o Br\u00e1s do Regedouro - Turismo na Aldeia","description":"Turismo na Aldeia","publisher":{"@id":"https:\/\/turismo.regedouro.com\/#organization"},"potentialAction":[{"@type":"SearchAction","target":{"@type":"EntryPoint","urlTemplate":"https:\/\/turismo.regedouro.com\/?s={search_term_string}"},"query-input":{"@type":"PropertyValueSpecification","valueRequired":true,"valueName":"search_term_string"}}],"inLanguage":"es"},{"@type":"Organization","@id":"https:\/\/turismo.regedouro.com\/#organization","name":"S\u00e3o Br\u00e1s do Regedouro - Turismo na Aldeia","url":"https:\/\/turismo.regedouro.com\/","logo":{"@type":"ImageObject","inLanguage":"es","@id":"https:\/\/turismo.regedouro.com\/#\/schema\/logo\/image\/","url":"https:\/\/turismo.regedouro.com\/wp-content\/uploads\/2023\/06\/cropped-Horizontal_Azul-1.png","contentUrl":"https:\/\/turismo.regedouro.com\/wp-content\/uploads\/2023\/06\/cropped-Horizontal_Azul-1.png","width":512,"height":512,"caption":"S\u00e3o Br\u00e1s do Regedouro - Turismo na Aldeia"},"image":{"@id":"https:\/\/turismo.regedouro.com\/#\/schema\/logo\/image\/"},"sameAs":["https:\/\/www.facebook.com\/saobrasdoregedouro","https:\/\/www.instagram.com\/saobrasdoregedouro\/"]}]}},"_links":{"self":[{"href":"https:\/\/turismo.regedouro.com\/es\/wp-json\/wp\/v2\/pages\/2","targetHints":{"allow":["GET"]}}],"collection":[{"href":"https:\/\/turismo.regedouro.com\/es\/wp-json\/wp\/v2\/pages"}],"about":[{"href":"https:\/\/turismo.regedouro.com\/es\/wp-json\/wp\/v2\/types\/page"}],"author":[{"embeddable":true,"href":"https:\/\/turismo.regedouro.com\/es\/wp-json\/wp\/v2\/users\/1"}],"replies":[{"embeddable":true,"href":"https:\/\/turismo.regedouro.com\/es\/wp-json\/wp\/v2\/comments?post=2"}],"version-history":[{"count":139,"href":"https:\/\/turismo.regedouro.com\/es\/wp-json\/wp\/v2\/pages\/2\/revisions"}],"predecessor-version":[{"id":2312,"href":"https:\/\/turismo.regedouro.com\/es\/wp-json\/wp\/v2\/pages\/2\/revisions\/2312"}],"wp:featuredmedia":[{"embeddable":true,"href":"https:\/\/turismo.regedouro.com\/es\/wp-json\/wp\/v2\/media\/88"}],"wp:attachment":[{"href":"https:\/\/turismo.regedouro.com\/es\/wp-json\/wp\/v2\/media?parent=2"}],"curies":[{"name":"wp","href":"https:\/\/api.w.org\/{rel}","templated":true}]}}