{"id":147,"date":"2023-06-15T12:54:21","date_gmt":"2023-06-15T11:54:21","guid":{"rendered":"https:\/\/turismo.regedouro.com\/?page_id=147"},"modified":"2025-02-17T14:00:06","modified_gmt":"2025-02-17T14:00:06","slug":"eventos","status":"publish","type":"page","link":"https:\/\/turismo.regedouro.com\/en\/event\/","title":{"rendered":"Eventos"},"content":{"rendered":"<div class=\"row-imagem-inicial row-imagem-inicial__curta\"\r\n     style=\"background-image: var(--image-gradient), url('https:\/\/turismo.regedouro.com\/wp-content\/uploads\/2025\/02\/Casamento_MargaridaAndre-476-1920x1280.jpg')\">\r\n    <div class=\"container\">\r\n        <h1>eventos<\/h1>\r\n        \r\n    <\/div>\r\n\r\n<\/div>\r\n\r\n\n\n\n<h1 class=\"wp-block-heading has-text-align-center\">Memorable Events in the Alentejan Village<\/h1>\n\n\n<div class=\"container-lg  row-com-imagens posicao-imagens-direita row-com-imagens__slider_simples is-slider\">\n    <div class=\"row gx-lg-6\">\n        <div class=\"col-lg-12 align-center texto\">\n            <h2>Memorable Events<\/h2>\n            <div><p data-start=\"49\" data-end=\"311\">Our event space is truly special, offering the perfect setting for any occasion. Whether you\u2019re planning an intimate gathering or a grand celebration, S\u00e3o Br\u00e1s do Regedouro adapts to your needs with a blend of elegance, tradition, and authenticity.<\/p>\n<p data-start=\"313\" data-end=\"679\" data-is-last-node=\"\">With a stunning outdoor area and two beautifully designed indoor spaces, we provide the ideal backdrop to bring people together and create lasting memories. Beyond the venue itself, we offer a range of personalized services, including catering, makeup, photography, and more, ensuring that your event in the village is truly unique and unforgettable.<\/p>\n<\/div>\n                        <a class=\"btn btn-regedouro-laranja align-center mb-5 mb-md-0\" href=\"https:\/\/eventos.regedouro.com\">\n                Visit our Page            <\/a>\n                    <\/div>\n        \t\t\t<div class=\"col-lg-12 align-center imagens imagens-slider imagens-slider-simples\">\n\t\t\t\t<div class=\"carousel--main\">\n                    <img loading=\"lazy\" decoding=\"async\" width=\"1024\" height=\"684\" src=\"https:\/\/turismo.regedouro.com\/wp-content\/uploads\/2023\/06\/espaco-eventos-interno-1024x684.jpg\" class=\"attachment-large size-large\" alt=\"\" srcset=\"https:\/\/turismo.regedouro.com\/wp-content\/uploads\/2023\/06\/espaco-eventos-interno-1024x684.jpg 1024w, https:\/\/turismo.regedouro.com\/wp-content\/uploads\/2023\/06\/espaco-eventos-interno-300x200.jpg 300w, https:\/\/turismo.regedouro.com\/wp-content\/uploads\/2023\/06\/espaco-eventos-interno-768x513.jpg 768w, https:\/\/turismo.regedouro.com\/wp-content\/uploads\/2023\/06\/espaco-eventos-interno-1536x1025.jpg 1536w, https:\/\/turismo.regedouro.com\/wp-content\/uploads\/2023\/06\/espaco-eventos-interno-2048x1367.jpg 2048w\" sizes=\"auto, (max-width: 1024px) 100vw, 1024px\" \/><img loading=\"lazy\" decoding=\"async\" width=\"770\" height=\"1024\" src=\"https:\/\/turismo.regedouro.com\/wp-content\/uploads\/2023\/06\/espaco-externo-eventos-770x1024.jpg\" class=\"attachment-large size-large\" alt=\"\" srcset=\"https:\/\/turismo.regedouro.com\/wp-content\/uploads\/2023\/06\/espaco-externo-eventos-770x1024.jpg 770w, https:\/\/turismo.regedouro.com\/wp-content\/uploads\/2023\/06\/espaco-externo-eventos-226x300.jpg 226w, https:\/\/turismo.regedouro.com\/wp-content\/uploads\/2023\/06\/espaco-externo-eventos-768x1022.jpg 768w, https:\/\/turismo.regedouro.com\/wp-content\/uploads\/2023\/06\/espaco-externo-eventos-1155x1536.jpg 1155w, https:\/\/turismo.regedouro.com\/wp-content\/uploads\/2023\/06\/espaco-externo-eventos-1539x2048.jpg 1539w, https:\/\/turismo.regedouro.com\/wp-content\/uploads\/2023\/06\/espaco-externo-eventos-scaled.jpg 1924w\" sizes=\"auto, (max-width: 770px) 100vw, 770px\" \/><img loading=\"lazy\" decoding=\"async\" width=\"1024\" height=\"619\" src=\"https:\/\/turismo.regedouro.com\/wp-content\/uploads\/2023\/06\/eventos-inicial-1024x619.png\" class=\"attachment-large size-large\" alt=\"Alojamento - esplanada\" srcset=\"https:\/\/turismo.regedouro.com\/wp-content\/uploads\/2023\/06\/eventos-inicial-1024x619.png 1024w, https:\/\/turismo.regedouro.com\/wp-content\/uploads\/2023\/06\/eventos-inicial-300x181.png 300w, https:\/\/turismo.regedouro.com\/wp-content\/uploads\/2023\/06\/eventos-inicial-768x464.png 768w, https:\/\/turismo.regedouro.com\/wp-content\/uploads\/2023\/06\/eventos-inicial-1536x929.png 1536w, https:\/\/turismo.regedouro.com\/wp-content\/uploads\/2023\/06\/eventos-inicial.png 1900w\" sizes=\"auto, (max-width: 1024px) 100vw, 1024px\" \/><img loading=\"lazy\" decoding=\"async\" width=\"1024\" height=\"703\" src=\"https:\/\/turismo.regedouro.com\/wp-content\/uploads\/2023\/06\/imagem-evento-promocional-1024x703.jpg\" class=\"attachment-large size-large\" alt=\"\" srcset=\"https:\/\/turismo.regedouro.com\/wp-content\/uploads\/2023\/06\/imagem-evento-promocional-1024x703.jpg 1024w, https:\/\/turismo.regedouro.com\/wp-content\/uploads\/2023\/06\/imagem-evento-promocional-300x206.jpg 300w, https:\/\/turismo.regedouro.com\/wp-content\/uploads\/2023\/06\/imagem-evento-promocional-768x527.jpg 768w, https:\/\/turismo.regedouro.com\/wp-content\/uploads\/2023\/06\/imagem-evento-promocional-1536x1054.jpg 1536w, https:\/\/turismo.regedouro.com\/wp-content\/uploads\/2023\/06\/imagem-evento-promocional-2048x1406.jpg 2048w\" sizes=\"auto, (max-width: 1024px) 100vw, 1024px\" \/><img loading=\"lazy\" decoding=\"async\" width=\"1024\" height=\"683\" src=\"https:\/\/turismo.regedouro.com\/wp-content\/uploads\/2023\/06\/Casamento_MargaridaAndre-1004-1024x683.jpg\" class=\"attachment-large size-large\" alt=\"\" srcset=\"https:\/\/turismo.regedouro.com\/wp-content\/uploads\/2023\/06\/Casamento_MargaridaAndre-1004-1024x683.jpg 1024w, https:\/\/turismo.regedouro.com\/wp-content\/uploads\/2023\/06\/Casamento_MargaridaAndre-1004-300x200.jpg 300w, https:\/\/turismo.regedouro.com\/wp-content\/uploads\/2023\/06\/Casamento_MargaridaAndre-1004-768x513.jpg 768w, https:\/\/turismo.regedouro.com\/wp-content\/uploads\/2023\/06\/Casamento_MargaridaAndre-1004-1536x1025.jpg 1536w, https:\/\/turismo.regedouro.com\/wp-content\/uploads\/2023\/06\/Casamento_MargaridaAndre-1004-2048x1367.jpg 2048w\" sizes=\"auto, (max-width: 1024px) 100vw, 1024px\" \/><img loading=\"lazy\" decoding=\"async\" width=\"1024\" height=\"684\" src=\"https:\/\/turismo.regedouro.com\/wp-content\/uploads\/2023\/06\/Casamento_MargaridaAndre-107-1024x684.jpg\" class=\"attachment-large size-large\" alt=\"\" srcset=\"https:\/\/turismo.regedouro.com\/wp-content\/uploads\/2023\/06\/Casamento_MargaridaAndre-107-1024x684.jpg 1024w, https:\/\/turismo.regedouro.com\/wp-content\/uploads\/2023\/06\/Casamento_MargaridaAndre-107-300x200.jpg 300w, https:\/\/turismo.regedouro.com\/wp-content\/uploads\/2023\/06\/Casamento_MargaridaAndre-107-768x513.jpg 768w, https:\/\/turismo.regedouro.com\/wp-content\/uploads\/2023\/06\/Casamento_MargaridaAndre-107-1536x1025.jpg 1536w, https:\/\/turismo.regedouro.com\/wp-content\/uploads\/2023\/06\/Casamento_MargaridaAndre-107-2048x1367.jpg 2048w\" sizes=\"auto, (max-width: 1024px) 100vw, 1024px\" \/><img loading=\"lazy\" decoding=\"async\" width=\"1024\" height=\"680\" src=\"https:\/\/turismo.regedouro.com\/wp-content\/uploads\/2023\/06\/Carlos-Talita-296-1024x680.jpg\" class=\"attachment-large size-large\" alt=\"\" srcset=\"https:\/\/turismo.regedouro.com\/wp-content\/uploads\/2023\/06\/Carlos-Talita-296-1024x680.jpg 1024w, https:\/\/turismo.regedouro.com\/wp-content\/uploads\/2023\/06\/Carlos-Talita-296-300x199.jpg 300w, https:\/\/turismo.regedouro.com\/wp-content\/uploads\/2023\/06\/Carlos-Talita-296-768x510.jpg 768w, https:\/\/turismo.regedouro.com\/wp-content\/uploads\/2023\/06\/Carlos-Talita-296-1536x1021.jpg 1536w, https:\/\/turismo.regedouro.com\/wp-content\/uploads\/2023\/06\/Carlos-Talita-296-2048x1361.jpg 2048w\" sizes=\"auto, (max-width: 1024px) 100vw, 1024px\" \/><img loading=\"lazy\" decoding=\"async\" width=\"1024\" height=\"681\" src=\"https:\/\/turismo.regedouro.com\/wp-content\/uploads\/2023\/06\/Casamento_MargaridaAndre-1211-1024x681.jpg\" class=\"attachment-large size-large\" alt=\"\" srcset=\"https:\/\/turismo.regedouro.com\/wp-content\/uploads\/2023\/06\/Casamento_MargaridaAndre-1211-1024x681.jpg 1024w, https:\/\/turismo.regedouro.com\/wp-content\/uploads\/2023\/06\/Casamento_MargaridaAndre-1211-300x200.jpg 300w, https:\/\/turismo.regedouro.com\/wp-content\/uploads\/2023\/06\/Casamento_MargaridaAndre-1211-768x511.jpg 768w, https:\/\/turismo.regedouro.com\/wp-content\/uploads\/2023\/06\/Casamento_MargaridaAndre-1211-1536x1022.jpg 1536w, https:\/\/turismo.regedouro.com\/wp-content\/uploads\/2023\/06\/Casamento_MargaridaAndre-1211-2048x1363.jpg 2048w\" sizes=\"auto, (max-width: 1024px) 100vw, 1024px\" \/><img loading=\"lazy\" decoding=\"async\" width=\"1024\" height=\"683\" src=\"https:\/\/turismo.regedouro.com\/wp-content\/uploads\/2023\/06\/DSC09153-1024x683.jpg\" class=\"attachment-large size-large\" alt=\"\" srcset=\"https:\/\/turismo.regedouro.com\/wp-content\/uploads\/2023\/06\/DSC09153-1024x683.jpg 1024w, https:\/\/turismo.regedouro.com\/wp-content\/uploads\/2023\/06\/DSC09153-300x200.jpg 300w, https:\/\/turismo.regedouro.com\/wp-content\/uploads\/2023\/06\/DSC09153-768x512.jpg 768w, https:\/\/turismo.regedouro.com\/wp-content\/uploads\/2023\/06\/DSC09153-1536x1024.jpg 1536w, https:\/\/turismo.regedouro.com\/wp-content\/uploads\/2023\/06\/DSC09153-2048x1365.jpg 2048w\" sizes=\"auto, (max-width: 1024px) 100vw, 1024px\" \/><img loading=\"lazy\" decoding=\"async\" width=\"1024\" height=\"683\" src=\"https:\/\/turismo.regedouro.com\/wp-content\/uploads\/2023\/06\/DSC09155-1024x683.jpg\" class=\"attachment-large size-large\" alt=\"\" srcset=\"https:\/\/turismo.regedouro.com\/wp-content\/uploads\/2023\/06\/DSC09155-1024x683.jpg 1024w, https:\/\/turismo.regedouro.com\/wp-content\/uploads\/2023\/06\/DSC09155-300x200.jpg 300w, https:\/\/turismo.regedouro.com\/wp-content\/uploads\/2023\/06\/DSC09155-768x512.jpg 768w, https:\/\/turismo.regedouro.com\/wp-content\/uploads\/2023\/06\/DSC09155-1536x1024.jpg 1536w, https:\/\/turismo.regedouro.com\/wp-content\/uploads\/2023\/06\/DSC09155-2048x1365.jpg 2048w\" sizes=\"auto, (max-width: 1024px) 100vw, 1024px\" \/><img loading=\"lazy\" decoding=\"async\" width=\"1024\" height=\"683\" src=\"https:\/\/turismo.regedouro.com\/wp-content\/uploads\/2023\/06\/DSC09170-1024x683.jpg\" class=\"attachment-large size-large\" alt=\"\" srcset=\"https:\/\/turismo.regedouro.com\/wp-content\/uploads\/2023\/06\/DSC09170-1024x683.jpg 1024w, https:\/\/turismo.regedouro.com\/wp-content\/uploads\/2023\/06\/DSC09170-300x200.jpg 300w, https:\/\/turismo.regedouro.com\/wp-content\/uploads\/2023\/06\/DSC09170-768x512.jpg 768w, https:\/\/turismo.regedouro.com\/wp-content\/uploads\/2023\/06\/DSC09170-1536x1024.jpg 1536w, https:\/\/turismo.regedouro.com\/wp-content\/uploads\/2023\/06\/DSC09170-2048x1365.jpg 2048w\" sizes=\"auto, (max-width: 1024px) 100vw, 1024px\" \/><img loading=\"lazy\" decoding=\"async\" width=\"1024\" height=\"683\" src=\"https:\/\/turismo.regedouro.com\/wp-content\/uploads\/2023\/06\/DSC09381-1024x683.jpg\" class=\"attachment-large size-large\" alt=\"\" srcset=\"https:\/\/turismo.regedouro.com\/wp-content\/uploads\/2023\/06\/DSC09381-1024x683.jpg 1024w, https:\/\/turismo.regedouro.com\/wp-content\/uploads\/2023\/06\/DSC09381-300x200.jpg 300w, https:\/\/turismo.regedouro.com\/wp-content\/uploads\/2023\/06\/DSC09381-768x512.jpg 768w, https:\/\/turismo.regedouro.com\/wp-content\/uploads\/2023\/06\/DSC09381-1536x1024.jpg 1536w, https:\/\/turismo.regedouro.com\/wp-content\/uploads\/2023\/06\/DSC09381-2048x1365.jpg 2048w\" sizes=\"auto, (max-width: 1024px) 100vw, 1024px\" \/><img loading=\"lazy\" decoding=\"async\" width=\"1024\" height=\"683\" src=\"https:\/\/turismo.regedouro.com\/wp-content\/uploads\/2023\/06\/DSC09389-1024x683.jpg\" class=\"attachment-large size-large\" alt=\"alojamento - esplanada lateral\" srcset=\"https:\/\/turismo.regedouro.com\/wp-content\/uploads\/2023\/06\/DSC09389-1024x683.jpg 1024w, https:\/\/turismo.regedouro.com\/wp-content\/uploads\/2023\/06\/DSC09389-300x200.jpg 300w, https:\/\/turismo.regedouro.com\/wp-content\/uploads\/2023\/06\/DSC09389-768x512.jpg 768w, https:\/\/turismo.regedouro.com\/wp-content\/uploads\/2023\/06\/DSC09389-1536x1024.jpg 1536w, https:\/\/turismo.regedouro.com\/wp-content\/uploads\/2023\/06\/DSC09389-2048x1365.jpg 2048w\" sizes=\"auto, (max-width: 1024px) 100vw, 1024px\" \/>\t\t\t\t<\/div>\n\t\t\t<\/div>\n\t\t    <\/div>\n<\/div>","protected":false},"excerpt":{"rendered":"<p>Memorable Events in the Alentejan Village<\/p>\n","protected":false},"author":1,"featured_media":696,"parent":0,"menu_order":0,"comment_status":"closed","ping_status":"closed","template":"","meta":{"_acf_changed":false,"_joinchat":[],"footnotes":""},"class_list":["post-147","page","type-page","status-publish","has-post-thumbnail"],"acf":[],"yoast_head":"<!-- This site is optimized with the Yoast SEO plugin v27.4 - https:\/\/yoast.com\/product\/yoast-seo-wordpress\/ -->\n<title>Eventos Com Sabor Alentejano - S\u00e3o Br\u00e1s do Regedouro<\/title>\n<meta name=\"description\" content=\"O nosso espa\u00e7o para eventos \u00e9 verdadeiramente encantador e adapta-se perfeitamente \u00e0 qualquer tipo de evento.\" \/>\n<meta name=\"robots\" content=\"index, follow, max-snippet:-1, max-image-preview:large, max-video-preview:-1\" \/>\n<link rel=\"canonical\" href=\"https:\/\/turismo.regedouro.com\/en\/event\/\" \/>\n<meta property=\"og:locale\" content=\"en_US\" \/>\n<meta property=\"og:type\" content=\"article\" \/>\n<meta property=\"og:title\" content=\"Eventos Com Sabor Alentejano - S\u00e3o Br\u00e1s do Regedouro\" \/>\n<meta property=\"og:description\" content=\"O nosso espa\u00e7o para eventos \u00e9 verdadeiramente encantador e adapta-se perfeitamente \u00e0 qualquer tipo de evento.\" \/>\n<meta property=\"og:url\" content=\"https:\/\/turismo.regedouro.com\/en\/event\/\" \/>\n<meta property=\"og:site_name\" content=\"S\u00e3o Br\u00e1s do Regedouro\" \/>\n<meta property=\"article:publisher\" content=\"https:\/\/www.facebook.com\/saobrasdoregedouro\" \/>\n<meta property=\"article:modified_time\" content=\"2025-02-17T14:00:06+00:00\" \/>\n<meta property=\"og:image\" content=\"https:\/\/turismo.regedouro.com\/wp-content\/uploads\/2023\/07\/DSC3966edit.jpg\" \/>\n\t<meta property=\"og:image:width\" content=\"1171\" \/>\n\t<meta property=\"og:image:height\" content=\"1118\" \/>\n\t<meta property=\"og:image:type\" content=\"image\/jpeg\" \/>\n<meta name=\"twitter:card\" content=\"summary_large_image\" \/>\n<meta name=\"twitter:label1\" content=\"Est. reading time\" \/>\n\t<meta name=\"twitter:data1\" content=\"1 minute\" \/>\n<script type=\"application\/ld+json\" class=\"yoast-schema-graph\">{\"@context\":\"https:\\\/\\\/schema.org\",\"@graph\":[{\"@type\":\"WebPage\",\"@id\":\"https:\\\/\\\/turismo.regedouro.com\\\/en\\\/event\\\/\",\"url\":\"https:\\\/\\\/turismo.regedouro.com\\\/en\\\/event\\\/\",\"name\":\"Eventos Com Sabor Alentejano - S\u00e3o Br\u00e1s do Regedouro\",\"isPartOf\":{\"@id\":\"https:\\\/\\\/turismo.regedouro.com\\\/#website\"},\"primaryImageOfPage\":{\"@id\":\"https:\\\/\\\/turismo.regedouro.com\\\/en\\\/event\\\/#primaryimage\"},\"image\":{\"@id\":\"https:\\\/\\\/turismo.regedouro.com\\\/en\\\/event\\\/#primaryimage\"},\"thumbnailUrl\":\"https:\\\/\\\/turismo.regedouro.com\\\/wp-content\\\/uploads\\\/2023\\\/07\\\/DSC3966edit.jpg\",\"datePublished\":\"2023-06-15T11:54:21+00:00\",\"dateModified\":\"2025-02-17T14:00:06+00:00\",\"description\":\"O nosso espa\u00e7o para eventos \u00e9 verdadeiramente encantador e adapta-se perfeitamente \u00e0 qualquer tipo de evento.\",\"breadcrumb\":{\"@id\":\"https:\\\/\\\/turismo.regedouro.com\\\/en\\\/event\\\/#breadcrumb\"},\"inLanguage\":\"en-US\",\"potentialAction\":[{\"@type\":\"ReadAction\",\"target\":[\"https:\\\/\\\/turismo.regedouro.com\\\/en\\\/event\\\/\"]}]},{\"@type\":\"ImageObject\",\"inLanguage\":\"en-US\",\"@id\":\"https:\\\/\\\/turismo.regedouro.com\\\/en\\\/event\\\/#primaryimage\",\"url\":\"https:\\\/\\\/turismo.regedouro.com\\\/wp-content\\\/uploads\\\/2023\\\/07\\\/DSC3966edit.jpg\",\"contentUrl\":\"https:\\\/\\\/turismo.regedouro.com\\\/wp-content\\\/uploads\\\/2023\\\/07\\\/DSC3966edit.jpg\",\"width\":1171,\"height\":1118},{\"@type\":\"BreadcrumbList\",\"@id\":\"https:\\\/\\\/turismo.regedouro.com\\\/en\\\/event\\\/#breadcrumb\",\"itemListElement\":[{\"@type\":\"ListItem\",\"position\":1,\"name\":\"Home\",\"item\":\"https:\\\/\\\/turismo.regedouro.com\\\/es\\\/\"},{\"@type\":\"ListItem\",\"position\":2,\"name\":\"Eventos\"}]},{\"@type\":\"WebSite\",\"@id\":\"https:\\\/\\\/turismo.regedouro.com\\\/#website\",\"url\":\"https:\\\/\\\/turismo.regedouro.com\\\/\",\"name\":\"S\u00e3o Br\u00e1s do Regedouro - Turismo na Aldeia\",\"description\":\"Turismo na Aldeia\",\"publisher\":{\"@id\":\"https:\\\/\\\/turismo.regedouro.com\\\/#organization\"},\"potentialAction\":[{\"@type\":\"SearchAction\",\"target\":{\"@type\":\"EntryPoint\",\"urlTemplate\":\"https:\\\/\\\/turismo.regedouro.com\\\/?s={search_term_string}\"},\"query-input\":{\"@type\":\"PropertyValueSpecification\",\"valueRequired\":true,\"valueName\":\"search_term_string\"}}],\"inLanguage\":\"en-US\"},{\"@type\":\"Organization\",\"@id\":\"https:\\\/\\\/turismo.regedouro.com\\\/#organization\",\"name\":\"S\u00e3o Br\u00e1s do Regedouro - Turismo na Aldeia\",\"url\":\"https:\\\/\\\/turismo.regedouro.com\\\/\",\"logo\":{\"@type\":\"ImageObject\",\"inLanguage\":\"en-US\",\"@id\":\"https:\\\/\\\/turismo.regedouro.com\\\/#\\\/schema\\\/logo\\\/image\\\/\",\"url\":\"https:\\\/\\\/turismo.regedouro.com\\\/wp-content\\\/uploads\\\/2023\\\/06\\\/cropped-Horizontal_Azul-1.png\",\"contentUrl\":\"https:\\\/\\\/turismo.regedouro.com\\\/wp-content\\\/uploads\\\/2023\\\/06\\\/cropped-Horizontal_Azul-1.png\",\"width\":512,\"height\":512,\"caption\":\"S\u00e3o Br\u00e1s do Regedouro - Turismo na Aldeia\"},\"image\":{\"@id\":\"https:\\\/\\\/turismo.regedouro.com\\\/#\\\/schema\\\/logo\\\/image\\\/\"},\"sameAs\":[\"https:\\\/\\\/www.facebook.com\\\/saobrasdoregedouro\",\"https:\\\/\\\/www.instagram.com\\\/saobrasdoregedouro\\\/\"]}]}<\/script>\n<!-- \/ Yoast SEO plugin. -->","yoast_head_json":{"title":"Eventos Com Sabor Alentejano - S\u00e3o Br\u00e1s do Regedouro","description":"O nosso espa\u00e7o para eventos \u00e9 verdadeiramente encantador e adapta-se perfeitamente \u00e0 qualquer tipo de evento.","robots":{"index":"index","follow":"follow","max-snippet":"max-snippet:-1","max-image-preview":"max-image-preview:large","max-video-preview":"max-video-preview:-1"},"canonical":"https:\/\/turismo.regedouro.com\/en\/event\/","og_locale":"en_US","og_type":"article","og_title":"Eventos Com Sabor Alentejano - S\u00e3o Br\u00e1s do Regedouro","og_description":"O nosso espa\u00e7o para eventos \u00e9 verdadeiramente encantador e adapta-se perfeitamente \u00e0 qualquer tipo de evento.","og_url":"https:\/\/turismo.regedouro.com\/en\/event\/","og_site_name":"S\u00e3o Br\u00e1s do Regedouro","article_publisher":"https:\/\/www.facebook.com\/saobrasdoregedouro","article_modified_time":"2025-02-17T14:00:06+00:00","og_image":[{"width":1171,"height":1118,"url":"https:\/\/turismo.regedouro.com\/wp-content\/uploads\/2023\/07\/DSC3966edit.jpg","type":"image\/jpeg"}],"twitter_card":"summary_large_image","twitter_misc":{"Est. reading time":"1 minute"},"schema":{"@context":"https:\/\/schema.org","@graph":[{"@type":"WebPage","@id":"https:\/\/turismo.regedouro.com\/en\/event\/","url":"https:\/\/turismo.regedouro.com\/en\/event\/","name":"Eventos Com Sabor Alentejano - S\u00e3o Br\u00e1s do Regedouro","isPartOf":{"@id":"https:\/\/turismo.regedouro.com\/#website"},"primaryImageOfPage":{"@id":"https:\/\/turismo.regedouro.com\/en\/event\/#primaryimage"},"image":{"@id":"https:\/\/turismo.regedouro.com\/en\/event\/#primaryimage"},"thumbnailUrl":"https:\/\/turismo.regedouro.com\/wp-content\/uploads\/2023\/07\/DSC3966edit.jpg","datePublished":"2023-06-15T11:54:21+00:00","dateModified":"2025-02-17T14:00:06+00:00","description":"O nosso espa\u00e7o para eventos \u00e9 verdadeiramente encantador e adapta-se perfeitamente \u00e0 qualquer tipo de evento.","breadcrumb":{"@id":"https:\/\/turismo.regedouro.com\/en\/event\/#breadcrumb"},"inLanguage":"en-US","potentialAction":[{"@type":"ReadAction","target":["https:\/\/turismo.regedouro.com\/en\/event\/"]}]},{"@type":"ImageObject","inLanguage":"en-US","@id":"https:\/\/turismo.regedouro.com\/en\/event\/#primaryimage","url":"https:\/\/turismo.regedouro.com\/wp-content\/uploads\/2023\/07\/DSC3966edit.jpg","contentUrl":"https:\/\/turismo.regedouro.com\/wp-content\/uploads\/2023\/07\/DSC3966edit.jpg","width":1171,"height":1118},{"@type":"BreadcrumbList","@id":"https:\/\/turismo.regedouro.com\/en\/event\/#breadcrumb","itemListElement":[{"@type":"ListItem","position":1,"name":"Home","item":"https:\/\/turismo.regedouro.com\/es\/"},{"@type":"ListItem","position":2,"name":"Eventos"}]},{"@type":"WebSite","@id":"https:\/\/turismo.regedouro.com\/#website","url":"https:\/\/turismo.regedouro.com\/","name":"S\u00e3o Br\u00e1s do Regedouro - Turismo na Aldeia","description":"Turismo na Aldeia","publisher":{"@id":"https:\/\/turismo.regedouro.com\/#organization"},"potentialAction":[{"@type":"SearchAction","target":{"@type":"EntryPoint","urlTemplate":"https:\/\/turismo.regedouro.com\/?s={search_term_string}"},"query-input":{"@type":"PropertyValueSpecification","valueRequired":true,"valueName":"search_term_string"}}],"inLanguage":"en-US"},{"@type":"Organization","@id":"https:\/\/turismo.regedouro.com\/#organization","name":"S\u00e3o Br\u00e1s do Regedouro - Turismo na Aldeia","url":"https:\/\/turismo.regedouro.com\/","logo":{"@type":"ImageObject","inLanguage":"en-US","@id":"https:\/\/turismo.regedouro.com\/#\/schema\/logo\/image\/","url":"https:\/\/turismo.regedouro.com\/wp-content\/uploads\/2023\/06\/cropped-Horizontal_Azul-1.png","contentUrl":"https:\/\/turismo.regedouro.com\/wp-content\/uploads\/2023\/06\/cropped-Horizontal_Azul-1.png","width":512,"height":512,"caption":"S\u00e3o Br\u00e1s do Regedouro - Turismo na Aldeia"},"image":{"@id":"https:\/\/turismo.regedouro.com\/#\/schema\/logo\/image\/"},"sameAs":["https:\/\/www.facebook.com\/saobrasdoregedouro","https:\/\/www.instagram.com\/saobrasdoregedouro\/"]}]}},"_links":{"self":[{"href":"https:\/\/turismo.regedouro.com\/en\/wp-json\/wp\/v2\/pages\/147","targetHints":{"allow":["GET"]}}],"collection":[{"href":"https:\/\/turismo.regedouro.com\/en\/wp-json\/wp\/v2\/pages"}],"about":[{"href":"https:\/\/turismo.regedouro.com\/en\/wp-json\/wp\/v2\/types\/page"}],"author":[{"embeddable":true,"href":"https:\/\/turismo.regedouro.com\/en\/wp-json\/wp\/v2\/users\/1"}],"replies":[{"embeddable":true,"href":"https:\/\/turismo.regedouro.com\/en\/wp-json\/wp\/v2\/comments?post=147"}],"version-history":[{"count":80,"href":"https:\/\/turismo.regedouro.com\/en\/wp-json\/wp\/v2\/pages\/147\/revisions"}],"predecessor-version":[{"id":2295,"href":"https:\/\/turismo.regedouro.com\/en\/wp-json\/wp\/v2\/pages\/147\/revisions\/2295"}],"wp:featuredmedia":[{"embeddable":true,"href":"https:\/\/turismo.regedouro.com\/en\/wp-json\/wp\/v2\/media\/696"}],"wp:attachment":[{"href":"https:\/\/turismo.regedouro.com\/en\/wp-json\/wp\/v2\/media?parent=147"}],"curies":[{"name":"wp","href":"https:\/\/api.w.org\/{rel}","templated":true}]}}